{"id":724517,"date":"2025-08-27T19:35:45","date_gmt":"2025-08-27T16:35:45","guid":{"rendered":"https:\/\/roveyayinevi.com.tr\/index.php\/urun\/yaslilik-sosyolojisi\/"},"modified":"2026-04-16T02:32:23","modified_gmt":"2026-04-15T23:32:23","slug":"yaslilik-sosyolojisi","status":"publish","type":"product","link":"https:\/\/roveyayinevi.com.tr\/index.php\/urun\/yaslilik-sosyolojisi\/","title":{"rendered":"Ya\u015fl\u0131l\u0131k Sosyolojisi"},"content":{"rendered":"<p>Ya\u015fam sosyal bir ger\u00e7ekliktir. \u0130\u00e7erisinde \u00e7e\u015fitli s\u00fcre\u00e7ler vard\u0131r. Bunlardan biri de ya\u015fl\u0131l\u0131k d\u00f6nemidir. Ya\u015fl\u0131l\u0131k sosyolojisi ise bu d\u00f6neminde olacak ya\u015fanan olaylar\u0131 inceler ve \u00e7e\u015fitli konular\u0131 kapsar. Bu \u00e7al\u0131\u015fma Ya\u015fl\u0131l\u0131k Sosyolojisi ba\u015fl\u0131\u011f\u0131 alt\u0131nda yeti\u015fkinlerde zaman kullan\u0131m teori ve analizleri (\u0130ran\u2019da) \u015feklinde haz\u0131rlanm\u0131\u015ft\u0131r. Kitap \u00e7al\u0131\u015fmas\u0131 a\u015fa\u011f\u0131daki \u015fekilde 10 b\u00f6l\u00fcmden olu\u015fmaktad\u0131r:1.B\u00f6l\u00fcm: Temel kavramlar2.B\u00f6l\u00fcm: D\u00fcnyada ya\u015fl\u0131 n\u00fcfusu3.B\u00f6l\u00fcm: Ya\u015fl\u0131lar\u0131 korumak nedeni ve \u00f6nemi4.B\u00f6l\u00fcm: Ya\u015fl\u0131lar\u0131n zaman kullan\u0131m\u01315.B\u00f6l\u00fcm: Bo\u015f zamanda, zaman\u0131 de\u011ferlendirmenin tarihi ge\u00e7mi\u015fi6.B\u00f6l\u00fcm: Kurumsal \u00e7er\u00e7eve7.B\u00f6l\u00fcm: Zaman Kullan\u0131m\u0131na Vurgu Yaparak Ya\u015flanma Analizinin Genel Modelleri8.B\u00f6l\u00fcm: \u0130ran\u2019da ya\u015fl\u0131lar\u0131n zaman de\u011ferlendireme durumu9.B\u00f6l\u00fcm: Konuyla \u0130lgili Ara\u015ft\u0131rma Bulgular\u0131n\u0131n \u0130ncelenmesi10.B\u00f6l\u00fcm: Konuyla ilgili uygulamal\u0131 bir ara\u015ft\u0131rmaBu \u00e7al\u0131\u015fman\u0131n Sosyoloji ve Sosyal Hizmet \u00d6\u011frencilerine faydal\u0131 olmas\u0131n\u0131 diliyorum.<\/p>\n","protected":false},"excerpt":{"rendered":"<p>Ya\u015fam sosyal bir ger\u00e7ekliktir. \u0130\u00e7erisinde \u00e7e\u015fitli s\u00fcre\u00e7ler vard\u0131r. Bunlardan biri de ya\u015fl\u0131l\u0131k d\u00f6nemidir. Ya\u015fl\u0131l\u0131k sosyolojisi ise bu d\u00f6neminde olacak ya\u015fanan olaylar\u0131 inceler ve \u00e7e\u015fitli konular\u0131 kapsar.<span class=\"excerpt-hellip\"> [\u2026]<\/span><\/p>\n","protected":false},"featured_media":0,"template":"","meta":{"_monsterinsights_skip_tracking":false,"_monsterinsights_sitenote_active":false,"_monsterinsights_sitenote_note":"","_monsterinsights_sitenote_category":0},"product_brand":[],"product_cat":[12835,12324],"product_tag":[],"class_list":{"0":"post-724517","1":"product","2":"type-product","3":"status-publish","5":"product_cat-genel-sosyoloji","6":"product_cat-sosyoloji","7":"pa_cilt-ciltsiz","8":"pa_tur-kitap","9":"pa_yayinevi-astana-yayinlari","10":"pa_yazar-ahmad-jabbari","12":"first","13":"instock","14":"sale","15":"shipping-taxable","16":"purchasable","17":"product-type-simple"},"_links":{"self":[{"href":"https:\/\/roveyayinevi.com.tr\/index.php\/wp-json\/wp\/v2\/product\/724517","targetHints":{"allow":["GET"]}}],"collection":[{"href":"https:\/\/roveyayinevi.com.tr\/index.php\/wp-json\/wp\/v2\/product"}],"about":[{"href":"https:\/\/roveyayinevi.com.tr\/index.php\/wp-json\/wp\/v2\/types\/product"}],"wp:attachment":[{"href":"https:\/\/roveyayinevi.com.tr\/index.php\/wp-json\/wp\/v2\/media?parent=724517"}],"wp:term":[{"taxonomy":"product_brand","embeddable":true,"href":"https:\/\/roveyayinevi.com.tr\/index.php\/wp-json\/wp\/v2\/product_brand?post=724517"},{"taxonomy":"product_cat","embeddable":true,"href":"https:\/\/roveyayinevi.com.tr\/index.php\/wp-json\/wp\/v2\/product_cat?post=724517"},{"taxonomy":"product_tag","embeddable":true,"href":"https:\/\/roveyayinevi.com.tr\/index.php\/wp-json\/wp\/v2\/product_tag?post=724517"}],"curies":[{"name":"wp","href":"https:\/\/api.w.org\/{rel}","templated":true}]}}