{"id":724132,"date":"2025-08-27T19:29:51","date_gmt":"2025-08-27T16:29:51","guid":{"rendered":"https:\/\/roveyayinevi.com.tr\/index.php\/urun\/osman-beg\/"},"modified":"2026-04-16T02:31:56","modified_gmt":"2026-04-15T23:31:56","slug":"osman-beg","status":"publish","type":"product","link":"https:\/\/roveyayinevi.com.tr\/index.php\/urun\/osman-beg\/","title":{"rendered":"Osman Beg"},"content":{"rendered":"<p>B\u0130R D\u00dcNYA \u0130MPARATORLU\u011eUNUNKAR\u0130ZMAT\u0130K KURUCUSU: OSMAN BEG\u2026Osman Beg karizmatik bir lider olarak ortaya \u00e7\u0131kmadan \u00f6nce, mevcut ko\u015fullar ve co\u011frafi ortam nas\u0131ld\u0131? Ailesiyle, yolda\u015flar\u0131yla ve di\u011fer unsurlarla nas\u0131l bir ili\u015fkisi vard\u0131? Bey olarak se\u00e7ilmesinde ne gibi etkenler belirleyici olmu\u015ftu? Asker\u00ee faaliyetlerinde geli\u015ftirdi\u011fi stratejiler nelerdi ve gaz\u00eelikle alpl\u0131\u011f\u0131 \u015fahs\u0131nda nas\u0131l birle\u015ftirmi\u015fti? Osman Beg, her y\u00f6n\u00fcyle ba\u011f\u0131ms\u0131z bir beylik kurarken nelere \u00f6nem vermi\u015fti? Nas\u0131l bir kurumsal yap\u0131lanmay\u0131 ve n\u00fcfus politikas\u0131n\u0131 benimsemi\u015fti? Bizans saray tarih\u00e7ilerinin bile dikkatini \u00e7ekmi\u015f olan b\u00fcy\u00fck icraatlar\u0131 ni\u00e7in Sel\u00e7uklu kamuoyunda \u00e2deta g\u00f6rmezden gelinmi\u015f ve pek kayda de\u011fer bulunmam\u0131\u015ft\u0131?Osmanl\u0131 kurulu\u015f ve y\u00fckselme d\u00f6nemleri, asker\u00ee ve idar\u00ee kurumlar\u0131 ve Osmanl\u0131 padi\u015fahlar\u0131 gibi meseleler \u00fczerinde ara\u015ft\u0131rmalar yapan U\u011fur Altu\u011f, kariyerinin hen\u00fcz ba\u015f\u0131nda Osmanl\u0131 erken devirlerine ait ar\u015fiv belgeleri \u00fczerine yo\u011funla\u015farak, hocas\u0131 Halil \u0130nalc\u0131k ve Evgeni Radushev\u2019le birlikte, pe\u015f pe\u015fe imparatorlu\u011fun en eski tahrir defterlerinin yay\u0131n\u0131na imza att\u0131. \u0130nalc\u0131k\u2019\u0131n Osmanl\u0131 Devleti\u2019nin kurulu\u015f s\u00fcrecinin cereyan etti\u011fi sahalarda 2000\u2019li y\u0131llarda yapt\u0131\u011f\u0131 toponomi \u00e7al\u0131\u015fmalar\u0131nda da haz\u0131r bulundu. Elinizdeki kitapta Do\u00e7. Dr. U\u011fur Altu\u011f\u2019un \u00f6\u011frencilik y\u0131llar\u0131ndan beri cazibesine kap\u0131ld\u0131\u011f\u0131 Osman Beg efsanesi, ar\u015fiv belgeleri ile en arkaik ve modern kaynaklardan yararlan\u0131larak zaman, mek\u00e2n, ortam, karizma kavram\u0131 ve kurumsal yap\u0131lanma s\u00fcre\u00e7leri \u00e7er\u00e7evesinde inceleniyor. Sevk ve idare yetene\u011fi, at\u0131lganl\u0131k, cesaret, \u00f6ng\u00f6r\u00fc, sa\u011fduyu gibi \u00f6zellikleri ve donan\u0131m\u0131 sayesinde Osman Beg\u2019in, karizmatik otoriter ki\u015fili\u011fi ile kendisine \u00e7ekti\u011fi kitlelere nas\u0131l yeni bir ruh ve heyecan verdi\u011fi g\u00f6zler \u00f6n\u00fcne seriliyor.\u201cOsman Beg\u201d, t\u00fcm okuyucular\u0131 Osmanl\u0131 \u0130mparatorlu\u011fu\u2019nun tohumlar\u0131n\u0131n at\u0131ld\u0131\u011f\u0131 zamanlara g\u00f6t\u00fcr\u00fcyor&#8230;<\/p>\n","protected":false},"excerpt":{"rendered":"<p>B\u0130R D\u00dcNYA \u0130MPARATORLU\u011eUNUNKAR\u0130ZMAT\u0130K KURUCUSU: OSMAN BEG\u2026Osman Beg karizmatik bir lider olarak ortaya \u00e7\u0131kmadan \u00f6nce, mevcut ko\u015fullar ve co\u011frafi ortam nas\u0131ld\u0131? Ailesiyle, yolda\u015flar\u0131yla ve di\u011fer unsurlarla nas\u0131l<span class=\"excerpt-hellip\"> [\u2026]<\/span><\/p>\n","protected":false},"featured_media":0,"template":"","meta":{"_monsterinsights_skip_tracking":false,"_monsterinsights_sitenote_active":false,"_monsterinsights_sitenote_note":"","_monsterinsights_sitenote_category":0},"product_brand":[],"product_cat":[13517,12304],"product_tag":[],"class_list":{"0":"post-724132","1":"product","2":"type-product","3":"status-publish","5":"product_cat-osmanli-tarihi","6":"product_cat-tarih","7":"pa_cilt-ciltsiz","8":"pa_tur-kitap","9":"pa_yayinevi-kronik-kitap","10":"pa_yazar-ugur-altug","12":"first","13":"instock","14":"sale","15":"shipping-taxable","16":"purchasable","17":"product-type-simple"},"_links":{"self":[{"href":"https:\/\/roveyayinevi.com.tr\/index.php\/wp-json\/wp\/v2\/product\/724132","targetHints":{"allow":["GET"]}}],"collection":[{"href":"https:\/\/roveyayinevi.com.tr\/index.php\/wp-json\/wp\/v2\/product"}],"about":[{"href":"https:\/\/roveyayinevi.com.tr\/index.php\/wp-json\/wp\/v2\/types\/product"}],"wp:attachment":[{"href":"https:\/\/roveyayinevi.com.tr\/index.php\/wp-json\/wp\/v2\/media?parent=724132"}],"wp:term":[{"taxonomy":"product_brand","embeddable":true,"href":"https:\/\/roveyayinevi.com.tr\/index.php\/wp-json\/wp\/v2\/product_brand?post=724132"},{"taxonomy":"product_cat","embeddable":true,"href":"https:\/\/roveyayinevi.com.tr\/index.php\/wp-json\/wp\/v2\/product_cat?post=724132"},{"taxonomy":"product_tag","embeddable":true,"href":"https:\/\/roveyayinevi.com.tr\/index.php\/wp-json\/wp\/v2\/product_tag?post=724132"}],"curies":[{"name":"wp","href":"https:\/\/api.w.org\/{rel}","templated":true}]}}