{"id":723989,"date":"2025-08-27T19:28:01","date_gmt":"2025-08-27T16:28:01","guid":{"rendered":"https:\/\/roveyayinevi.com.tr\/index.php\/urun\/amerikanin-balkan-savaslarinda-medya-gucu\/"},"modified":"2026-04-16T02:31:53","modified_gmt":"2026-04-15T23:31:53","slug":"amerikanin-balkan-savaslarinda-medya-gucu","status":"publish","type":"product","link":"https:\/\/roveyayinevi.com.tr\/index.php\/urun\/amerikanin-balkan-savaslarinda-medya-gucu\/","title":{"rendered":"Amerika\u2019n\u0131n Balkan Sava\u015flar\u0131\u2019nda Medya G\u00fcc\u00fc"},"content":{"rendered":"<p>Balkan Sava\u015flar\u0131, T\u00fcrk tarihi ve d\u00fcnya tarihi a\u00e7\u0131s\u0131ndan \u00f6nemli bir sava\u015f olmu\u015ftur. 20. y\u00fczy\u0131l\u0131n ba\u015flar\u0131nda Balkan Devletleri topraklar\u0131n\u0131 geni\u015fletmek istemi\u015fti. Bu ama\u00e7la Balkan Devletleri kendi aralar\u0131nda ittifak yapm\u0131\u015ft\u0131. B\u00fcy\u00fck G\u00fc\u00e7lerin s\u00f6zde sava\u015fa engel olma \u00e7abalar\u0131 sava\u015f\u0131n ba\u015flamas\u0131na mani olamam\u0131\u015ft\u0131. B\u00fcy\u00fck G\u00fc\u00e7ler, Balkan m\u00fcttefikleri aras\u0131nda menfaat \u00e7at\u0131\u015fmas\u0131 olmas\u0131ndan ve sava\u015f\u0131n Avrupa\u2019y\u0131 da i\u00e7ine alacak bir sava\u015f\u0131 ba\u015flatmas\u0131ndan \u00e7ekinerek arabuluculuk g\u00f6revi \u00fcstlenmeye karar vermi\u015ftir. Birinci Balkan Sava\u015f\u0131 sonunda Balkan m\u00fcttefikleri, Osmanl\u0131 Devleti i\u00e7in \u00f6nemli stratejik b\u00f6lgeleri ele ge\u00e7irmi\u015fti. Balkan m\u00fcttefiklerinin \u0130stanbul\u2019un yak\u0131nlar\u0131na kadar ilerlemesi Osmanl\u0131 Devleti\u2019ni tedirgin etmi\u015fti. Bu geli\u015fmeler sebebiyle Osmanl\u0131 Devleti bar\u0131\u015f yapmak zorunda kalm\u0131\u015ft\u0131. Balkan m\u00fct-tefikleri elde ettikleri topraklar\u0131n payla\u015f\u0131m\u0131 konusunda birbirine d\u00fc\u015fm\u00fc\u015ft\u00fc. Balkan devletlerinin toprak payla\u015f\u0131m\u0131 konusunda ya\u015fad\u0131\u011f\u0131 problemler \u0130kinci Balkan Sava\u015f\u0131\u2019n\u0131 ba\u015flatm\u0131\u015ft\u0131. Osmanl\u0131 Devleti, B\u00fcy\u00fck G\u00fc\u00e7lerin bask\u0131 ve uyar\u0131lar\u0131na ra\u011fmen kaybetti\u011fi topraklar\u0131n bir k\u0131sm\u0131n\u0131 almay\u0131 ba\u015farm\u0131\u015ft\u0131. Amerika Birle\u015fik Devletleri, Osmanl\u0131 Devleti ile herhangi bir s\u0131n\u0131r\u0131 bulunmamas\u0131na ra\u011fmen Balkan co\u011frafyas\u0131ndaki \u00e7\u0131karlar\u0131 sebebiyle Balkan Sava\u015f\u0131\u2019yla olduk\u00e7a yak\u0131ndan ilgilenmi\u015fti. Balkan co\u011frafyas\u0131ndaki geli\u015fmeler gazeteler arac\u0131\u011f\u0131yla Amerikan kamuoyuyla payla\u015f\u0131lm\u0131\u015ft\u0131r. \u00c7al\u0131\u015fmam\u0131z Amerika\u2019n\u0131n tan\u0131nm\u0131\u015f gazetelerinden The New York Times gazetesinin, Balkan co\u011frafyas\u0131nda ya\u015fanan geli\u015fmeleri nas\u0131l de\u011ferlendirdi\u011fini ve Amerikan kamuoyu ile nas\u0131l payla\u015ft\u0131\u011f\u0131n\u0131 ortaya koymaktad\u0131r.<\/p>\n","protected":false},"excerpt":{"rendered":"<p>Balkan Sava\u015flar\u0131, T\u00fcrk tarihi ve d\u00fcnya tarihi a\u00e7\u0131s\u0131ndan \u00f6nemli bir sava\u015f olmu\u015ftur. 20. y\u00fczy\u0131l\u0131n ba\u015flar\u0131nda Balkan Devletleri topraklar\u0131n\u0131 geni\u015fletmek istemi\u015fti. Bu ama\u00e7la Balkan Devletleri kendi aralar\u0131nda<span class=\"excerpt-hellip\"> [\u2026]<\/span><\/p>\n","protected":false},"featured_media":0,"template":"","meta":{"_monsterinsights_skip_tracking":false,"_monsterinsights_sitenote_active":false,"_monsterinsights_sitenote_note":"","_monsterinsights_sitenote_category":0},"product_brand":[],"product_cat":[12370,12304],"product_tag":[],"class_list":{"0":"post-723989","1":"product","2":"type-product","3":"status-publish","5":"product_cat-arastirma-inceleme","6":"product_cat-tarih","7":"pa_cilt-ciltsiz","8":"pa_tur-kitap","9":"pa_yayinevi-ilkim-ozan-yayinlari","10":"pa_yazar-kolektif","12":"first","13":"instock","14":"sale","15":"shipping-taxable","16":"purchasable","17":"product-type-simple"},"_links":{"self":[{"href":"https:\/\/roveyayinevi.com.tr\/index.php\/wp-json\/wp\/v2\/product\/723989","targetHints":{"allow":["GET"]}}],"collection":[{"href":"https:\/\/roveyayinevi.com.tr\/index.php\/wp-json\/wp\/v2\/product"}],"about":[{"href":"https:\/\/roveyayinevi.com.tr\/index.php\/wp-json\/wp\/v2\/types\/product"}],"wp:attachment":[{"href":"https:\/\/roveyayinevi.com.tr\/index.php\/wp-json\/wp\/v2\/media?parent=723989"}],"wp:term":[{"taxonomy":"product_brand","embeddable":true,"href":"https:\/\/roveyayinevi.com.tr\/index.php\/wp-json\/wp\/v2\/product_brand?post=723989"},{"taxonomy":"product_cat","embeddable":true,"href":"https:\/\/roveyayinevi.com.tr\/index.php\/wp-json\/wp\/v2\/product_cat?post=723989"},{"taxonomy":"product_tag","embeddable":true,"href":"https:\/\/roveyayinevi.com.tr\/index.php\/wp-json\/wp\/v2\/product_tag?post=723989"}],"curies":[{"name":"wp","href":"https:\/\/api.w.org\/{rel}","templated":true}]}}