{"id":723864,"date":"2025-08-27T19:26:19","date_gmt":"2025-08-27T16:26:19","guid":{"rendered":"https:\/\/roveyayinevi.com.tr\/index.php\/urun\/bir-ermeni-gencinin-hatiralari-ashab-i-kehfimiz\/"},"modified":"2026-04-16T02:31:50","modified_gmt":"2026-04-15T23:31:50","slug":"bir-ermeni-gencinin-hatiralari-ashab-i-kehfimiz","status":"publish","type":"product","link":"https:\/\/roveyayinevi.com.tr\/index.php\/urun\/bir-ermeni-gencinin-hatiralari-ashab-i-kehfimiz\/","title":{"rendered":"Bir Ermeni Gencinin Hat\u0131ralar\u0131 : Ashab-I Kehfimiz"},"content":{"rendered":"<p>Bir Ermeni Gencinin H\u00e2t\u0131ralar\u0131 (Ash\u00e2b-\u0131 Kehfimiz) isimli bu k\u00fc\u00e7\u00fck roman, Balkan Sava\u015flar\u0131 tarihe kar\u0131\u015fan Osmanl\u0131c\u0131l\u0131k \u00dclk\u00fcs\u00fc\u2019n\u00fcn biti\u015finin alayl\u0131 bir anlat\u0131m\u0131d\u0131r. Yazar, Osmanl\u0131 Dayan\u0131\u015fma Kul\u00fcb\u00fc\u2019nde toplanan \u00e7e\u015fitli milliyetlere mensup Osmanl\u0131 vatanda\u015flar\u0131n\u0131n Osmanl\u0131c\u0131l\u0131k fikirlerini aktar\u0131r. Bunlara inananlar ise ger\u00e7ekte s\u00e2dece T\u00fcrk vatanda\u015flard\u0131r. Balkan Sava\u015flar\u0131na ra\u011fmen h\u00e2l\u00e2 uyanmay\u0131p ayn\u0131 fikirleri savunan bu insanlar ise 307 y\u0131l uyudu\u011fu halde bir gece uyuduklar\u0131n\u0131 sanan Ash\u00e2b-\u0131 Kehf (Yedi Uyurlar) olarak tan\u0131mlanmaktad\u0131r.<\/p>\n","protected":false},"excerpt":{"rendered":"<p>Bir Ermeni Gencinin H\u00e2t\u0131ralar\u0131 (Ash\u00e2b-\u0131 Kehfimiz) isimli bu k\u00fc\u00e7\u00fck roman, Balkan Sava\u015flar\u0131 tarihe kar\u0131\u015fan Osmanl\u0131c\u0131l\u0131k \u00dclk\u00fcs\u00fc\u2019n\u00fcn biti\u015finin alayl\u0131 bir anlat\u0131m\u0131d\u0131r. Yazar, Osmanl\u0131 Dayan\u0131\u015fma Kul\u00fcb\u00fc\u2019nde toplanan \u00e7e\u015fitli<span class=\"excerpt-hellip\"> [\u2026]<\/span><\/p>\n","protected":false},"featured_media":0,"template":"","meta":{"_monsterinsights_skip_tracking":false,"_monsterinsights_sitenote_active":false,"_monsterinsights_sitenote_note":"","_monsterinsights_sitenote_category":0},"product_brand":[],"product_cat":[13701,12291],"product_tag":[],"class_list":{"0":"post-723864","1":"product","2":"type-product","3":"status-publish","5":"product_cat-ani-mektup-gunluk","6":"product_cat-edebiyat","7":"pa_cilt-ciltsiz","8":"pa_tur-kitap","9":"pa_yayinevi-altinordu-yayinlari","10":"pa_yazar-omer-seyfettin","12":"first","13":"instock","14":"sale","15":"shipping-taxable","16":"purchasable","17":"product-type-simple"},"_links":{"self":[{"href":"https:\/\/roveyayinevi.com.tr\/index.php\/wp-json\/wp\/v2\/product\/723864","targetHints":{"allow":["GET"]}}],"collection":[{"href":"https:\/\/roveyayinevi.com.tr\/index.php\/wp-json\/wp\/v2\/product"}],"about":[{"href":"https:\/\/roveyayinevi.com.tr\/index.php\/wp-json\/wp\/v2\/types\/product"}],"wp:attachment":[{"href":"https:\/\/roveyayinevi.com.tr\/index.php\/wp-json\/wp\/v2\/media?parent=723864"}],"wp:term":[{"taxonomy":"product_brand","embeddable":true,"href":"https:\/\/roveyayinevi.com.tr\/index.php\/wp-json\/wp\/v2\/product_brand?post=723864"},{"taxonomy":"product_cat","embeddable":true,"href":"https:\/\/roveyayinevi.com.tr\/index.php\/wp-json\/wp\/v2\/product_cat?post=723864"},{"taxonomy":"product_tag","embeddable":true,"href":"https:\/\/roveyayinevi.com.tr\/index.php\/wp-json\/wp\/v2\/product_tag?post=723864"}],"curies":[{"name":"wp","href":"https:\/\/api.w.org\/{rel}","templated":true}]}}