{"id":723829,"date":"2025-08-27T19:25:01","date_gmt":"2025-08-27T16:25:01","guid":{"rendered":"https:\/\/roveyayinevi.com.tr\/index.php\/urun\/mustafa-kemal-ataturkun-meclis-konusmalari\/"},"modified":"2026-04-16T02:31:49","modified_gmt":"2026-04-15T23:31:49","slug":"mustafa-kemal-ataturkun-meclis-konusmalari","status":"publish","type":"product","link":"https:\/\/roveyayinevi.com.tr\/index.php\/urun\/mustafa-kemal-ataturkun-meclis-konusmalari\/","title":{"rendered":"Mustafa Kemal Atat\u00fcrk\u2019\u00fcn Meclis Konu\u015fmalar\u0131"},"content":{"rendered":"<p>Elinizdeki kitapta Mustafa Kemal Atat\u00fcrk\u2019\u00fcn T\u00fcrkiye B\u00fcy\u00fck Millet Meclisi\u2019nin gizli ve a\u00e7\u0131k oturumlar\u0131nda yapt\u0131\u011f\u0131 konu\u015fmalar ve Meclis\u2019te okunan tezkereleri ilk kaynaklar\u0131ndan yorumsuz olarak bir araya getirilmi\u015ftir. Metinler g\u00fcn\u00fcm\u00fcz okurunun kolayca okuyup anlamas\u0131 i\u00e7in sadele\u015ftirilmi\u015f, d\u00f6nemin s\u00f6yleyi\u015f \u00f6zellikleri korunarak yaln\u0131z bug\u00fcn anla\u015f\u0131lmayan s\u00f6zc\u00fcklerin g\u00fcn\u00fcm\u00fczdeki kar\u015f\u0131l\u0131klar\u0131 kullan\u0131lm\u0131\u015ft\u0131r.   Cumhuriyetimizin kurucusu Atat\u00fcrk\u2019\u00fcn 1920 ve 1938 y\u0131llar\u0131 aras\u0131nda yapt\u0131\u011f\u0131, g\u00fcn\u00fcm\u00fcze de \u0131\u015f\u0131k tutan bu konu\u015fmalar\u0131n\u0131 eksiksiz olarak yay\u0131ml\u0131yoruz. <\/p>\n","protected":false},"excerpt":{"rendered":"<p>Elinizdeki kitapta Mustafa Kemal Atat\u00fcrk\u2019\u00fcn T\u00fcrkiye B\u00fcy\u00fck Millet Meclisi\u2019nin gizli ve a\u00e7\u0131k oturumlar\u0131nda yapt\u0131\u011f\u0131 konu\u015fmalar ve Meclis\u2019te okunan tezkereleri ilk kaynaklar\u0131ndan yorumsuz olarak bir araya getirilmi\u015ftir.<span class=\"excerpt-hellip\"> [\u2026]<\/span><\/p>\n","protected":false},"featured_media":0,"template":"","meta":{"_monsterinsights_skip_tracking":false,"_monsterinsights_sitenote_active":false,"_monsterinsights_sitenote_note":"","_monsterinsights_sitenote_category":0},"product_brand":[],"product_cat":[12530,12304],"product_tag":[],"class_list":{"0":"post-723829","1":"product","2":"type-product","3":"status-publish","5":"product_cat-mustafa-kemal-ataturk","6":"product_cat-tarih","7":"pa_cilt-ciltsiz","8":"pa_tur-kitap","9":"pa_yayinevi-inkilap-kitabevi","10":"pa_yazar-kurtulus-guran","12":"first","13":"instock","14":"sale","15":"shipping-taxable","16":"purchasable","17":"product-type-simple"},"_links":{"self":[{"href":"https:\/\/roveyayinevi.com.tr\/index.php\/wp-json\/wp\/v2\/product\/723829","targetHints":{"allow":["GET"]}}],"collection":[{"href":"https:\/\/roveyayinevi.com.tr\/index.php\/wp-json\/wp\/v2\/product"}],"about":[{"href":"https:\/\/roveyayinevi.com.tr\/index.php\/wp-json\/wp\/v2\/types\/product"}],"wp:attachment":[{"href":"https:\/\/roveyayinevi.com.tr\/index.php\/wp-json\/wp\/v2\/media?parent=723829"}],"wp:term":[{"taxonomy":"product_brand","embeddable":true,"href":"https:\/\/roveyayinevi.com.tr\/index.php\/wp-json\/wp\/v2\/product_brand?post=723829"},{"taxonomy":"product_cat","embeddable":true,"href":"https:\/\/roveyayinevi.com.tr\/index.php\/wp-json\/wp\/v2\/product_cat?post=723829"},{"taxonomy":"product_tag","embeddable":true,"href":"https:\/\/roveyayinevi.com.tr\/index.php\/wp-json\/wp\/v2\/product_tag?post=723829"}],"curies":[{"name":"wp","href":"https:\/\/api.w.org\/{rel}","templated":true}]}}