{"id":723745,"date":"2025-08-27T19:23:53","date_gmt":"2025-08-27T16:23:53","guid":{"rendered":"https:\/\/roveyayinevi.com.tr\/index.php\/urun\/brezilya-gelecegin-ulkesi\/"},"modified":"2026-04-16T02:31:48","modified_gmt":"2026-04-15T23:31:48","slug":"brezilya-gelecegin-ulkesi","status":"publish","type":"product","link":"https:\/\/roveyayinevi.com.tr\/index.php\/urun\/brezilya-gelecegin-ulkesi\/","title":{"rendered":"Brezilya &#8211; Gelece\u011fin \u00dclkesi"},"content":{"rendered":"<p>Stefan Zweig\u2019\u0131 d\u00fcnyada ba\u015fka hi\u00e7bir \u00fclke Brezilya kadar cezbetmemi\u015fti. Kozmopolit yazar \u0130kinci D\u00fcnya Sava\u015f\u0131\u2019n\u0131n ortas\u0131nda, Avrupa kendini yok ederken bu \u00fclkeye geldi ve do\u011fal g\u00fczelli\u011fi, bar\u0131\u015f\u00e7\u0131l ya\u015fam tarz\u0131, insanlar\u0131n\u0131n ho\u015fg\u00f6r\u00fcs\u00fcyle b\u00fcy\u00fclendi.Brezilya\u2019y\u0131 her bak\u0131mdan Avrupa\u2019n\u0131n kar\u015f\u0131 modeli olarak de\u011ferlendiren Zweig, d\u00fcnyan\u0131n gelece\u011fini burada g\u00f6r\u00fcyordu; Ya\u015famak i\u00e7in bu \u00fclkeyi se\u00e7mi\u015fti, \u00f6lmek i\u00e7in de buray\u0131 se\u00e7ecekti. \u0130lk kez 1941 y\u0131l\u0131nda Stockholm\u2019de yay\u0131mlanan Brezilya, Stefan Zweig\u2019\u0131n bu \u00fclkeye ilan\u0131a\u015fk\u0131d\u0131r.<\/p>\n","protected":false},"excerpt":{"rendered":"<p>Stefan Zweig\u2019\u0131 d\u00fcnyada ba\u015fka hi\u00e7bir \u00fclke Brezilya kadar cezbetmemi\u015fti. Kozmopolit yazar \u0130kinci D\u00fcnya Sava\u015f\u0131\u2019n\u0131n ortas\u0131nda, Avrupa kendini yok ederken bu \u00fclkeye geldi ve do\u011fal g\u00fczelli\u011fi, bar\u0131\u015f\u00e7\u0131l<span class=\"excerpt-hellip\"> [\u2026]<\/span><\/p>\n","protected":false},"featured_media":0,"template":"","meta":{"_monsterinsights_skip_tracking":false,"_monsterinsights_sitenote_active":false,"_monsterinsights_sitenote_note":"","_monsterinsights_sitenote_category":0},"product_brand":[],"product_cat":[12777,12291],"product_tag":[],"class_list":{"0":"post-723745","1":"product","2":"type-product","3":"status-publish","5":"product_cat-deneme","6":"product_cat-edebiyat","7":"pa_cilt-ciltsiz","8":"pa_tur-kitap","9":"pa_yayinevi-can-yayinlari","10":"pa_yazar-stefan-zweig","12":"first","13":"instock","14":"sale","15":"shipping-taxable","16":"purchasable","17":"product-type-simple"},"_links":{"self":[{"href":"https:\/\/roveyayinevi.com.tr\/index.php\/wp-json\/wp\/v2\/product\/723745","targetHints":{"allow":["GET"]}}],"collection":[{"href":"https:\/\/roveyayinevi.com.tr\/index.php\/wp-json\/wp\/v2\/product"}],"about":[{"href":"https:\/\/roveyayinevi.com.tr\/index.php\/wp-json\/wp\/v2\/types\/product"}],"wp:attachment":[{"href":"https:\/\/roveyayinevi.com.tr\/index.php\/wp-json\/wp\/v2\/media?parent=723745"}],"wp:term":[{"taxonomy":"product_brand","embeddable":true,"href":"https:\/\/roveyayinevi.com.tr\/index.php\/wp-json\/wp\/v2\/product_brand?post=723745"},{"taxonomy":"product_cat","embeddable":true,"href":"https:\/\/roveyayinevi.com.tr\/index.php\/wp-json\/wp\/v2\/product_cat?post=723745"},{"taxonomy":"product_tag","embeddable":true,"href":"https:\/\/roveyayinevi.com.tr\/index.php\/wp-json\/wp\/v2\/product_tag?post=723745"}],"curies":[{"name":"wp","href":"https:\/\/api.w.org\/{rel}","templated":true}]}}