{"id":723697,"date":"2025-08-27T19:23:12","date_gmt":"2025-08-27T16:23:12","guid":{"rendered":"https:\/\/roveyayinevi.com.tr\/index.php\/urun\/ahlakin-felsefi-donusumu\/"},"modified":"2026-04-16T02:31:47","modified_gmt":"2026-04-15T23:31:47","slug":"ahlakin-felsefi-donusumu","status":"publish","type":"product","link":"https:\/\/roveyayinevi.com.tr\/index.php\/urun\/ahlakin-felsefi-donusumu\/","title":{"rendered":"Ahlak\u0131n Felsefi D\u00f6n\u00fc\u015f\u00fcm\u00fc"},"content":{"rendered":"<p>Kavramlar\u0131n tarihinden ve \u00f6zellikle ahl\u00e2k\u00ee kavramlardan bahsediyorsak, meselelerin ge\u00e7mi\u015fte ba\u015flad\u0131\u011f\u0131n\u0131 ama ge\u00e7memi\u015f oldu\u011funu ve hatta ge\u00e7meyecek oldu\u011funu anlamak zorunday\u0131z. Ge\u00e7mi\u015fi ba\u015flatan, bir bak\u0131ma meselelerin kendisidir. Bunun en \u00f6nemli nedeni, kendimizi ahl\u00e2k\u00ee sorunlar\u0131m\u0131zla g\u00f6rmeye ba\u015flayabilmemiz; kavramlar \u00e7er\u00e7evesinde de yarg\u0131layabilmemiz ve geli\u015ftirebilmemizdir. \u00c7\u00fcnk\u00fc sorunlar ne oldu\u011fumuzu g\u00f6sterirken, kavramlar ne olmam\u0131z gerekti\u011fini g\u00f6sterirler. \u0130\u015fte d\u00fc\u015f\u00fcnce tarihindeki de\u011fi\u015fim ve d\u00f6n\u00fc\u015f\u00fcmler, sorunlar\u0131m\u0131z ile kavramlar aras\u0131nda ge\u00e7irdi\u011fimiz olaylar\u0131 ifade eder.Mitsel i\u015fleyi\u015fte, insan\u0131n ge\u00e7mi\u015fteki olaylar\u0131n\u0131n i\u015fleni\u015fi ile ge\u00e7mi\u015fin i\u015fleni\u015fi yani bir zaman kavray\u0131\u015f\u0131 birbirine kar\u0131\u015fm\u0131\u015ft\u0131r. Bu ka\u00e7\u0131n\u0131lmaz yanl\u0131\u015fl\u0131k daha sonra tarih disiplinine d\u00f6n\u00fc\u015f\u00fcm\u00fcn yolunu da a\u00e7m\u0131\u015ft\u0131r. Elbette bu d\u00f6n\u00fc\u015f\u00fcm\u00fcn felsefe taraf\u0131na d\u00fc\u015fen pay\u0131 da s\u00f6z konusu olacakt\u0131r. Fakat felsefe; mit, historia dahil olmak \u00fczere, ge\u00e7mi\u015fteki b\u00fct\u00fcn kurgular\u0131n \u00e7e\u015fitli \u015fekillerde eksikli\u011fi \u00fczerine bir rasyonalite geli\u015ftirerek kendisini sona saklayacakt\u0131r. Bunun anlam\u0131 art\u0131k felsefenin, sadece onlar\u0131n yanl\u0131\u015fl\u0131klar\u0131n\u0131n a\u00e7\u0131\u011fa \u00e7\u0131kar\u0131lmas\u0131 de\u011fil, yanl\u0131\u015fl\u0131\u011f\u0131n neye g\u00f6re yanl\u0131\u015fl\u0131k oldu\u011funun ve dolay\u0131s\u0131yla do\u011fruluk \u00f6l\u00e7\u00fct\u00fcn\u00fcn ne oldu\u011funun belirlenmesiyle nihai bir rasyonalite olarak kar\u015f\u0131m\u0131za \u00e7\u0131kmas\u0131d\u0131r. Burada \u00f6nemli olan, s\u00f6z konusu do\u011fruluk ve yanl\u0131\u015fl\u0131\u011f\u0131n etikle olan ilgisidir. \u00c7\u00fcnk\u00fc bize g\u00f6re etik, insan varolu\u015funun \u00e7ok boyutlu yap\u0131s\u0131n\u0131 vurgulayan bir duru\u015fa sahiptir. Bir di\u011fer deyi\u015fle etik, \u00e7\u0131plak insan\u0131n giyinme ihtiyac\u0131n\u0131 metafizi\u011fe kadar g\u00f6t\u00fcrme arzusunu yaratan bir bak\u0131\u015f a\u00e7\u0131s\u0131d\u0131r.<\/p>\n","protected":false},"excerpt":{"rendered":"<p>Kavramlar\u0131n tarihinden ve \u00f6zellikle ahl\u00e2k\u00ee kavramlardan bahsediyorsak, meselelerin ge\u00e7mi\u015fte ba\u015flad\u0131\u011f\u0131n\u0131 ama ge\u00e7memi\u015f oldu\u011funu ve hatta ge\u00e7meyecek oldu\u011funu anlamak zorunday\u0131z. Ge\u00e7mi\u015fi ba\u015flatan, bir bak\u0131ma meselelerin kendisidir. Bunun<span class=\"excerpt-hellip\"> [\u2026]<\/span><\/p>\n","protected":false},"featured_media":0,"template":"","meta":{"_monsterinsights_skip_tracking":false,"_monsterinsights_sitenote_active":false,"_monsterinsights_sitenote_note":"","_monsterinsights_sitenote_category":0},"product_brand":[],"product_cat":[20351,12388],"product_tag":[],"class_list":{"0":"post-723697","1":"product","2":"type-product","3":"status-publish","5":"product_cat-dusunce","6":"product_cat-felsefe","7":"pa_cilt-ciltsiz","8":"pa_tur-kitap","9":"pa_yayinevi-otuken-nesriyat","10":"pa_yazar-mehmet-gunenc","12":"first","13":"instock","14":"sale","15":"shipping-taxable","16":"purchasable","17":"product-type-simple"},"_links":{"self":[{"href":"https:\/\/roveyayinevi.com.tr\/index.php\/wp-json\/wp\/v2\/product\/723697","targetHints":{"allow":["GET"]}}],"collection":[{"href":"https:\/\/roveyayinevi.com.tr\/index.php\/wp-json\/wp\/v2\/product"}],"about":[{"href":"https:\/\/roveyayinevi.com.tr\/index.php\/wp-json\/wp\/v2\/types\/product"}],"wp:attachment":[{"href":"https:\/\/roveyayinevi.com.tr\/index.php\/wp-json\/wp\/v2\/media?parent=723697"}],"wp:term":[{"taxonomy":"product_brand","embeddable":true,"href":"https:\/\/roveyayinevi.com.tr\/index.php\/wp-json\/wp\/v2\/product_brand?post=723697"},{"taxonomy":"product_cat","embeddable":true,"href":"https:\/\/roveyayinevi.com.tr\/index.php\/wp-json\/wp\/v2\/product_cat?post=723697"},{"taxonomy":"product_tag","embeddable":true,"href":"https:\/\/roveyayinevi.com.tr\/index.php\/wp-json\/wp\/v2\/product_tag?post=723697"}],"curies":[{"name":"wp","href":"https:\/\/api.w.org\/{rel}","templated":true}]}}