{"id":723564,"date":"2025-08-27T19:20:45","date_gmt":"2025-08-27T16:20:45","guid":{"rendered":"https:\/\/roveyayinevi.com.tr\/index.php\/urun\/hangi-mevsim\/"},"modified":"2025-08-31T16:29:54","modified_gmt":"2025-08-31T13:29:54","slug":"hangi-mevsim","status":"publish","type":"product","link":"https:\/\/roveyayinevi.com.tr\/index.php\/urun\/hangi-mevsim\/","title":{"rendered":"Hangi Mevsim?"},"content":{"rendered":"<p>Okul \u00f6ncesi d\u00f6nemdeki \u00e7ocuklar\u0131n \u00e7evrelerinde ve d\u00fcnyada olanlara kar\u015f\u0131 bitip t\u00fckenmeyen meraklar\u0131 olur. \u00c7ocuklar\u0131n ilgilerini, bilmeye ve bilime olan meraklar\u0131n\u0131 desteklemek amac\u0131yla haz\u0131rlanan bu seride, seviyeye uygun yal\u0131n bir anlat\u0131m yer al\u0131yor. Nitelikli ve ger\u00e7ek\u00e7i g\u00f6rsellerle desteklenen her kitap belgesel niteli\u011fi ta\u015f\u0131yor.Mevsimler ve do\u011fada ya\u015fanan de\u011fi\u015fiklikler \u00e7ocuklar\u0131n dikkatini \u00e7eker. Kar, k\u0131\u015f\u0131n bir battaniye gibi her yeri kaplar. \u0130lkbaharda her yerde reng\u00e2renk \u00e7i\u00e7ekler a\u00e7ar. Yaz\u0131n g\u00fcne\u015f \u0131\u015f\u0131l \u0131\u015f\u0131l parlar. Sonbaharda yapraklar sarar\u0131r. Peki, mevsimlerde ba\u015fka neler olur? Bu kitapta mevsimsel d\u00f6ng\u00fc, muhte\u015fem resimlerle \u00e7ocuklara anlat\u0131l\u0131yor.<\/p>\n","protected":false},"excerpt":{"rendered":"<p>Okul \u00f6ncesi d\u00f6nemdeki \u00e7ocuklar\u0131n \u00e7evrelerinde ve d\u00fcnyada olanlara kar\u015f\u0131 bitip t\u00fckenmeyen meraklar\u0131 olur. \u00c7ocuklar\u0131n ilgilerini, bilmeye ve bilime olan meraklar\u0131n\u0131 desteklemek amac\u0131yla haz\u0131rlanan bu seride, seviyeye<span class=\"excerpt-hellip\"> [\u2026]<\/span><\/p>\n","protected":false},"featured_media":0,"template":"","meta":{"_monsterinsights_skip_tracking":false,"_monsterinsights_sitenote_active":false,"_monsterinsights_sitenote_note":"","_monsterinsights_sitenote_category":0},"product_brand":[],"product_cat":[13829,12274],"product_tag":[],"class_list":{"0":"post-723564","1":"product","2":"type-product","3":"status-publish","5":"product_cat-bilimsel-kitaplar","6":"product_cat-cocuk-ve-genclik-kitaplari","7":"pa_cilt-ciltsiz","8":"pa_tur-kitap","9":"pa_yayinevi-erdem-cocuk","10":"pa_yazar-kyeong-ran-kim","12":"first","13":"instock","14":"sale","15":"shipping-taxable","16":"purchasable","17":"product-type-simple"},"_links":{"self":[{"href":"https:\/\/roveyayinevi.com.tr\/index.php\/wp-json\/wp\/v2\/product\/723564","targetHints":{"allow":["GET"]}}],"collection":[{"href":"https:\/\/roveyayinevi.com.tr\/index.php\/wp-json\/wp\/v2\/product"}],"about":[{"href":"https:\/\/roveyayinevi.com.tr\/index.php\/wp-json\/wp\/v2\/types\/product"}],"wp:attachment":[{"href":"https:\/\/roveyayinevi.com.tr\/index.php\/wp-json\/wp\/v2\/media?parent=723564"}],"wp:term":[{"taxonomy":"product_brand","embeddable":true,"href":"https:\/\/roveyayinevi.com.tr\/index.php\/wp-json\/wp\/v2\/product_brand?post=723564"},{"taxonomy":"product_cat","embeddable":true,"href":"https:\/\/roveyayinevi.com.tr\/index.php\/wp-json\/wp\/v2\/product_cat?post=723564"},{"taxonomy":"product_tag","embeddable":true,"href":"https:\/\/roveyayinevi.com.tr\/index.php\/wp-json\/wp\/v2\/product_tag?post=723564"}],"curies":[{"name":"wp","href":"https:\/\/api.w.org\/{rel}","templated":true}]}}