{"id":723538,"date":"2025-08-27T19:20:22","date_gmt":"2025-08-27T16:20:22","guid":{"rendered":"https:\/\/roveyayinevi.com.tr\/index.php\/urun\/aforizmalar-4\/"},"modified":"2026-04-16T02:31:13","modified_gmt":"2026-04-15T23:31:13","slug":"aforizmalar-4","status":"publish","type":"product","link":"https:\/\/roveyayinevi.com.tr\/index.php\/urun\/aforizmalar-4\/","title":{"rendered":"Aforizmalar"},"content":{"rendered":"<p>\u2018\u2019Neyse ki \u015fu d\u00fcnyada orant\u0131s\u0131zl\u0131klar sadece say\u0131sal bir \u015feymi\u015f gibi g\u00f6r\u00fcn\u00fcyor.\u2019\u2019     Kaleme al\u0131nma tarihleri (1917-1918) Birinci D\u00fcnya Sava\u015f\u0131\u2019n\u0131n etkisiyle d\u00fcnyan\u0131n ve verem sebebiyle de bizzat kendisinin zor zamanlardan ge\u00e7ti\u011fi bir d\u00f6neme denk gelen Aforizmalar, Avrupa\u2019n\u0131n i\u00e7inde bulundu\u011fu karamsar ortamda Kafka\u2019n\u0131n hayata dair sorgulamalar\u0131n\u0131 i\u00e7erir. Yazar\u0131n \u00f6l\u00fcm\u00fcnden sonra eserlerini okurlarla bulu\u015fturan arkada\u015f\u0131 Max Brod\u2019un ilk kez 1931 y\u0131l\u0131nda yay\u0131mlad\u0131\u011f\u0131, ayn\u0131 zamanda \u2018\u2019G\u00fcnah, Ac\u0131, Umut ve Hakikat Yolu \u00dczerin D\u00fc\u015f\u00fcnceler\u2019\u2019 ba\u015fl\u0131\u011f\u0131 koyarak konular\u0131n\u0131 \u00f6zetledi\u011fi bu y\u00fcz dokuz aforizma hayata yeni pencerelerden bakabilmemizi sa\u011flayacak derinlikte. <\/p>\n","protected":false},"excerpt":{"rendered":"<p>\u2018\u2019Neyse ki \u015fu d\u00fcnyada orant\u0131s\u0131zl\u0131klar sadece say\u0131sal bir \u015feymi\u015f gibi g\u00f6r\u00fcn\u00fcyor.\u2019\u2019 Kaleme al\u0131nma tarihleri (1917-1918) Birinci D\u00fcnya Sava\u015f\u0131\u2019n\u0131n etkisiyle d\u00fcnyan\u0131n ve verem sebebiyle de bizzat kendisinin<span class=\"excerpt-hellip\"> [\u2026]<\/span><\/p>\n","protected":false},"featured_media":0,"template":"","meta":{"_monsterinsights_skip_tracking":false,"_monsterinsights_sitenote_active":false,"_monsterinsights_sitenote_note":"","_monsterinsights_sitenote_category":0},"product_brand":[],"product_cat":[12291,26797],"product_tag":[],"class_list":{"0":"post-723538","1":"product","2":"type-product","3":"status-publish","5":"product_cat-edebiyat","6":"product_cat-modern-klasikler","7":"pa_cilt-ciltsiz","8":"pa_tur-kitap","9":"pa_yayinevi-indigo-kitap","10":"pa_yazar-franz-kafka","12":"first","13":"instock","14":"sale","15":"shipping-taxable","16":"purchasable","17":"product-type-simple"},"_links":{"self":[{"href":"https:\/\/roveyayinevi.com.tr\/index.php\/wp-json\/wp\/v2\/product\/723538","targetHints":{"allow":["GET"]}}],"collection":[{"href":"https:\/\/roveyayinevi.com.tr\/index.php\/wp-json\/wp\/v2\/product"}],"about":[{"href":"https:\/\/roveyayinevi.com.tr\/index.php\/wp-json\/wp\/v2\/types\/product"}],"wp:attachment":[{"href":"https:\/\/roveyayinevi.com.tr\/index.php\/wp-json\/wp\/v2\/media?parent=723538"}],"wp:term":[{"taxonomy":"product_brand","embeddable":true,"href":"https:\/\/roveyayinevi.com.tr\/index.php\/wp-json\/wp\/v2\/product_brand?post=723538"},{"taxonomy":"product_cat","embeddable":true,"href":"https:\/\/roveyayinevi.com.tr\/index.php\/wp-json\/wp\/v2\/product_cat?post=723538"},{"taxonomy":"product_tag","embeddable":true,"href":"https:\/\/roveyayinevi.com.tr\/index.php\/wp-json\/wp\/v2\/product_tag?post=723538"}],"curies":[{"name":"wp","href":"https:\/\/api.w.org\/{rel}","templated":true}]}}