{"id":723492,"date":"2025-08-27T19:19:45","date_gmt":"2025-08-27T16:19:45","guid":{"rendered":"https:\/\/roveyayinevi.com.tr\/index.php\/urun\/soguk-savas-ve-turkiyenin-batiya-yonelisi\/"},"modified":"2026-04-16T02:31:12","modified_gmt":"2026-04-15T23:31:12","slug":"soguk-savas-ve-turkiyenin-batiya-yonelisi","status":"publish","type":"product","link":"https:\/\/roveyayinevi.com.tr\/index.php\/urun\/soguk-savas-ve-turkiyenin-batiya-yonelisi\/","title":{"rendered":"So\u011fuk Sava\u015f ve T\u00fcrkiye\u2019nin Bat\u0131\u2019ya Y\u00f6neli\u015fi"},"content":{"rendered":"<p>So\u011fuk Sava\u015f ve T\u00fcrkiye\u2019nin Bat\u0131\u2019ya Y\u00f6neli\u015fi, Sovyetler Birli\u011fi ile b\u00fcy\u00fck kapitalist devletler aras\u0131nda ya\u015fanan So\u011fuk Sava\u015f\u2019\u0131 mercek alt\u0131na alan, T\u00fcrkiye\u2019nin bu d\u00f6nemde Bat\u0131 ittifak\u0131na kat\u0131l\u0131m\u0131n\u0131n ard\u0131nda yatan dinamikleri \u00e7\u00f6z\u00fcmleyen de\u011ferli bir ara\u015ft\u0131rma. Tolgahan Akdan, So\u011fuk Sava\u015f \u00fczerine geleneksel, revizyonist, post-revizyonist ve radikal yakla\u015f\u0131mlar\u0131 etrafl\u0131ca ele ald\u0131ktan sonra, yak\u0131n tarihle ilgilenen herkes i\u00e7in merak konusu olan sorular\u0131 masaya yat\u0131r\u0131yor: T\u00fcrk-Sovyet ili\u015fkilerinde ya\u015fanan gerginlik, hangi taraf\u0131n eylemlerinin sonucu geli\u015fti? Resm\u00ee s\u00f6ylemin ileri s\u00fcrd\u00fc\u011f\u00fc gibi, Sovyetler Birli\u011fi\u2019nin T\u00fcrkiye\u2019nin egemenlik haklar\u0131na ayk\u0131r\u0131 talepleri mi bu gerginli\u011fe yol a\u00e7m\u0131\u015ft\u0131? T\u00fcrkiye\u2019nin Bat\u0131 ittifak\u0131na eklemleni\u015fi, kendi egemenlik haklar\u0131n\u0131 ve toprak b\u00fct\u00fcnl\u00fc\u011f\u00fcn\u00fc g\u00fcvence alt\u0131na alma aray\u0131\u015f\u0131n\u0131n bir neticesi midir? Ya da Bo\u011fazlar \u00fczerinden ya\u015fanan gerginlik, T\u00fcrkiye\u2019yi Bat\u0131\u2019ya yak\u0131nla\u015ft\u0131rmak i\u00e7in T\u00fcrk y\u00f6netici elitlerinin kotard\u0131\u011f\u0131 bir komplo mudur? T\u00fcrkiye\u2019nin Bat\u0131 ittifak\u0131na kat\u0131l\u0131m\u0131n\u0131n, Sovyetler Birli\u011fi ile ya\u015fanan gerginli\u011fin \u00f6tesinde ba\u015fka politik ve ekonomik nedenleri mi vard\u0131? Akdan\u2019\u0131n \u00e7al\u0131\u015fmas\u0131n\u0131 cazip ve \u00f6nemli k\u0131lan, tek yanl\u0131 So\u011fuk Sava\u015f literat\u00fcr\u00fc \u00fczerinden T\u00fcrk d\u0131\u015f politikas\u0131n\u0131 a\u00e7\u0131klama giri\u015fimlerini ele\u015ftirel bir s\u00fczge\u00e7ten ge\u00e7irmekle yetinmeyip konuya dair \u00f6zg\u00fcn tezler geli\u015ftirmi\u015f olmas\u0131\u2026 Kitapta So\u011fuk Sava\u015f\u2019\u0131n, kapitalizmi ve sosyalizmi temsil eden g\u00fc\u00e7ler taraf\u0131ndan icra edilen sistemler aras\u0131 bir m\u00fccadele oldu\u011funa i\u015faret ediliyor. T\u00fcrkiye\u2019nin Bat\u0131 ittifak\u0131na eklemleni\u015fi ise, bu sistemik m\u00fccadelenin yaratt\u0131\u011f\u0131 jeopolitik zorluklar ile i\u00e7eride g\u00fc\u00e7lenen egemen s\u0131n\u0131flar\u0131n Bat\u0131 kapitalizmi ile b\u00fct\u00fcnle\u015fme e\u011filimi \u00fczerinden de\u011ferlendiriliyor. <\/p>\n","protected":false},"excerpt":{"rendered":"<p>So\u011fuk Sava\u015f ve T\u00fcrkiye\u2019nin Bat\u0131\u2019ya Y\u00f6neli\u015fi, Sovyetler Birli\u011fi ile b\u00fcy\u00fck kapitalist devletler aras\u0131nda ya\u015fanan So\u011fuk Sava\u015f\u2019\u0131 mercek alt\u0131na alan, T\u00fcrkiye\u2019nin bu d\u00f6nemde Bat\u0131 ittifak\u0131na kat\u0131l\u0131m\u0131n\u0131n ard\u0131nda<span class=\"excerpt-hellip\"> [\u2026]<\/span><\/p>\n","protected":false},"featured_media":0,"template":"","meta":{"_monsterinsights_skip_tracking":false,"_monsterinsights_sitenote_active":false,"_monsterinsights_sitenote_note":"","_monsterinsights_sitenote_category":0},"product_brand":[],"product_cat":[12304,13650],"product_tag":[],"class_list":{"0":"post-723492","1":"product","2":"type-product","3":"status-publish","5":"product_cat-tarih","6":"product_cat-turk-tarihi-arastirmalari","7":"pa_cilt-ciltsiz","8":"pa_tur-kitap","9":"pa_yayinevi-yordam-kitap","10":"pa_yazar-tolgahan-akdan","12":"first","13":"instock","14":"sale","15":"shipping-taxable","16":"purchasable","17":"product-type-simple"},"_links":{"self":[{"href":"https:\/\/roveyayinevi.com.tr\/index.php\/wp-json\/wp\/v2\/product\/723492","targetHints":{"allow":["GET"]}}],"collection":[{"href":"https:\/\/roveyayinevi.com.tr\/index.php\/wp-json\/wp\/v2\/product"}],"about":[{"href":"https:\/\/roveyayinevi.com.tr\/index.php\/wp-json\/wp\/v2\/types\/product"}],"wp:attachment":[{"href":"https:\/\/roveyayinevi.com.tr\/index.php\/wp-json\/wp\/v2\/media?parent=723492"}],"wp:term":[{"taxonomy":"product_brand","embeddable":true,"href":"https:\/\/roveyayinevi.com.tr\/index.php\/wp-json\/wp\/v2\/product_brand?post=723492"},{"taxonomy":"product_cat","embeddable":true,"href":"https:\/\/roveyayinevi.com.tr\/index.php\/wp-json\/wp\/v2\/product_cat?post=723492"},{"taxonomy":"product_tag","embeddable":true,"href":"https:\/\/roveyayinevi.com.tr\/index.php\/wp-json\/wp\/v2\/product_tag?post=723492"}],"curies":[{"name":"wp","href":"https:\/\/api.w.org\/{rel}","templated":true}]}}