{"id":723437,"date":"2025-08-27T19:19:03","date_gmt":"2025-08-27T16:19:03","guid":{"rendered":"https:\/\/roveyayinevi.com.tr\/index.php\/urun\/1793-kurt-ve-bekci\/"},"modified":"2026-04-16T02:31:11","modified_gmt":"2026-04-15T23:31:11","slug":"1793-kurt-ve-bekci","status":"publish","type":"product","link":"https:\/\/roveyayinevi.com.tr\/index.php\/urun\/1793-kurt-ve-bekci\/","title":{"rendered":"1793 Kurt ve Bek\u00e7i"},"content":{"rendered":"<p>Hainlik hainli\u011fi do\u011furur, \u015fiddet \u015fiddeti&#8230;Y\u0131l 1793. \u0130sve\u00e7 kral\u0131 k\u0131sa s\u00fcre \u00f6nce suikasta kurban gitmi\u015ftir. Kraliyet Frans\u0131z Devrimi&#8217;nin dalgalar\u0131n\u0131n topluma ula\u015fmas\u0131ndan korkarken Stockholm dedikodu ve entrikalarla i\u00e7ten i\u00e7e kaynar.Bu kaos i\u00e7inde, bek\u00e7i Jean-Michael Cardell \u00e7amurlu Fatburen G\u00f6l\u00fc\u2019nde bir ceset bulur. \u0130ki kolu ve iki baca\u011f\u0131 kesilmi\u015f ceset tan\u0131nmaz haldedir. \u0130nce hastal\u0131\u011f\u0131n son safhalar\u0131ndaki polis dedektifi Cecil Winge ile bek\u00e7i Cardell bu vah\u015fi cinayeti \u00e7\u00f6zmeye koyulurlar. Ara\u015ft\u0131rmalar\u0131 ilerledik\u00e7e toplumun her s\u0131n\u0131f\u0131na yay\u0131lm\u0131\u015f, karanl\u0131k s\u0131rlar ve s\u0131n\u0131rs\u0131z k\u00f6t\u00fcl\u00fckten olu\u015fan bir a\u011f\u0131n i\u00e7inde bulurlar kendilerini.Umberto Eco\u2019nun G\u00fcl\u00fcn Ad\u0131 roman\u0131n\u0131n a\u00e7t\u0131\u011f\u0131 yolda ilerleyen Niklas Natt och Dag, edebiyatla gerilimi bulu\u015fturan bir \u015faheser yarat\u0131yor. Zengin tarihi detaylarla 18. y\u00fczy\u0131l Stockholm\u2019\u00fcn\u00fcn inand\u0131r\u0131c\u0131 bir portresini \u00e7izen roman, m\u00fcthi\u015f bir okuma tecr\u00fcbesi vaat ediyor.<\/p>\n","protected":false},"excerpt":{"rendered":"<p>Hainlik hainli\u011fi do\u011furur, \u015fiddet \u015fiddeti&#8230;Y\u0131l 1793. \u0130sve\u00e7 kral\u0131 k\u0131sa s\u00fcre \u00f6nce suikasta kurban gitmi\u015ftir. Kraliyet Frans\u0131z Devrimi&#8217;nin dalgalar\u0131n\u0131n topluma ula\u015fmas\u0131ndan korkarken Stockholm dedikodu ve entrikalarla i\u00e7ten<span class=\"excerpt-hellip\"> [\u2026]<\/span><\/p>\n","protected":false},"featured_media":0,"template":"","meta":{"_monsterinsights_skip_tracking":false,"_monsterinsights_sitenote_active":false,"_monsterinsights_sitenote_note":"","_monsterinsights_sitenote_category":0},"product_brand":[],"product_cat":[12291,12711],"product_tag":[],"class_list":{"0":"post-723437","1":"product","2":"type-product","3":"status-publish","5":"product_cat-edebiyat","6":"product_cat-roman-oyku","7":"pa_cilt-ciltsiz","8":"pa_tur-kitap","9":"pa_yayinevi-dogan-kitap","10":"pa_yazar-niklas-natt-och-dag","12":"first","13":"instock","14":"sale","15":"shipping-taxable","16":"purchasable","17":"product-type-simple"},"_links":{"self":[{"href":"https:\/\/roveyayinevi.com.tr\/index.php\/wp-json\/wp\/v2\/product\/723437","targetHints":{"allow":["GET"]}}],"collection":[{"href":"https:\/\/roveyayinevi.com.tr\/index.php\/wp-json\/wp\/v2\/product"}],"about":[{"href":"https:\/\/roveyayinevi.com.tr\/index.php\/wp-json\/wp\/v2\/types\/product"}],"wp:attachment":[{"href":"https:\/\/roveyayinevi.com.tr\/index.php\/wp-json\/wp\/v2\/media?parent=723437"}],"wp:term":[{"taxonomy":"product_brand","embeddable":true,"href":"https:\/\/roveyayinevi.com.tr\/index.php\/wp-json\/wp\/v2\/product_brand?post=723437"},{"taxonomy":"product_cat","embeddable":true,"href":"https:\/\/roveyayinevi.com.tr\/index.php\/wp-json\/wp\/v2\/product_cat?post=723437"},{"taxonomy":"product_tag","embeddable":true,"href":"https:\/\/roveyayinevi.com.tr\/index.php\/wp-json\/wp\/v2\/product_tag?post=723437"}],"curies":[{"name":"wp","href":"https:\/\/api.w.org\/{rel}","templated":true}]}}