{"id":723276,"date":"2025-08-27T19:16:36","date_gmt":"2025-08-27T16:16:36","guid":{"rendered":"https:\/\/roveyayinevi.com.tr\/index.php\/urun\/imam-maturidi\/"},"modified":"2026-04-16T02:31:05","modified_gmt":"2026-04-15T23:31:05","slug":"imam-maturidi","status":"publish","type":"product","link":"https:\/\/roveyayinevi.com.tr\/index.php\/urun\/imam-maturidi\/","title":{"rendered":"\u0130mam Maturidi"},"content":{"rendered":"<p>B\u00fcy\u00fck T\u00fcrk bilgini \u0130mam Maturidi, milletimizin inan\u00e7 sisteminin \u015fekillenmesine \u00f6nc\u00fcl\u00fck etmi\u015f \u00f6nemli \u015fahsiyetlerden birisidir. Maturidi, tefekk\u00fcr tarihimizin k\u00fclt\u00fcr havzalar\u0131nda ortaya \u00e7\u0131kan farkl\u0131 \u0130sl\u00e2m\u00ee yorumlar aras\u0131nda temelleri \u0130mam-\u0131 Azam Ebu Hanife taraf\u0131ndan at\u0131lan Ehl-i S\u00fcnnet inan\u00e7 sisteminin temel ilkelerini belirleyerek akl\u0131n \u0131\u015f\u0131\u011f\u0131nda yorumlam\u0131\u015f, y\u0131k\u0131c\u0131-ayr\u0131l\u0131k\u00e7\u0131 fikirlere kar\u015f\u0131 savunmu\u015f ve \u00f6zg\u00fcn d\u00fc\u015f\u00fcnceler ortaya koymay\u0131 ba\u015farm\u0131\u015ft\u0131r. \u0130mam Maturidi, \u0130slam d\u00fcnyas\u0131nda inan\u00e7la ilgili fikr\u00ee savrulmalar\u0131n ya\u015fand\u0131\u011f\u0131 bir d\u00f6nemde ak\u0131l-vahiy dengesini kurarak din\u00ee problemlere kal\u0131c\u0131 \u00e7\u00f6z\u00fcmler \u00fcretmi\u015f, ayn\u0131 zamanda toplumun de\u011ferleriyle b\u00fct\u00fcnle\u015fen bir inan\u00e7 sistemi kurarak T\u00fcrk-\u0130slam medeniyetinin olu\u015fmas\u0131na \u00f6nc\u00fcl\u00fck etmi\u015ftir. Yarat\u0131l\u0131\u015f\u0131n merkezine hikmeti yerle\u015ftiren ve onu \u201cher \u015feyi yerli yerine koymak\u201d \u015feklinde tan\u0131mlayan \u0130mam Maturidi\u2019nin iyi anla\u015f\u0131lmas\u0131n\u0131n, ya\u015fad\u0131\u011f\u0131 d\u00f6neme oldu\u011fu gibi g\u00fcn\u00fcm\u00fcz d\u00fcnyas\u0131n\u0131n sorunlar\u0131na da hayati katk\u0131lar sunaca\u011f\u0131 muhakkakt\u0131r. O\u2019nun iman-amel ayr\u0131m\u0131, inan\u00e7ta e\u015fitlik, imanda \u015f\u00fcpheye yer olmamas\u0131, bilgi nazariyesi, hikmet-adalet ve ahlak\u0131 d\u00fc\u015f\u00fcnce yap\u0131s\u0131n\u0131n merkezine yerle\u015ftirmesi, ak\u0131l-vahiy dengesi ve benzeri gibi \u00e7a\u011flar\u0131 a\u015fan fikirleri g\u00fcn\u00fcm\u00fczde mezhep \u00e7at\u0131\u015fmalar\u0131 ve ter\u00f6rden ar\u0131nm\u0131\u015f sa\u011flam bir din anlay\u0131\u015f\u0131n\u0131n olu\u015fmas\u0131na, \u0130slam\u2019\u0131n evrenselli\u011finin peki\u015fmesine ve belki de en \u00f6nemlisi mazlum co\u011frafyalarda bar\u0131\u015f ve karde\u015fli\u011fin yeniden tesisine \u00e7ok \u00f6nemli katk\u0131lar sunacakt\u0131r. Bu roman\u0131 okurken \u0130mam Maturidi ile tan\u0131\u015facak, g\u00fcne\u015f \u0131\u015f\u0131klar\u0131n\u0131n biteviye y\u0131kad\u0131\u011f\u0131 kadim T\u00fcrk \u015fehirlerimizden olan Semerkant\u2019\u0131n gizemli caddelerinde dola\u015facak ve muzdarip bir T\u00fcrk bilgininin gen\u00e7li\u011finden itibaren \u00e7ekti\u011fi tefekk\u00fcr \u00e7ilelerine \u015fahit olacaks\u0131n\u0131z.<\/p>\n","protected":false},"excerpt":{"rendered":"<p>B\u00fcy\u00fck T\u00fcrk bilgini \u0130mam Maturidi, milletimizin inan\u00e7 sisteminin \u015fekillenmesine \u00f6nc\u00fcl\u00fck etmi\u015f \u00f6nemli \u015fahsiyetlerden birisidir. Maturidi, tefekk\u00fcr tarihimizin k\u00fclt\u00fcr havzalar\u0131nda ortaya \u00e7\u0131kan farkl\u0131 \u0130sl\u00e2m\u00ee yorumlar aras\u0131nda temelleri<span class=\"excerpt-hellip\"> [\u2026]<\/span><\/p>\n","protected":false},"featured_media":0,"template":"","meta":{"_monsterinsights_skip_tracking":false,"_monsterinsights_sitenote_active":false,"_monsterinsights_sitenote_note":"","_monsterinsights_sitenote_category":0},"product_brand":[],"product_cat":[12291,12711],"product_tag":[],"class_list":{"0":"post-723276","1":"product","2":"type-product","3":"status-publish","5":"product_cat-edebiyat","6":"product_cat-roman-oyku","7":"pa_cilt-ciltsiz","8":"pa_tur-kitap","9":"pa_yayinevi-otuken-nesriyat","10":"pa_yazar-mursel-gundogdu","12":"first","13":"instock","14":"sale","15":"shipping-taxable","16":"purchasable","17":"product-type-simple"},"_links":{"self":[{"href":"https:\/\/roveyayinevi.com.tr\/index.php\/wp-json\/wp\/v2\/product\/723276","targetHints":{"allow":["GET"]}}],"collection":[{"href":"https:\/\/roveyayinevi.com.tr\/index.php\/wp-json\/wp\/v2\/product"}],"about":[{"href":"https:\/\/roveyayinevi.com.tr\/index.php\/wp-json\/wp\/v2\/types\/product"}],"wp:attachment":[{"href":"https:\/\/roveyayinevi.com.tr\/index.php\/wp-json\/wp\/v2\/media?parent=723276"}],"wp:term":[{"taxonomy":"product_brand","embeddable":true,"href":"https:\/\/roveyayinevi.com.tr\/index.php\/wp-json\/wp\/v2\/product_brand?post=723276"},{"taxonomy":"product_cat","embeddable":true,"href":"https:\/\/roveyayinevi.com.tr\/index.php\/wp-json\/wp\/v2\/product_cat?post=723276"},{"taxonomy":"product_tag","embeddable":true,"href":"https:\/\/roveyayinevi.com.tr\/index.php\/wp-json\/wp\/v2\/product_tag?post=723276"}],"curies":[{"name":"wp","href":"https:\/\/api.w.org\/{rel}","templated":true}]}}