{"id":723263,"date":"2025-08-27T19:16:25","date_gmt":"2025-08-27T16:16:25","guid":{"rendered":"https:\/\/roveyayinevi.com.tr\/index.php\/urun\/kibrisli-turk-siyasi-tarihi\/"},"modified":"2026-04-16T02:31:04","modified_gmt":"2026-04-15T23:31:04","slug":"kibrisli-turk-siyasi-tarihi","status":"publish","type":"product","link":"https:\/\/roveyayinevi.com.tr\/index.php\/urun\/kibrisli-turk-siyasi-tarihi\/","title":{"rendered":"K\u0131br\u0131sl\u0131 T\u00fcrk Siyasi Tarihi"},"content":{"rendered":"<p>&#8221;Naz\u0131m Beratl\u0131, \u00e7ok az uzman\u0131m\u0131z bulunan bir konudaki bilgisiyle, ke\u015fke vaktini t\u0131pta harcamasayd\u0131, dedirtti.\u201d-Prof. Orhan Kolo\u011flu, Tarih ve Toplum DergisiTarih\u00e7ilerin, birinci durumda teori ve malzeme aras\u0131nda dengeli bir ili\u015fki kurmas\u0131 beklenir ve bunun i\u00e7in disiplinler aras\u0131 bir birikim gerekir Bu y\u00f6ntemden kastedilen, \u201cb\u00fct\u00fcn sosyal bilimlere h\u00e2kim olmadan sadece kaynak okunarak tarih yaz\u0131lamayaca\u011f\u0131\u201dd\u0131r. (Beratl\u0131)-Prof. Cenk Reyhan, Turkish History Education JournalUla\u015f\u0131lan kan\u0131t\u0131n yorumlanmas\u0131 tarihi \u00f6znel bir hale getirmektedir. Mesela 2. Mehmet\u2019in 29 May\u0131s 1453\u2019te \u0130stanbul\u2019u ald\u0131\u011f\u0131na dair ula\u015f\u0131lan ger\u00e7ek bir belge b\u00fct\u00fcn tarih\u00e7iler i\u00e7in nesneldir. Bu nesnellik yaln\u0131zca belgenin varl\u0131\u011f\u0131 ve ger\u00e7ekli\u011fi i\u00e7in ge\u00e7erlidir. Belgede yer alan ifadeler i\u00e7in nesnellik tart\u0131\u015fmas\u0131 ayr\u0131ca yap\u0131labilir. Naz\u0131m Beratl\u0131, bu konuda \u201cDevlet yaz\u0131\u015fmalar\u0131n\u0131n, o g\u00fcnk\u00fc politikac\u0131\/y\u00f6netici\/egemen aleyhine olmas\u0131n\u0131 kim bekleyebilir? Kronik yazar\u0131n\u0131n, vak\u2019an\u00fcvisin kendisinin ge\u00e7imini sa\u011flayan\u0131n aleyhine olabilecek bir \u015feyi kaydetmesini kim \u00fcmit edebilir? Olaylar\u0131n oldu\u011fu gibi aktar\u0131ld\u0131\u011f\u0131n\u0131n garantisi nedir?\u201d sorular\u0131n\u0131 sorarak belgenin kendi nesnelli\u011fini sorgulamak gerekti\u011fini belirtir. \u201cTarihin g\u00f6receli\u011finin en g\u00fczel kan\u0131t\u0131, ayn\u0131 olay \u00fczerinde yorumlar\u0131n de\u011fi\u015fik olu\u015fudur\u201d(Beratl\u0131)-\u0130smail Y\u0131ld\u0131z, Bayterek DergisiBeratl\u0131 tarihin ne oldu\u011fu sorusunu sorduktan sonra, ne oldu\u011funa d\u00f6n\u00fck sorular y\u00f6neltmektedi r: \u201cGe\u00e7mi\u015fteki \u201cb\u00fcy\u00fck adamlar\u0131n\u201d maceralar\u0131n\u0131n anlat\u0131ld\u0131\u011f\u0131 bir menk\u0131beler silsilesi mi? Uluslar\u0131n ge\u00e7mi\u015fte ne gibi kahramanl\u0131klar yapt\u0131\u011f\u0131n\u0131 anlatarak, bug\u00fcnk\u00fc sefaletlerini unutmalar\u0131na yarayan bir efsaneler toplam\u0131 m\u0131? Yoksa bir hamaset edebiyat\u0131 m\u0131? Bug\u00fcnk\u00fc politikac\u0131lar\u0131n g\u00fcncel iddialar\u0131na kan\u0131tlar arayarak onlar\u0131 hakl\u0131 \u00e7\u0131karmaya \u00e7al\u0131\u015fan bir u\u011fra\u015f m\u0131? Toplumsal s\u0131n\u0131flar\u0131n nas\u0131l olu\u015fup geli\u015fti\u011fini anlatan bir ideolojik gayretke\u015flik mi? Yoksa ge\u00e7mi\u015fte her ne olduysa onu do\u011fru anlay\u0131p, kendi dima\u011f\u0131n\u0131n s\u00fczgecinden ge\u00e7irerek, gelecekte de neler olabilece\u011fine de\u011fin kendinize ait bir projeksiyon olu\u015fturma \u00e7abas\u0131 m\u0131?&#8221;Beratl\u0131\u2019ya g\u00f6re tarih yaz\u0131lanlar\u0131n hepsidir. Bunlar\u0131n farkl\u0131 zamanlarda etkili olmu\u015f tarih yaz\u0131c\u0131l\u0131\u011f\u0131d\u0131r. Tarih yaz\u0131c\u0131lar\u0131 bunlardan birini alarak kendi tarihini yazar. A. Ak\u0131nc\u0131, O. Yavuzy\u0131lmaz 2nd International Congress on Political, Economic and Social Studies (ICPESS), 19-22 May 2017 sunulan Bildiri\u2019den.<\/p>\n","protected":false},"excerpt":{"rendered":"<p>&#8221;Naz\u0131m Beratl\u0131, \u00e7ok az uzman\u0131m\u0131z bulunan bir konudaki bilgisiyle, ke\u015fke vaktini t\u0131pta harcamasayd\u0131, dedirtti.\u201d-Prof. Orhan Kolo\u011flu, Tarih ve Toplum DergisiTarih\u00e7ilerin, birinci durumda teori ve malzeme aras\u0131nda<span class=\"excerpt-hellip\"> [\u2026]<\/span><\/p>\n","protected":false},"featured_media":0,"template":"","meta":{"_monsterinsights_skip_tracking":false,"_monsterinsights_sitenote_active":false,"_monsterinsights_sitenote_note":"","_monsterinsights_sitenote_category":0},"product_brand":[],"product_cat":[12304,13650],"product_tag":[],"class_list":{"0":"post-723263","1":"product","2":"type-product","3":"status-publish","5":"product_cat-tarih","6":"product_cat-turk-tarihi-arastirmalari","7":"pa_cilt-ciltsiz","8":"pa_tur-kitap","9":"pa_yayinevi-kalkedon-yayincilik","10":"pa_yazar-nazim-beratli","12":"first","13":"instock","14":"sale","15":"shipping-taxable","16":"purchasable","17":"product-type-simple"},"_links":{"self":[{"href":"https:\/\/roveyayinevi.com.tr\/index.php\/wp-json\/wp\/v2\/product\/723263","targetHints":{"allow":["GET"]}}],"collection":[{"href":"https:\/\/roveyayinevi.com.tr\/index.php\/wp-json\/wp\/v2\/product"}],"about":[{"href":"https:\/\/roveyayinevi.com.tr\/index.php\/wp-json\/wp\/v2\/types\/product"}],"wp:attachment":[{"href":"https:\/\/roveyayinevi.com.tr\/index.php\/wp-json\/wp\/v2\/media?parent=723263"}],"wp:term":[{"taxonomy":"product_brand","embeddable":true,"href":"https:\/\/roveyayinevi.com.tr\/index.php\/wp-json\/wp\/v2\/product_brand?post=723263"},{"taxonomy":"product_cat","embeddable":true,"href":"https:\/\/roveyayinevi.com.tr\/index.php\/wp-json\/wp\/v2\/product_cat?post=723263"},{"taxonomy":"product_tag","embeddable":true,"href":"https:\/\/roveyayinevi.com.tr\/index.php\/wp-json\/wp\/v2\/product_tag?post=723263"}],"curies":[{"name":"wp","href":"https:\/\/api.w.org\/{rel}","templated":true}]}}