{"id":723085,"date":"2025-08-27T19:13:40","date_gmt":"2025-08-27T16:13:40","guid":{"rendered":"https:\/\/roveyayinevi.com.tr\/index.php\/urun\/bir-nefeste-turk-tarihi\/"},"modified":"2026-04-16T02:31:00","modified_gmt":"2026-04-15T23:31:00","slug":"bir-nefeste-turk-tarihi","status":"publish","type":"product","link":"https:\/\/roveyayinevi.com.tr\/index.php\/urun\/bir-nefeste-turk-tarihi\/","title":{"rendered":"Bir Nefeste T\u00fcrk Tarihi"},"content":{"rendered":"<p>Bir Nefeste T\u00fcrk Tarihi Hun \u0130mparatorlu\u011fu\u2019ndan Sel\u00e7uklulara, Osmanl\u0131 Devleti\u2019nden Cumhuriyet\u2019in ilan\u0131na kadar T\u00fcrk tarihinin d\u00f6n\u00fcm noktalar\u0131n\u0131 k\u00fc\u00e7\u00fck tarih\u00e7iler i\u00e7in anlat\u0131yor. Birbirinden renkli anekdotlar vekarikat\u00fcrlerle tarihi \u00e7ok daha e\u011flencelibir hale getiriyor.T\u00fcrklerin Anadolu\u2019da kar\u015f\u0131la\u015ft\u0131\u011f\u0131 en b\u00fcy\u00fck iki tehdit neydi?IV. Murat nas\u0131l biriydi?Belgrad Orman\u0131\u2019n\u0131n ad\u0131 nereden geliyor?\u0130ngilizler hindiye neden Turkey diyor?Mustafa Kemal\u2019i Samsun\u2019a kim g\u00f6ndermi\u015fti?Hepsi ve \u00e7ok daha fazlas\u0131 bu kitapta&#8230; <\/p>\n","protected":false},"excerpt":{"rendered":"<p>Bir Nefeste T\u00fcrk Tarihi Hun \u0130mparatorlu\u011fu\u2019ndan Sel\u00e7uklulara, Osmanl\u0131 Devleti\u2019nden Cumhuriyet\u2019in ilan\u0131na kadar T\u00fcrk tarihinin d\u00f6n\u00fcm noktalar\u0131n\u0131 k\u00fc\u00e7\u00fck tarih\u00e7iler i\u00e7in anlat\u0131yor. Birbirinden renkli anekdotlar vekarikat\u00fcrlerle tarihi \u00e7ok<span class=\"excerpt-hellip\"> [\u2026]<\/span><\/p>\n","protected":false},"featured_media":0,"template":"","meta":{"_monsterinsights_skip_tracking":false,"_monsterinsights_sitenote_active":false,"_monsterinsights_sitenote_note":"","_monsterinsights_sitenote_category":0},"product_brand":[],"product_cat":[12274,15842],"product_tag":[],"class_list":{"0":"post-723085","1":"product","2":"type-product","3":"status-publish","5":"product_cat-cocuk-ve-genclik-kitaplari","6":"product_cat-egitici-kitaplar","7":"pa_cilt-ciltsiz","8":"pa_tur-kitap","9":"pa_yayinevi-masalperest","10":"pa_yazar-mustafa-baris-ozkok","12":"first","13":"instock","14":"sale","15":"shipping-taxable","16":"purchasable","17":"product-type-simple"},"_links":{"self":[{"href":"https:\/\/roveyayinevi.com.tr\/index.php\/wp-json\/wp\/v2\/product\/723085","targetHints":{"allow":["GET"]}}],"collection":[{"href":"https:\/\/roveyayinevi.com.tr\/index.php\/wp-json\/wp\/v2\/product"}],"about":[{"href":"https:\/\/roveyayinevi.com.tr\/index.php\/wp-json\/wp\/v2\/types\/product"}],"wp:attachment":[{"href":"https:\/\/roveyayinevi.com.tr\/index.php\/wp-json\/wp\/v2\/media?parent=723085"}],"wp:term":[{"taxonomy":"product_brand","embeddable":true,"href":"https:\/\/roveyayinevi.com.tr\/index.php\/wp-json\/wp\/v2\/product_brand?post=723085"},{"taxonomy":"product_cat","embeddable":true,"href":"https:\/\/roveyayinevi.com.tr\/index.php\/wp-json\/wp\/v2\/product_cat?post=723085"},{"taxonomy":"product_tag","embeddable":true,"href":"https:\/\/roveyayinevi.com.tr\/index.php\/wp-json\/wp\/v2\/product_tag?post=723085"}],"curies":[{"name":"wp","href":"https:\/\/api.w.org\/{rel}","templated":true}]}}