{"id":723079,"date":"2025-08-27T19:13:35","date_gmt":"2025-08-27T16:13:35","guid":{"rendered":"https:\/\/roveyayinevi.com.tr\/index.php\/urun\/nutuk-9\/"},"modified":"2026-04-16T02:31:00","modified_gmt":"2026-04-15T23:31:00","slug":"nutuk-9","status":"publish","type":"product","link":"https:\/\/roveyayinevi.com.tr\/index.php\/urun\/nutuk-9\/","title":{"rendered":"Nutuk"},"content":{"rendered":"<p>\u201cEy T\u00fcrk gen\u00e7li\u011fi! Birinci g\u00f6revin, T\u00fcrk ba\u011f\u0131ms\u0131zl\u0131\u011f\u0131n\u0131 ve cumhuriyetini sonsuza kadar korumak ve savunmakt\u0131r&#8230; &#8230;Zorla ve hileyle aziz vatan\u0131n b\u00fct\u00fcn kaleleri zapt edilmi\u015f, b\u00fct\u00fcn tersanelerine girilmi\u015f, b\u00fct\u00fcn ordular\u0131 da\u011f\u0131t\u0131lm\u0131\u015f ve memleketin her k\u00f6\u015fesi i\u015fgal edilmi\u015f olabilir. B\u00fct\u00fcn bu \u015fartlardan daha ac\u0131 ve tehlikeli olarak memlekette iktidarda bulunanlar aymazl\u0131k, sapk\u0131nl\u0131k hatta ihanet i\u00e7inde olabilirler. Hatta bu iktidar sahipleri, ki\u015fisel \u00e7\u0131karlar\u0131n\u0131 i\u015fgalcilerin siyasi ama\u00e7lar\u0131yla birle\u015ftirebilirler. Millet fakirlik ve \u00e7aresizlik i\u00e7inde yorgun ve bitkin d\u00fc\u015fm\u00fc\u015f olabilir. Ey T\u00fcrk gelece\u011finin evlad\u0131! \u0130\u015fte bu durum ve \u015fartlar i\u00e7inde bile g\u00f6revin T\u00fcrk ba\u011f\u0131ms\u0131zl\u0131\u011f\u0131n\u0131 ve cumhuriyetini kurtarmakt\u0131r. \u0130htiya\u00e7 duyaca\u011f\u0131n g\u00fc\u00e7, damarlar\u0131ndaki asil kanda mevcuttur!\u201d Mustafa Kemal Atat\u00fcrk   Nutuk, Mustafa Kemal Atat\u00fcrk\u2019\u00fcn \u00fclkemizin ba\u011f\u0131ms\u0131zl\u0131\u011f\u0131 u\u011fruna ya\u015fad\u0131klar\u0131n\u0131, her t\u00fcr zorlu\u011fa ra\u011fmen verdi\u011fi b\u00fcy\u00fck m\u00fccadeleyi anlatan \u00f6nemli bir eser. Kurtulu\u015f Sava\u015f\u0131, Milli M\u00fccadele, Cumhuriyet\u2019in ilan\u0131, Atat\u00fcrk \u0130lkeleri gibi tarihin seyrini de\u011fi\u015ftiren konular\u0131 kapsayan bu kitap, sadele\u015ftirilmi\u015f diliyle gelece\u011fin g\u00fcvencesi olan siz \u00e7ocuklara ve gen\u00e7lere, \u00fclkemize her ko\u015fulda sahip \u00e7\u0131kman\u0131z i\u00e7in ilham kayna\u011f\u0131 olacak. <\/p>\n","protected":false},"excerpt":{"rendered":"<p>\u201cEy T\u00fcrk gen\u00e7li\u011fi! Birinci g\u00f6revin, T\u00fcrk ba\u011f\u0131ms\u0131zl\u0131\u011f\u0131n\u0131 ve cumhuriyetini sonsuza kadar korumak ve savunmakt\u0131r&#8230; &#8230;Zorla ve hileyle aziz vatan\u0131n b\u00fct\u00fcn kaleleri zapt edilmi\u015f, b\u00fct\u00fcn tersanelerine girilmi\u015f,<span class=\"excerpt-hellip\"> [\u2026]<\/span><\/p>\n","protected":false},"featured_media":0,"template":"","meta":{"_monsterinsights_skip_tracking":false,"_monsterinsights_sitenote_active":false,"_monsterinsights_sitenote_note":"","_monsterinsights_sitenote_category":0},"product_brand":[],"product_cat":[12530,12304],"product_tag":[],"class_list":{"0":"post-723079","1":"product","2":"type-product","3":"status-publish","5":"product_cat-mustafa-kemal-ataturk","6":"product_cat-tarih","7":"pa_cilt-ciltsiz","8":"pa_tur-kitap","9":"pa_yayinevi-masalperest","10":"pa_yazar-mustafa-kemal-ataturk","12":"first","13":"instock","14":"sale","15":"shipping-taxable","16":"purchasable","17":"product-type-simple"},"_links":{"self":[{"href":"https:\/\/roveyayinevi.com.tr\/index.php\/wp-json\/wp\/v2\/product\/723079","targetHints":{"allow":["GET"]}}],"collection":[{"href":"https:\/\/roveyayinevi.com.tr\/index.php\/wp-json\/wp\/v2\/product"}],"about":[{"href":"https:\/\/roveyayinevi.com.tr\/index.php\/wp-json\/wp\/v2\/types\/product"}],"wp:attachment":[{"href":"https:\/\/roveyayinevi.com.tr\/index.php\/wp-json\/wp\/v2\/media?parent=723079"}],"wp:term":[{"taxonomy":"product_brand","embeddable":true,"href":"https:\/\/roveyayinevi.com.tr\/index.php\/wp-json\/wp\/v2\/product_brand?post=723079"},{"taxonomy":"product_cat","embeddable":true,"href":"https:\/\/roveyayinevi.com.tr\/index.php\/wp-json\/wp\/v2\/product_cat?post=723079"},{"taxonomy":"product_tag","embeddable":true,"href":"https:\/\/roveyayinevi.com.tr\/index.php\/wp-json\/wp\/v2\/product_tag?post=723079"}],"curies":[{"name":"wp","href":"https:\/\/api.w.org\/{rel}","templated":true}]}}