{"id":722930,"date":"2025-08-27T19:10:59","date_gmt":"2025-08-27T16:10:59","guid":{"rendered":"https:\/\/roveyayinevi.com.tr\/index.php\/urun\/azerbaycan-turkiye-stratejik-ortakligi\/"},"modified":"2026-04-16T02:30:57","modified_gmt":"2026-04-15T23:30:57","slug":"azerbaycan-turkiye-stratejik-ortakligi","status":"publish","type":"product","link":"https:\/\/roveyayinevi.com.tr\/index.php\/urun\/azerbaycan-turkiye-stratejik-ortakligi\/","title":{"rendered":"Azerbaycan &#8211; T\u00fcrkiye Stratejik Ortakl\u0131\u011f\u0131"},"content":{"rendered":"<p>T\u00fcrkiye-Azerbaycan stratejik ortakl\u0131\u011f\u0131ndan s\u00fcrekli bahsedilse de, elinizdeki kitap bu ili\u015fkileri \u201cstratejik ortakl\u0131k\u201d kavram\u0131 \u00e7er\u00e7evesinde b\u00fct\u00fcn boyutlar\u0131 ile ele alan ve inceleyen ilk kitapt\u0131r. Kitapta T\u00fcrkiye-Azerbaycan stratejik ortakl\u0131\u011f\u0131 tarih\u00ee, k\u00fclt\u00fcrel ve etnik boyutlar\u0131 dikkate al\u0131narak iki ayr\u0131 d\u00f6nemde incelenmi\u015ftir:20. y\u00fczy\u0131l\u0131n ba\u015f\u0131ndan itibaren 1920`ye kadar olan d\u00f6nem ve 1991-2018 aras\u0131 d\u00f6nem. \u0130ki \u00fclke aras\u0131ndaki bug\u00fcnk\u00fc stratejik ortakl\u0131\u011f\u0131n tarih\u00ee boyutunu ele almadan de\u011ferlendirmek eksik bir yakla\u015f\u0131m olaca\u011f\u0131 i\u00e7in bug\u00fcnk\u00fc T\u00fcrkiye-Azerbaycan stratejik ortakl\u0131\u011f\u0131na bak\u0131\u015f XIX. y\u00fczy\u0131l\u0131n sonu XX. y\u00fczy\u0131l\u0131n ba\u015flar\u0131ndan ba\u015flat\u0131lm\u0131\u015ft\u0131r. \u00c7\u00fcnk\u00fc, iki \u00fclkenin milliyet\u00e7i-muhafazak\u00e2r ayd\u0131nlar\u0131 aras\u0131nda XIX. y\u00fczy\u0131l\u0131n sonu, XX. y\u00fczy\u0131l\u0131n ba\u015flar\u0131nda ya\u015fanan entelekt\u00fcel etkile\u015fimin daha sonra Azerbaycan Halk Cumhuriyeti ve Osmanl\u0131 ili\u015fkilerine etkileri bug\u00fcnk\u00fc T\u00fcrkiye-Azerbaycan ili\u015fkilerinde kendini hissettirmektedir. Kitab\u0131n birinci b\u00f6l\u00fcm\u00fc bu anlamda iki \u00fclkenin stratejik ortakl\u0131\u011f\u0131n\u0131n tarihi temellerini kapsamaktad\u0131r.Azerbaycan 1991 y\u0131l\u0131nda yeniden ba\u011f\u0131ms\u0131zl\u0131\u011f\u0131n\u0131 kazand\u0131ktan sonra ili\u015fkiler h\u0131zla geli\u015ferek stratejik ortakl\u0131k boyutuna ula\u015ft\u0131. Taraflar aras\u0131nda 1997 y\u0131l\u0131nda imzalanan &#8220;Stratejik \u0130\u015fbirli\u011fi Hakk\u0131nda Bildiri&#8221;, 2001 y\u0131l\u0131nda imzalanan &#8220;Derinle\u015ftirilmi\u015f Stratejik \u0130\u015fbirli\u011fi Hakk\u0131nda Bildiri&#8221; ve 2010 y\u0131l\u0131nda imzalanan &#8220;Stratejik Ortakl\u0131k ve Kar\u015f\u0131l\u0131kl\u0131 Yard\u0131mla\u015fma Hakk\u0131nda Anla\u015fma&#8221; iki \u00fclke aras\u0131nda stratejik ortakl\u0131\u011f\u0131n belgeleri olarak bilinmektedir. 2007 y\u0131l\u0131nda kurulan \u00dcst D\u00fczey Askeri Diyalog ve 2010 y\u0131l\u0131nda kurulan Y\u00fcksek D\u00fczeyli Stratejik \u0130\u015fbirli\u011fi Konseyi ortaklar\u0131n askeri, d\u0131\u015f politika ve b\u00f6lgesel politikalarda stratejik hedeflerini kar\u015f\u0131l\u0131kl\u0131 bilgilen, uyumla\u015ft\u0131rma ve koordinasyon sa\u011flama imk\u00e2n\u0131n\u0131 vermi\u015ftir.T\u00fcrkiye ve Azerbaycan ili\u015fkileri, Ankara ve Bak\u00fc`n\u00fcn son d\u00f6nemlerde artan b\u00f6lgesel ve k\u00fcresel \u00f6nemleri nedeniyle sadece iki devlet aras\u0131ndaki ili\u015fkiler anlam\u0131na gelmemektedir. \u0130ki devlet aras\u0131nda ortaya \u00e7\u0131kan stratejik ortakl\u0131k, Orta Asya-G\u00fcney Kafkasya-Karadeniz-Akdeniz b\u00f6lgesinde geli\u015fen olaylara bir cevap mahiyetindedir. Bu ba\u011flamda bu kitap sadece iki \u00fclke aras\u0131ndaki ili\u015fkileri de\u011fil, yukar\u0131da bahsi ge\u00e7en b\u00f6lgesel olaylar\u0131n anla\u015f\u0131lmas\u0131 a\u00e7\u0131s\u0131ndan da \u00f6nemli bir muhtevaya sahiptir.<\/p>\n","protected":false},"excerpt":{"rendered":"<p>T\u00fcrkiye-Azerbaycan stratejik ortakl\u0131\u011f\u0131ndan s\u00fcrekli bahsedilse de, elinizdeki kitap bu ili\u015fkileri \u201cstratejik ortakl\u0131k\u201d kavram\u0131 \u00e7er\u00e7evesinde b\u00fct\u00fcn boyutlar\u0131 ile ele alan ve inceleyen ilk kitapt\u0131r. Kitapta T\u00fcrkiye-Azerbaycan stratejik<span class=\"excerpt-hellip\"> [\u2026]<\/span><\/p>\n","protected":false},"featured_media":0,"template":"","meta":{"_monsterinsights_skip_tracking":false,"_monsterinsights_sitenote_active":false,"_monsterinsights_sitenote_note":"","_monsterinsights_sitenote_category":0},"product_brand":[],"product_cat":[48062,12337],"product_tag":[],"class_list":{"0":"post-722930","1":"product","2":"type-product","3":"status-publish","5":"product_cat-dis-politika","6":"product_cat-politika-siyaset","7":"pa_cilt-ciltsiz","8":"pa_tur-kitap","9":"pa_yayinevi-otuken-nesriyat","10":"pa_yazar-cavid-veliyev","12":"first","13":"instock","14":"sale","15":"shipping-taxable","16":"purchasable","17":"product-type-simple"},"_links":{"self":[{"href":"https:\/\/roveyayinevi.com.tr\/index.php\/wp-json\/wp\/v2\/product\/722930","targetHints":{"allow":["GET"]}}],"collection":[{"href":"https:\/\/roveyayinevi.com.tr\/index.php\/wp-json\/wp\/v2\/product"}],"about":[{"href":"https:\/\/roveyayinevi.com.tr\/index.php\/wp-json\/wp\/v2\/types\/product"}],"wp:attachment":[{"href":"https:\/\/roveyayinevi.com.tr\/index.php\/wp-json\/wp\/v2\/media?parent=722930"}],"wp:term":[{"taxonomy":"product_brand","embeddable":true,"href":"https:\/\/roveyayinevi.com.tr\/index.php\/wp-json\/wp\/v2\/product_brand?post=722930"},{"taxonomy":"product_cat","embeddable":true,"href":"https:\/\/roveyayinevi.com.tr\/index.php\/wp-json\/wp\/v2\/product_cat?post=722930"},{"taxonomy":"product_tag","embeddable":true,"href":"https:\/\/roveyayinevi.com.tr\/index.php\/wp-json\/wp\/v2\/product_tag?post=722930"}],"curies":[{"name":"wp","href":"https:\/\/api.w.org\/{rel}","templated":true}]}}