{"id":722869,"date":"2025-08-27T19:10:11","date_gmt":"2025-08-27T16:10:11","guid":{"rendered":"https:\/\/roveyayinevi.com.tr\/index.php\/urun\/yildizlardan-donus\/"},"modified":"2026-01-20T02:54:49","modified_gmt":"2026-01-19T23:54:49","slug":"yildizlardan-donus","status":"publish","type":"product","link":"https:\/\/roveyayinevi.com.tr\/index.php\/urun\/yildizlardan-donus\/","title":{"rendered":"Y\u0131ld\u0131zlardan  D\u00f6n\u00fc\u015f"},"content":{"rendered":"<p>\u201cLem\u2019in edebi ve sezgisel yakla\u015f\u0131m\u0131, okuyucular\u0131 en sa\u011flam bilimsel makalelerden bile daha iyi ikna ediyor.\u201d \u2013Douglas R. Hofstadter ve Daniel C. Dennett Hal Bregg, uzay g\u00f6revinden d\u00fcnyaya d\u00f6n\u00fc\u015f yapan bir astronottur. Onun biyolojik saatine g\u00f6re on y\u0131l ge\u00e7se de D\u00fcnya zaman\u0131yla 127 y\u0131l ge\u00e7mi\u015ftir. D\u00fcnya, kendi tabirleriyle \u201cbetrize\u201d olmu\u015f insanlarla dolu tan\u0131nmaz bir yer haline gelmi\u015ftir. Bregg\u2019in, uygarl\u0131\u011f\u0131n ve ekonominin \u00fcst d\u00fczeyde oldu\u011fu, sava\u015flardan ar\u0131nm\u0131\u015f ve herhangi bir \u015fiddet belirtisi g\u00f6stermeyen bu yeni \u00fctopik d\u00fcnyaya uyum sa\u011flamak i\u00e7in sanc\u0131l\u0131 a\u015famalardan ge\u00e7mesi gerekiyordur. Ailesini ve arkada\u015flar\u0131n\u0131 kaybetmi\u015f eski astronot yabanc\u0131 bir d\u00fcnyada kendisini bulabilecek midir?<\/p>\n","protected":false},"excerpt":{"rendered":"<p>\u201cLem\u2019in edebi ve sezgisel yakla\u015f\u0131m\u0131, okuyucular\u0131 en sa\u011flam bilimsel makalelerden bile daha iyi ikna ediyor.\u201d \u2013Douglas R. Hofstadter ve Daniel C. Dennett Hal Bregg, uzay g\u00f6revinden<span class=\"excerpt-hellip\"> [\u2026]<\/span><\/p>\n","protected":false},"featured_media":0,"template":"","meta":{"_monsterinsights_skip_tracking":false,"_monsterinsights_sitenote_active":false,"_monsterinsights_sitenote_note":"","_monsterinsights_sitenote_category":0},"product_brand":[],"product_cat":[12540,12291],"product_tag":[],"class_list":{"0":"post-722869","1":"product","2":"type-product","3":"status-publish","5":"product_cat-bilim-kurgu","6":"product_cat-edebiyat","7":"pa_cilt-ciltsiz","8":"pa_tur-kitap","9":"pa_yayinevi-alfa-yayinlari","10":"pa_yazar-stanislaw-lem","12":"first","13":"instock","14":"sale","15":"shipping-taxable","16":"purchasable","17":"product-type-simple"},"_links":{"self":[{"href":"https:\/\/roveyayinevi.com.tr\/index.php\/wp-json\/wp\/v2\/product\/722869","targetHints":{"allow":["GET"]}}],"collection":[{"href":"https:\/\/roveyayinevi.com.tr\/index.php\/wp-json\/wp\/v2\/product"}],"about":[{"href":"https:\/\/roveyayinevi.com.tr\/index.php\/wp-json\/wp\/v2\/types\/product"}],"wp:attachment":[{"href":"https:\/\/roveyayinevi.com.tr\/index.php\/wp-json\/wp\/v2\/media?parent=722869"}],"wp:term":[{"taxonomy":"product_brand","embeddable":true,"href":"https:\/\/roveyayinevi.com.tr\/index.php\/wp-json\/wp\/v2\/product_brand?post=722869"},{"taxonomy":"product_cat","embeddable":true,"href":"https:\/\/roveyayinevi.com.tr\/index.php\/wp-json\/wp\/v2\/product_cat?post=722869"},{"taxonomy":"product_tag","embeddable":true,"href":"https:\/\/roveyayinevi.com.tr\/index.php\/wp-json\/wp\/v2\/product_tag?post=722869"}],"curies":[{"name":"wp","href":"https:\/\/api.w.org\/{rel}","templated":true}]}}