{"id":722864,"date":"2025-08-27T19:10:07","date_gmt":"2025-08-27T16:10:07","guid":{"rendered":"https:\/\/roveyayinevi.com.tr\/index.php\/urun\/varolusculuk-fenomenoloji-ontoloji\/"},"modified":"2026-04-16T02:30:40","modified_gmt":"2026-04-15T23:30:40","slug":"varolusculuk-fenomenoloji-ontoloji","status":"publish","type":"product","link":"https:\/\/roveyayinevi.com.tr\/index.php\/urun\/varolusculuk-fenomenoloji-ontoloji\/","title":{"rendered":"Varolu\u015f\u00e7uluk Fenomenoloji Ontoloji"},"content":{"rendered":"<p>\u201cVarolu\u015f\u00e7uluk, fenomenoloji ve ontoloji \u00fc\u00e7 \u00f6nemli y\u00f6nelimsellik d\u00fc\u015f\u00fcnce ve eylem i\u00e7in. Kitapta yer alan metinlerde bunun a\u015fik\u00e2r oldu\u011fu yerler var, bazense ama\u00e7 \u00f6rt\u00fck. D\u00fc\u015f\u00fcnmenin ya da felsefenin kurumsall\u0131\u011f\u0131 dendi\u011finde eklektik gibi ka\u00e7abiliyor. Gelgelelim, d\u00fc\u015f\u00fcnmenin kurumsall\u0131\u011f\u0131, felsefenin kendini daha rahat hissedebildi\u011fi bir yerin mevcudiyeti aray\u0131\u015f\u0131, d\u00fc\u015f\u00fcncenin ontolojik-tarihsel zeminine dair bize bir \u015feyler s\u00f6yl\u00fcyor. Bu y\u00fczden, \u00fc\u00e7 temel \u00e7a\u011fda\u015f felsefe ak\u0131m\u0131n\u0131 ele al\u0131rken, onlara zemin olan ve g\u00fcn\u00fcm\u00fczde onlar\u0131 bulu\u015fturan problemli alan\u0131 da heybemize katmak istedik.\u201dG\u00fc\u00e7l\u00fc Ate\u015fo\u011flu<\/p>\n","protected":false},"excerpt":{"rendered":"<p>\u201cVarolu\u015f\u00e7uluk, fenomenoloji ve ontoloji \u00fc\u00e7 \u00f6nemli y\u00f6nelimsellik d\u00fc\u015f\u00fcnce ve eylem i\u00e7in. Kitapta yer alan metinlerde bunun a\u015fik\u00e2r oldu\u011fu yerler var, bazense ama\u00e7 \u00f6rt\u00fck. D\u00fc\u015f\u00fcnmenin ya da<span class=\"excerpt-hellip\"> [\u2026]<\/span><\/p>\n","protected":false},"featured_media":0,"template":"","meta":{"_monsterinsights_skip_tracking":false,"_monsterinsights_sitenote_active":false,"_monsterinsights_sitenote_note":"","_monsterinsights_sitenote_category":0},"product_brand":[],"product_cat":[16038,12388],"product_tag":[],"class_list":{"0":"post-722864","1":"product","2":"type-product","3":"status-publish","5":"product_cat-arastirma-inceleme-referans-felsefe","6":"product_cat-felsefe","7":"pa_cilt-ciltsiz","8":"pa_tur-kitap","9":"pa_yayinevi-ayrinti-yayinlari","10":"pa_yazar-guclu-atesoglu","12":"first","13":"instock","14":"sale","15":"shipping-taxable","16":"purchasable","17":"product-type-simple"},"_links":{"self":[{"href":"https:\/\/roveyayinevi.com.tr\/index.php\/wp-json\/wp\/v2\/product\/722864","targetHints":{"allow":["GET"]}}],"collection":[{"href":"https:\/\/roveyayinevi.com.tr\/index.php\/wp-json\/wp\/v2\/product"}],"about":[{"href":"https:\/\/roveyayinevi.com.tr\/index.php\/wp-json\/wp\/v2\/types\/product"}],"wp:attachment":[{"href":"https:\/\/roveyayinevi.com.tr\/index.php\/wp-json\/wp\/v2\/media?parent=722864"}],"wp:term":[{"taxonomy":"product_brand","embeddable":true,"href":"https:\/\/roveyayinevi.com.tr\/index.php\/wp-json\/wp\/v2\/product_brand?post=722864"},{"taxonomy":"product_cat","embeddable":true,"href":"https:\/\/roveyayinevi.com.tr\/index.php\/wp-json\/wp\/v2\/product_cat?post=722864"},{"taxonomy":"product_tag","embeddable":true,"href":"https:\/\/roveyayinevi.com.tr\/index.php\/wp-json\/wp\/v2\/product_tag?post=722864"}],"curies":[{"name":"wp","href":"https:\/\/api.w.org\/{rel}","templated":true}]}}