{"id":722849,"date":"2025-08-27T19:09:55","date_gmt":"2025-08-27T16:09:55","guid":{"rendered":"https:\/\/roveyayinevi.com.tr\/index.php\/urun\/teori-ve-pratikte-felsefe-disiplinleri\/"},"modified":"2026-04-16T02:30:40","modified_gmt":"2026-04-15T23:30:40","slug":"teori-ve-pratikte-felsefe-disiplinleri","status":"publish","type":"product","link":"https:\/\/roveyayinevi.com.tr\/index.php\/urun\/teori-ve-pratikte-felsefe-disiplinleri\/","title":{"rendered":"Teori ve Pratikte Felsefe Disiplinleri"},"content":{"rendered":"<p>Felsefe, insan\u0131n, kendisi, do\u011fa ve \u00e7evresi hakk\u0131nda sorgulamalara giri\u015ferek s\u00fcrd\u00fcrd\u00fc\u011f\u00fc bir etkinlik olarak kendini g\u00f6sterir. Kendine y\u00f6nelen insan, ontoloji, metafizik, bilgi kuram\u0131 ve mant\u0131k gibi teorik felsefe disiplinleri ile y\u00fczle\u015fmek durumundad\u0131r. Peki ne i\u00e7in? Elbette ya\u015fam i\u00e7in. Ya\u015famdan kopuk en soyut felsefe bile, en sonunda ve daima insan ya\u015fam\u0131na ait bir fenomen olarak varl\u0131k bulur. Ya\u015fama y\u00f6nelik felsefi sorular ve \u00e7\u00f6z\u00fcm \u00f6nerileri, etik, estetik, tarih ve siyaset felsefesi gibi pratik felsefe disiplinlerini, insan\u0131n do\u011fal ya\u015fam\u0131ndan filizlendirir.   \u0130\u015fte elinizdeki eser, teori ve pratikte bu felsefe disiplinlerine ve temel sorunlar\u0131na giri\u015f yapmak isteyenler i\u00e7in duayen felsefeci Do\u011fan \u00d6zlem taraf\u0131ndan derlenen ve \u00e7evrilen yaz\u0131lardan olu\u015fmaktad\u0131r.<\/p>\n","protected":false},"excerpt":{"rendered":"<p>Felsefe, insan\u0131n, kendisi, do\u011fa ve \u00e7evresi hakk\u0131nda sorgulamalara giri\u015ferek s\u00fcrd\u00fcrd\u00fc\u011f\u00fc bir etkinlik olarak kendini g\u00f6sterir. Kendine y\u00f6nelen insan, ontoloji, metafizik, bilgi kuram\u0131 ve mant\u0131k gibi teorik<span class=\"excerpt-hellip\"> [\u2026]<\/span><\/p>\n","protected":false},"featured_media":0,"template":"","meta":{"_monsterinsights_skip_tracking":false,"_monsterinsights_sitenote_active":false,"_monsterinsights_sitenote_note":"","_monsterinsights_sitenote_category":0},"product_brand":[],"product_cat":[12388,15309],"product_tag":[],"class_list":{"0":"post-722849","1":"product","2":"type-product","3":"status-publish","5":"product_cat-felsefe","6":"product_cat-felsefi-akimlar","7":"pa_cilt-ciltsiz","8":"pa_tur-kitap","9":"pa_yayinevi-fol-kitap","10":"pa_yazar-kolektif","12":"first","13":"instock","14":"sale","15":"shipping-taxable","16":"purchasable","17":"product-type-simple"},"_links":{"self":[{"href":"https:\/\/roveyayinevi.com.tr\/index.php\/wp-json\/wp\/v2\/product\/722849","targetHints":{"allow":["GET"]}}],"collection":[{"href":"https:\/\/roveyayinevi.com.tr\/index.php\/wp-json\/wp\/v2\/product"}],"about":[{"href":"https:\/\/roveyayinevi.com.tr\/index.php\/wp-json\/wp\/v2\/types\/product"}],"wp:attachment":[{"href":"https:\/\/roveyayinevi.com.tr\/index.php\/wp-json\/wp\/v2\/media?parent=722849"}],"wp:term":[{"taxonomy":"product_brand","embeddable":true,"href":"https:\/\/roveyayinevi.com.tr\/index.php\/wp-json\/wp\/v2\/product_brand?post=722849"},{"taxonomy":"product_cat","embeddable":true,"href":"https:\/\/roveyayinevi.com.tr\/index.php\/wp-json\/wp\/v2\/product_cat?post=722849"},{"taxonomy":"product_tag","embeddable":true,"href":"https:\/\/roveyayinevi.com.tr\/index.php\/wp-json\/wp\/v2\/product_tag?post=722849"}],"curies":[{"name":"wp","href":"https:\/\/api.w.org\/{rel}","templated":true}]}}