{"id":722809,"date":"2025-08-27T19:09:16","date_gmt":"2025-08-27T16:09:16","guid":{"rendered":"https:\/\/roveyayinevi.com.tr\/index.php\/urun\/ankara-arastirmalari-dergisi-cilt-7-sayi-2-aralik-2019\/"},"modified":"2026-04-16T02:30:39","modified_gmt":"2026-04-15T23:30:39","slug":"ankara-arastirmalari-dergisi-cilt-7-sayi-2-aralik-2019","status":"publish","type":"product","link":"https:\/\/roveyayinevi.com.tr\/index.php\/urun\/ankara-arastirmalari-dergisi-cilt-7-sayi-2-aralik-2019\/","title":{"rendered":"Ankara Ara\u015ft\u0131rmalar\u0131 Dergisi Cilt: 7 Say\u0131: 2 Aral\u0131k 2019"},"content":{"rendered":"<p>Derginin ilk makalesi, Ankara\u2019da bulunan Suriyelilerin \u00f6zellikle biraraya gelmeyi tercih ettikleri Alt\u0131nda\u011f\u2019a ba\u011fl\u0131 \u00d6nder, Ulubey ve Alemda\u011f mahallelerindeki da\u011f\u0131l\u0131mlar\u0131n\u0131 ve buralardaki ya\u015fam \u015fekillerini getto ve kentsel adac\u0131k kavramlar\u0131ndan hareketle incelerken, di\u011feri \u00d6nder Mahallesi \u00f6zelinde ya\u015fad\u0131klar\u0131 mek\u00e2n\u0131 uyarlay\u0131p d\u00f6n\u00fc\u015ft\u00fcrmelerini merkeze alan bir anlay\u0131\u015fla Suriyelilerin Ankara\u2019daki ya\u015famlar\u0131n\u0131 ortaya koymaktad\u0131r.Apartman ya da gecekondu b\u00f6lgesi gibi farkl\u0131 mek\u00e2nlarda yerle\u015fim ile olu\u015fan gayri resmi ba\u011flar\u0131n protesto olaylar\u0131n\u0131 nas\u0131l etkiledi\u011fini \u00c7ayyolu ve Mamak\u2019taki farkl\u0131 mahallelerin polis kay\u0131tlar\u0131ndan ve sahadaki g\u00f6r\u00fc\u015fmelerden hareketle inceleyen makale ile kentimizin ekolojik dengesi i\u00e7in son derece \u00f6nemli olan \u0130mrahor Vadisi\u2019nde meydana gelen de\u011fi\u015fimleri, Ankara kent \u00e7eperinde ger\u00e7ekle\u015fen d\u00f6n\u00fc\u015f\u00fcmlerin g\u00fcncel bir \u00f6rne\u011fi olarak inceleyen makale de kentimiz i\u00e7in \u00f6nemli veriler ve de\u011ferli \u00f6neriler i\u00e7ermektedir.19. y\u00fczy\u0131l\u0131n son \u00e7eyre\u011finde, \u0130stasyon Caddesi ile bug\u00fcn Atat\u00fcrk Bulvar\u0131 olarak bilinen, kentin g\u00fcneyindeki ba\u011flara do\u011fru giden yolun kav\u015fa\u011f\u0131nda olu\u015fturulan ve son d\u00f6nemlerde \u00fclkemizin politik g\u00fcndeminde olan Millet Bah\u00e7esi kavram\u0131n\u0131n Ankara\u2019daki tarih\u00e7esi ile m\u00fcze at\u00f6lyelerinin \u00e7ocuklar\u0131n \u00f6\u011frenmelerine katk\u0131s\u0131n\u0131 inceleyen makaleler de okuyucular taraf\u0131ndan ilgiyle okunacakt\u0131r.Ankara sanat ya\u015fam\u0131na resim ve m\u00fczik anlam\u0131nda b\u00fcy\u00fck katk\u0131lar sa\u011flayan E\u015fref \u00dcren ve B\u00fclent Arel ile ilgili makalelere bu say\u0131m\u0131zda yer vermekten de ayr\u0131ca mutluluk duyuyoruz. Ya\u015fam\u0131n\u0131n son 45 y\u0131l\u0131n\u0131 Ankara\u2019da ge\u00e7iren, T\u00fcrkiye\u2019deki b\u00fcy\u00fck resim koleksiyonlar\u0131nda 100\u2019\u00fcn \u00fczerinde Ankara manzara resmi bulunan ve Ankara sanat \u00e7evresinde \u00f6nemli bir ki\u015filik olarak kabul edilen E\u015fref \u00dcren\u2019in, \u0130mren Er\u015fen koleksiyonunda bulunan, Ankara desenleri ilgi uyand\u0131racakt\u0131r. Cumhuriyet\u2019in ikinci ku\u015fak bestecilerinden B\u00fclent Arel\u2019in 1940-1965 y\u0131llar\u0131 aras\u0131nda Ankara\u2019da ge\u00e7irdi\u011fi e\u011fitim ve \u00e7al\u0131\u015fma ya\u015fam\u0131 ile T\u00fcrkiye\u2019de \u0130kinci D\u00fcnya Sava\u015f\u0131 sonras\u0131nda g\u00f6r\u00fclen siyasi ve k\u00fclt\u00fcrel de\u011fi\u015fimleri, \u00e7ok partili sisteme ge\u00e7i\u015ften sonra de\u011fi\u015fen iktidar dengelerine ve k\u00fclt\u00fcrel yakla\u015f\u0131mlar\u0131na ra\u011fmen, inatla yeniliklere a\u00e7\u0131k bir evrensellik anlay\u0131\u015f\u0131yla yapt\u0131\u011f\u0131 \u00e7al\u0131\u015fmalar\u0131 anlatan makale de ger\u00e7ekten okumaya de\u011fer bir \u00e7al\u0131\u015fma olmu\u015ftur.<\/p>\n","protected":false},"excerpt":{"rendered":"<p>Derginin ilk makalesi, Ankara\u2019da bulunan Suriyelilerin \u00f6zellikle biraraya gelmeyi tercih ettikleri Alt\u0131nda\u011f\u2019a ba\u011fl\u0131 \u00d6nder, Ulubey ve Alemda\u011f mahallelerindeki da\u011f\u0131l\u0131mlar\u0131n\u0131 ve buralardaki ya\u015fam \u015fekillerini getto ve kentsel<span class=\"excerpt-hellip\"> [\u2026]<\/span><\/p>\n","protected":false},"featured_media":0,"template":"","meta":{"_monsterinsights_skip_tracking":false,"_monsterinsights_sitenote_active":false,"_monsterinsights_sitenote_note":"","_monsterinsights_sitenote_category":0},"product_brand":[],"product_cat":[13527],"product_tag":[],"class_list":{"0":"post-722809","1":"product","2":"type-product","3":"status-publish","5":"product_cat-sureli-yayinlar","6":"pa_cilt-ciltsiz","7":"pa_tur-dergi","8":"pa_yayinevi-vekam-koc-universitesi-vehbi-koc-ankara-arastirmalari-uygulama-ve-arastirma-merkezi","9":"pa_yazar-kolektif","11":"first","12":"instock","13":"sale","14":"shipping-taxable","15":"purchasable","16":"product-type-simple"},"_links":{"self":[{"href":"https:\/\/roveyayinevi.com.tr\/index.php\/wp-json\/wp\/v2\/product\/722809","targetHints":{"allow":["GET"]}}],"collection":[{"href":"https:\/\/roveyayinevi.com.tr\/index.php\/wp-json\/wp\/v2\/product"}],"about":[{"href":"https:\/\/roveyayinevi.com.tr\/index.php\/wp-json\/wp\/v2\/types\/product"}],"wp:attachment":[{"href":"https:\/\/roveyayinevi.com.tr\/index.php\/wp-json\/wp\/v2\/media?parent=722809"}],"wp:term":[{"taxonomy":"product_brand","embeddable":true,"href":"https:\/\/roveyayinevi.com.tr\/index.php\/wp-json\/wp\/v2\/product_brand?post=722809"},{"taxonomy":"product_cat","embeddable":true,"href":"https:\/\/roveyayinevi.com.tr\/index.php\/wp-json\/wp\/v2\/product_cat?post=722809"},{"taxonomy":"product_tag","embeddable":true,"href":"https:\/\/roveyayinevi.com.tr\/index.php\/wp-json\/wp\/v2\/product_tag?post=722809"}],"curies":[{"name":"wp","href":"https:\/\/api.w.org\/{rel}","templated":true}]}}