{"id":722799,"date":"2025-08-27T19:09:08","date_gmt":"2025-08-27T16:09:08","guid":{"rendered":"https:\/\/roveyayinevi.com.tr\/index.php\/urun\/kusurlu-gecmis\/"},"modified":"2026-04-16T02:30:39","modified_gmt":"2026-04-15T23:30:39","slug":"kusurlu-gecmis","status":"publish","type":"product","link":"https:\/\/roveyayinevi.com.tr\/index.php\/urun\/kusurlu-gecmis\/","title":{"rendered":"Kusurlu Ge\u00e7mi\u015f"},"content":{"rendered":"<p>Tony Judt\u2019\u0131n \u00f6l\u00fcm\u00fcnden sonra haz\u0131rlanan bu son kitab\u0131n\u0131n oda\u011f\u0131n\u0131 \u0130kinci D\u00fcnya Sava\u015f\u0131 sonras\u0131nda Frans\u0131z entelekt\u00fcellerinin Avrupa k\u00fclt\u00fcrel ve siyasal ya\u015fam\u0131 i\u00e7indeki benzersiz se\u00e7kin rol\u00fc olu\u015fturuyor. Yazar bu entelekt\u00fcel camian\u0131n en ayr\u0131\u015ft\u0131r\u0131c\u0131 \u00e7at\u0131\u015fmalar\u0131n\u0131 analiz ediyor: Kom\u00fcnizmin vaadine ve ard\u0131ndan ihanetine nas\u0131l yakla\u015f\u0131laca\u011f\u0131 ile Stalin y\u00f6netimindeki Sovyetler Birli\u011fi\u2019nin ikiy\u00fczl\u00fcl\u00fc\u011f\u00fcyle kar\u015f\u0131la\u015f\u0131l\u0131nca, Do\u011fu Avrupa\u2019da yeni kurulan sosyalist devletlerde ve bizzat Fransa\u2019da radikal ideallere ba\u011fl\u0131l\u0131\u011f\u0131n nas\u0131l s\u00fcrd\u00fcr\u00fclece\u011fi&#8230;Judt bunun Frans\u0131z d\u00fc\u015f\u00fcnce d\u00fcnyas\u0131nda neden saplant\u0131l\u0131 bir ahlaki ikilem olu\u015fturdu\u011funu, tepkilerinin sava\u015f ve i\u015fgal \u015fartlar\u0131yla nas\u0131l belirlendi\u011fini ve sava\u015f sonras\u0131 siyasal tercihlerinin sonraki Frans\u0131z entelekt\u00fcel ku\u015faklar\u0131n\u0131n vicdan\u0131nda nas\u0131l tedirgin edici bir yer tuttu\u011funu g\u00f6steriyor.Judt\u2019\u0131n analizi Jean-Paul Sartre, Albert Camus ve Simone de Beauvoir gibi reva\u00e7taki \u201cvarolu\u015f\u00e7u\u201d \u015fahsiyetlerin yaz\u0131lar\u0131n\u0131n \u00f6tesine ge\u00e7erek, Katolik felsefecilerin, ba\u011f\u0131ms\u0131z gazetecilerin, kom\u00fcnist ve kom\u00fcnist olmayan edebiyat ele\u015ftirmenleri ile \u015fairlerin yer ald\u0131\u011f\u0131 geni\u015f bir entelekt\u00fcel camiay\u0131 kaps\u0131yor.\u201cJudt derin bilgisiyle ve ele\u015ftirel sezginin rahat\u00e7a okunan harika bir t\u00fcr\u00fcyle, [\u2026] \u0130kinci D\u00fcnya Sava\u015f\u0131\u2019n\u0131n hemen sonras\u0131ndaki Frans\u0131z fikir hayat\u0131n\u0131 inceliyor. [\u2026] Fikirlerle dolup ta\u015fan bu kitap, kapsaml\u0131 bir entelekt\u00fcel teori sunuyor. Heyecan verici bir polemik tarz\u0131nda, ilgiyi s\u00fcrekli canl\u0131 tutuyor ve insan\u0131 d\u00fc\u015f\u00fcnmeye k\u0131\u015fk\u0131rt\u0131yor.\u201d- The Washington Post\u201cYirminci y\u00fczy\u0131l Frans\u0131z edebiyat\u0131n\u0131n sayfalar\u0131nda keyifle gezinmi\u015f olanlar\u0131n kan\u0131n\u0131 donduracak ve soluk kesici sars\u0131c\u0131l\u0131kta bir uzmanl\u0131k \u00e7al\u0131\u015fmas\u0131. [\u2026] \u00d6zenle okunacak bir kitap.\u201d- The American Spectator\u201cKusurlu Ge\u00e7mi\u015f fikir hayat\u0131 a\u00e7\u0131s\u0131ndan ini\u015fli \u00e7\u0131k\u0131\u015fl\u0131 y\u0131llar\u0131n [1944-1956] a\u00e7\u0131k s\u00f6zl\u00fc ve al\u0131\u015f\u0131lmam\u0131\u015f \u00f6l\u00e7\u00fcde heyecan dolu bir incelemesi. Judt [\u2026] konu edindi\u011fi ideolojik cambazlar\u0131 anlatman\u0131n \u00f6tesine ge\u00e7iyor; siyasal d\u00fc\u015f\u00fcncelerini siyasal ger\u00e7eklikle s\u0131namayan entelekt\u00fcelleri ac\u0131mas\u0131zl\u0131klar\u0131 nedeniyle su\u00e7luyor.\u201d- New York Times Book Review<\/p>\n","protected":false},"excerpt":{"rendered":"<p>Tony Judt\u2019\u0131n \u00f6l\u00fcm\u00fcnden sonra haz\u0131rlanan bu son kitab\u0131n\u0131n oda\u011f\u0131n\u0131 \u0130kinci D\u00fcnya Sava\u015f\u0131 sonras\u0131nda Frans\u0131z entelekt\u00fcellerinin Avrupa k\u00fclt\u00fcrel ve siyasal ya\u015fam\u0131 i\u00e7indeki benzersiz se\u00e7kin rol\u00fc olu\u015fturuyor. Yazar<span class=\"excerpt-hellip\"> [\u2026]<\/span><\/p>\n","protected":false},"featured_media":0,"template":"","meta":{"_monsterinsights_skip_tracking":false,"_monsterinsights_sitenote_active":false,"_monsterinsights_sitenote_note":"","_monsterinsights_sitenote_category":0},"product_brand":[],"product_cat":[12305,12304],"product_tag":[],"class_list":{"0":"post-722799","1":"product","2":"type-product","3":"status-publish","5":"product_cat-dunya-tarihi","6":"product_cat-tarih","7":"pa_cilt-ciltsiz","8":"pa_tur-kitap","9":"pa_yayinevi-yapi-kredi-yayinlari","10":"pa_yazar-tony-judt","12":"first","13":"instock","14":"sale","15":"shipping-taxable","16":"purchasable","17":"product-type-simple"},"_links":{"self":[{"href":"https:\/\/roveyayinevi.com.tr\/index.php\/wp-json\/wp\/v2\/product\/722799","targetHints":{"allow":["GET"]}}],"collection":[{"href":"https:\/\/roveyayinevi.com.tr\/index.php\/wp-json\/wp\/v2\/product"}],"about":[{"href":"https:\/\/roveyayinevi.com.tr\/index.php\/wp-json\/wp\/v2\/types\/product"}],"wp:attachment":[{"href":"https:\/\/roveyayinevi.com.tr\/index.php\/wp-json\/wp\/v2\/media?parent=722799"}],"wp:term":[{"taxonomy":"product_brand","embeddable":true,"href":"https:\/\/roveyayinevi.com.tr\/index.php\/wp-json\/wp\/v2\/product_brand?post=722799"},{"taxonomy":"product_cat","embeddable":true,"href":"https:\/\/roveyayinevi.com.tr\/index.php\/wp-json\/wp\/v2\/product_cat?post=722799"},{"taxonomy":"product_tag","embeddable":true,"href":"https:\/\/roveyayinevi.com.tr\/index.php\/wp-json\/wp\/v2\/product_tag?post=722799"}],"curies":[{"name":"wp","href":"https:\/\/api.w.org\/{rel}","templated":true}]}}