{"id":722754,"date":"2025-08-27T19:08:34","date_gmt":"2025-08-27T16:08:34","guid":{"rendered":"https:\/\/roveyayinevi.com.tr\/index.php\/urun\/ataturkun-katilleri\/"},"modified":"2026-04-16T02:30:37","modified_gmt":"2026-04-15T23:30:37","slug":"ataturkun-katilleri","status":"publish","type":"product","link":"https:\/\/roveyayinevi.com.tr\/index.php\/urun\/ataturkun-katilleri\/","title":{"rendered":"Atat\u00fcrk\u2019\u00fcn Katilleri"},"content":{"rendered":"<p>UNESCO\u2019nun Atat\u00fcrk tan\u0131m\u0131: \u201cAtat\u00fcrk, uluslararas\u0131 anlay\u0131\u015f, i\u015fbirli\u011fi, bar\u0131\u015f yolunda \u00e7aba g\u00f6stermi\u015f \u00fcst\u00fcn ki\u015fi, ola\u011fan\u00fcst\u00fc devrimler ger\u00e7ekle\u015ftirmi\u015f bir devrimci, s\u00f6m\u00fcrgecilik ve yay\u0131lmac\u0131l\u0131\u011fa kar\u015f\u0131 sava\u015fan ilk \u00f6nder, insan haklar\u0131na sayg\u0131l\u0131, d\u00fcnya bar\u0131\u015f\u0131n\u0131n \u00f6nc\u00fcs\u00fc, ya\u015fam\u0131 boyunca insanlar aras\u0131nda renk, dil, din, \u0131rk ayr\u0131m\u0131 g\u00f6zetmeyen, e\u015fi olmayan devlet adam\u0131, T\u00fcrkiye Cumhuriyeti\u2019nin kurucusudur.\u201dFranklin Roosevelt (ABD Ba\u015fkan\u0131): \u201cBenim \u00fcz\u00fcnt\u00fcm, bu adamla tan\u0131\u015fmak hususundaki \u015fiddetli arzumun ger\u00e7ekle\u015fmesine art\u0131k imk\u00e2n kalmam\u0131\u015f olmas\u0131d\u0131r.\u201d Winston Churchill (\u0130ngiltere Ba\u015fbakan\u0131): \u201cSava\u015fta T\u00fcrkiye\u2019yi kurtaran, sava\u015ftan sonra da T\u00fcrk ulusunu yeniden dirilten Atat\u00fcrk\u2019\u00fcn \u00f6l\u00fcm\u00fc, yaln\u0131z yurdu i\u00e7in de\u011fil, Avrupa i\u00e7in de en b\u00fcy\u00fck kay\u0131pt\u0131r. Her s\u0131n\u0131f halk\u0131n onun ard\u0131ndan d\u00f6kt\u00fckleri i\u00e7ten g\u00f6zya\u015flar\u0131 bu b\u00fcy\u00fck kahramana ve modern T\u00fcrkiye\u2019nin Ata\u2019s\u0131na lay\u0131k bir tezah\u00fcrden ba\u015fka bir \u015fey de\u011fildir.\u201dBirka\u00e7 \u00f6rnekle tekrar hat\u0131rlatmakta fayda var. D\u00fcnya \u00f6n\u00fcnde e\u011filiyor Atat\u00fcrk\u2019\u00fcn. Biz ise dirisine sahip \u00e7\u0131kamad\u0131\u011f\u0131m\u0131z gibi \u00f6l\u00fcs\u00fcne bile sayg\u0131 duymayanlar\u0131n ya\u015fad\u0131\u011f\u0131, \u00fcstelik de onun kurdu\u011fu bir \u00fclkede ya\u015famaya \u00e7al\u0131\u015f\u0131yoruz.D\u00fcnya \u00fczerinde onlarca \u00fclkede heykel, an\u0131t, cadde ve sokak isimleri Mustafa Kemal Atat\u00fcrk ismiyle resmile\u015ftirilmi\u015f. Biz ise m\u00fcmk\u00fcn oldu\u011funca ismini silerek, kendi i\u00e7imizde olanlarla bo\u011fu\u015fuyoruz.Kurtulu\u015f Sava\u015f\u0131\u2019n\u0131 unutmu\u015f, kahramanlar\u0131na nefret besleyen, kurulu\u015funu ayaklar alt\u0131na alm\u0131\u015f bir toplum haline gelebilmenin yeg\u00e2ne gerek\u00e7esi i\u00e7 mihraklar ve d\u0131\u015f mihraklar beraberce T\u00fcrk milletini ve Atat\u00fcrk\u2019\u00fc bu topraklardan nas\u0131l sileriz \u00e7al\u0131\u015fmas\u0131n\u0131 aral\u0131ks\u0131z 82 y\u0131ld\u0131r yapt\u0131lar. Sonu\u00e7lar\u0131 ise ortada. Silemediler, \u00e7\u00fcnk\u00fc \u201c\u00d6lmedi ya\u015f\u0131yor&#8230;\u201d diyoruz. Bu y\u00fczden silemediler.Bu kitap, Mustafa Kemal Atat\u00fcrk\u2019\u00fcn i\u00e7 ve d\u0131\u015f mihraklarca suikast sonucu \u00f6ld\u00fcr\u00fcld\u00fc\u011f\u00fcn\u00fc kesin ve net bilgi ve belgelerle ortaya koyan, T\u00fcrkiye Cumhuriyeti s\u0131n\u0131rlar\u0131 i\u00e7erisinde yaz\u0131lm\u0131\u015f ve d\u00fcnya \u00fczerinde \u00f6rne\u011fi olmayan tek belge ve bilgiye dayal\u0131, bizzat taraf\u0131mdan haz\u0131rlanm\u0131\u015f, yani dosya olarak birilerinden al\u0131nmam\u0131\u015f ara\u015ft\u0131rmac\u0131-gazetecilik kitab\u0131d\u0131r.<\/p>\n","protected":false},"excerpt":{"rendered":"<p>UNESCO\u2019nun Atat\u00fcrk tan\u0131m\u0131: \u201cAtat\u00fcrk, uluslararas\u0131 anlay\u0131\u015f, i\u015fbirli\u011fi, bar\u0131\u015f yolunda \u00e7aba g\u00f6stermi\u015f \u00fcst\u00fcn ki\u015fi, ola\u011fan\u00fcst\u00fc devrimler ger\u00e7ekle\u015ftirmi\u015f bir devrimci, s\u00f6m\u00fcrgecilik ve yay\u0131lmac\u0131l\u0131\u011fa kar\u015f\u0131 sava\u015fan ilk \u00f6nder, insan<span class=\"excerpt-hellip\"> [\u2026]<\/span><\/p>\n","protected":false},"featured_media":0,"template":"","meta":{"_monsterinsights_skip_tracking":false,"_monsterinsights_sitenote_active":false,"_monsterinsights_sitenote_note":"","_monsterinsights_sitenote_category":0},"product_brand":[],"product_cat":[12370,12304],"product_tag":[],"class_list":{"0":"post-722754","1":"product","2":"type-product","3":"status-publish","5":"product_cat-arastirma-inceleme","6":"product_cat-tarih","7":"pa_cilt-ciltsiz","8":"pa_tur-kitap","9":"pa_yayinevi-destek-yayinlari","10":"pa_yazar-huseyin-hakki-kahveci","12":"first","13":"instock","14":"sale","15":"shipping-taxable","16":"purchasable","17":"product-type-simple"},"_links":{"self":[{"href":"https:\/\/roveyayinevi.com.tr\/index.php\/wp-json\/wp\/v2\/product\/722754","targetHints":{"allow":["GET"]}}],"collection":[{"href":"https:\/\/roveyayinevi.com.tr\/index.php\/wp-json\/wp\/v2\/product"}],"about":[{"href":"https:\/\/roveyayinevi.com.tr\/index.php\/wp-json\/wp\/v2\/types\/product"}],"wp:attachment":[{"href":"https:\/\/roveyayinevi.com.tr\/index.php\/wp-json\/wp\/v2\/media?parent=722754"}],"wp:term":[{"taxonomy":"product_brand","embeddable":true,"href":"https:\/\/roveyayinevi.com.tr\/index.php\/wp-json\/wp\/v2\/product_brand?post=722754"},{"taxonomy":"product_cat","embeddable":true,"href":"https:\/\/roveyayinevi.com.tr\/index.php\/wp-json\/wp\/v2\/product_cat?post=722754"},{"taxonomy":"product_tag","embeddable":true,"href":"https:\/\/roveyayinevi.com.tr\/index.php\/wp-json\/wp\/v2\/product_tag?post=722754"}],"curies":[{"name":"wp","href":"https:\/\/api.w.org\/{rel}","templated":true}]}}