{"id":722677,"date":"2025-08-27T19:07:37","date_gmt":"2025-08-27T16:07:37","guid":{"rendered":"https:\/\/roveyayinevi.com.tr\/index.php\/urun\/deprem-affetmez\/"},"modified":"2026-04-16T02:30:36","modified_gmt":"2026-04-15T23:30:36","slug":"deprem-affetmez","status":"publish","type":"product","link":"https:\/\/roveyayinevi.com.tr\/index.php\/urun\/deprem-affetmez\/","title":{"rendered":"Deprem Affetmez"},"content":{"rendered":"<p>1999 Marmara depremlerinden bu yana, \u00fclkemizdeki faylar\u0131n yeri, derinli\u011fi, ne zaman harekete ge\u00e7ece\u011fi \u00e7ok tart\u0131\u015f\u0131ld\u0131, konu\u015fuldu. Fay konusunu \u00f6\u011frendik.Peki, bu bilgiler hayatta kalmam\u0131z\u0131 sa\u011flayacak m\u0131?Daha da \u00f6nemlisi: Depreme nerede yakalanaca\u011f\u0131z?Okulda m\u0131, y\u00fcksek bir binada m\u0131, sokakta, al\u0131\u015fveri\u015f merkezinde, otob\u00fcste ya da metro da m\u0131?Ve depremin s\u0131f\u0131r saniyesinde ne yapaca\u011f\u0131z?Mikdat Kad\u0131o\u011flu \u201cDepreme Haz\u0131r m\u0131s\u0131n?\u201d kitab\u0131nda hem bu sorular\u0131n cevaplar\u0131n\u0131 hem de bireysel ve toplumsal olarak neler yap\u0131lmas\u0131 gerekti\u011fini ayr\u0131nt\u0131lar\u0131yla ele alarak, depremde kar\u015f\u0131la\u015fabilece\u011fimiz farkl\u0131 durumlarda hayatta kalmam\u0131z\u0131 sa\u011flayacak bilgileri veriyor.<\/p>\n","protected":false},"excerpt":{"rendered":"<p>1999 Marmara depremlerinden bu yana, \u00fclkemizdeki faylar\u0131n yeri, derinli\u011fi, ne zaman harekete ge\u00e7ece\u011fi \u00e7ok tart\u0131\u015f\u0131ld\u0131, konu\u015fuldu. Fay konusunu \u00f6\u011frendik.Peki, bu bilgiler hayatta kalmam\u0131z\u0131 sa\u011flayacak m\u0131?Daha da<span class=\"excerpt-hellip\"> [\u2026]<\/span><\/p>\n","protected":false},"featured_media":0,"template":"","meta":{"_monsterinsights_skip_tracking":false,"_monsterinsights_sitenote_active":false,"_monsterinsights_sitenote_note":"","_monsterinsights_sitenote_category":0},"product_brand":[],"product_cat":[13772,12364],"product_tag":[],"class_list":{"0":"post-722677","1":"product","2":"type-product","3":"status-publish","5":"product_cat-basvuru-kitaplari","6":"product_cat-genel-konular","7":"pa_cilt-ciltsiz","8":"pa_tur-kitap","9":"pa_yayinevi-tekin-yayinevi","10":"pa_yazar-mikdat-kadioglu","12":"first","13":"instock","14":"sale","15":"shipping-taxable","16":"purchasable","17":"product-type-simple"},"_links":{"self":[{"href":"https:\/\/roveyayinevi.com.tr\/index.php\/wp-json\/wp\/v2\/product\/722677","targetHints":{"allow":["GET"]}}],"collection":[{"href":"https:\/\/roveyayinevi.com.tr\/index.php\/wp-json\/wp\/v2\/product"}],"about":[{"href":"https:\/\/roveyayinevi.com.tr\/index.php\/wp-json\/wp\/v2\/types\/product"}],"wp:attachment":[{"href":"https:\/\/roveyayinevi.com.tr\/index.php\/wp-json\/wp\/v2\/media?parent=722677"}],"wp:term":[{"taxonomy":"product_brand","embeddable":true,"href":"https:\/\/roveyayinevi.com.tr\/index.php\/wp-json\/wp\/v2\/product_brand?post=722677"},{"taxonomy":"product_cat","embeddable":true,"href":"https:\/\/roveyayinevi.com.tr\/index.php\/wp-json\/wp\/v2\/product_cat?post=722677"},{"taxonomy":"product_tag","embeddable":true,"href":"https:\/\/roveyayinevi.com.tr\/index.php\/wp-json\/wp\/v2\/product_tag?post=722677"}],"curies":[{"name":"wp","href":"https:\/\/api.w.org\/{rel}","templated":true}]}}