{"id":722662,"date":"2025-08-27T19:07:26","date_gmt":"2025-08-27T16:07:26","guid":{"rendered":"https:\/\/roveyayinevi.com.tr\/index.php\/urun\/l-wittgenstein-temel-kavram-ve-sorunlar\/"},"modified":"2026-04-16T02:30:35","modified_gmt":"2026-04-15T23:30:35","slug":"l-wittgenstein-temel-kavram-ve-sorunlar","status":"publish","type":"product","link":"https:\/\/roveyayinevi.com.tr\/index.php\/urun\/l-wittgenstein-temel-kavram-ve-sorunlar\/","title":{"rendered":"L. Wittgenstein : Temel Kavram ve Sorunlar"},"content":{"rendered":"<p>Bu kitap ana kavram ve sorunlar\u0131yla Wittgenstein felsefesini oraya koymaya \u00e7al\u0131\u015fan bir Wittgenstein alb\u00fcm\u00fc olarak okunabilir. Tek bir dil geli\u015ftirme \u00e7abas\u0131yla ba\u015flay\u0131p dilin kullan\u0131mlar\u0131na hi\u00e7bir m\u00fcdahalede bulunmama, sadece \u00e7e\u015fitli ya\u015fam ba\u011flamlar\u0131nda oynanan dil oyunlar\u0131 \u00e7oklu\u011funu g\u00f6zler \u00f6n\u00fcne sermeyle biten bir felsefe \u00e7izgisini t\u00fcketici bir bi\u00e7imde sunmak a\u015f\u0131r\u0131 bir iddia olurdu. Burada onun dil (ve\/veya mant\u0131k) ve metafizik sorunlar\u0131n\u0131 ele alan kimi yaz\u0131lara oldu\u011fu kadar, estetik ve etikle ilgili \u00e7al\u0131\u015fmalar\u0131n\u0131 ele alan yaz\u0131lar\u0131 da yer verilmi\u015ftir. Bunun Wittgenstein d\u00fc\u015f\u00fcncesini de\u011fi\u015fen ve ayn\u0131 kalan yanlar\u0131yla anlamaya yard\u0131mc\u0131 olmas\u0131 beklenmektedir.<\/p>\n","protected":false},"excerpt":{"rendered":"<p>Bu kitap ana kavram ve sorunlar\u0131yla Wittgenstein felsefesini oraya koymaya \u00e7al\u0131\u015fan bir Wittgenstein alb\u00fcm\u00fc olarak okunabilir. Tek bir dil geli\u015ftirme \u00e7abas\u0131yla ba\u015flay\u0131p dilin kullan\u0131mlar\u0131na hi\u00e7bir m\u00fcdahalede<span class=\"excerpt-hellip\"> [\u2026]<\/span><\/p>\n","protected":false},"featured_media":0,"template":"","meta":{"_monsterinsights_skip_tracking":false,"_monsterinsights_sitenote_active":false,"_monsterinsights_sitenote_note":"","_monsterinsights_sitenote_category":0},"product_brand":[],"product_cat":[16038,12388],"product_tag":[],"class_list":{"0":"post-722662","1":"product","2":"type-product","3":"status-publish","5":"product_cat-arastirma-inceleme-referans-felsefe","6":"product_cat-felsefe","7":"pa_cilt-ciltsiz","8":"pa_tur-kitap","9":"pa_yayinevi-bilgesu-yayincilik","10":"pa_yazar-harun-tepe-birdal-akar","12":"first","13":"instock","14":"sale","15":"shipping-taxable","16":"purchasable","17":"product-type-simple"},"_links":{"self":[{"href":"https:\/\/roveyayinevi.com.tr\/index.php\/wp-json\/wp\/v2\/product\/722662","targetHints":{"allow":["GET"]}}],"collection":[{"href":"https:\/\/roveyayinevi.com.tr\/index.php\/wp-json\/wp\/v2\/product"}],"about":[{"href":"https:\/\/roveyayinevi.com.tr\/index.php\/wp-json\/wp\/v2\/types\/product"}],"wp:attachment":[{"href":"https:\/\/roveyayinevi.com.tr\/index.php\/wp-json\/wp\/v2\/media?parent=722662"}],"wp:term":[{"taxonomy":"product_brand","embeddable":true,"href":"https:\/\/roveyayinevi.com.tr\/index.php\/wp-json\/wp\/v2\/product_brand?post=722662"},{"taxonomy":"product_cat","embeddable":true,"href":"https:\/\/roveyayinevi.com.tr\/index.php\/wp-json\/wp\/v2\/product_cat?post=722662"},{"taxonomy":"product_tag","embeddable":true,"href":"https:\/\/roveyayinevi.com.tr\/index.php\/wp-json\/wp\/v2\/product_tag?post=722662"}],"curies":[{"name":"wp","href":"https:\/\/api.w.org\/{rel}","templated":true}]}}