{"id":722615,"date":"2025-08-27T19:06:47","date_gmt":"2025-08-27T16:06:47","guid":{"rendered":"https:\/\/roveyayinevi.com.tr\/index.php\/urun\/sakarya-2\/"},"modified":"2026-04-16T02:30:34","modified_gmt":"2026-04-15T23:30:34","slug":"sakarya-2","status":"publish","type":"product","link":"https:\/\/roveyayinevi.com.tr\/index.php\/urun\/sakarya-2\/","title":{"rendered":"Sakarya"},"content":{"rendered":"<p>Cepheden Co\u011frafyayaAd\u0131m Ad\u0131m Sakarya\u2026Milli M\u00fccadele\u2019nin d\u00fczenli ordu d\u00f6neminin ba\u015f\u0131ndaki 1921 y\u0131l\u0131 muharebelerinin (1. ve 2. \u0130n\u00f6n\u00fc Muharebeleri, K\u00fctahya-Eski\u015fehir Muharebeleri ve Sakarya Meydan Muharebesi) tamam\u0131 dokuz ay gibi k\u0131sa bir s\u00fcrede, hen\u00fcz g\u00fc\u00e7 terazisi Yunanlar lehine iken ger\u00e7ekle\u015fmi\u015ftir. Aradaki kuvvet fark\u0131na ra\u011fmen T\u00fcrk Ordusunun Yunanlar\u0131 durdurabilmesinin, hatta geri p\u00fcsk\u00fcrtebilmesinin en \u00f6nemli s\u0131rr\u0131 elindeki k\u0131s\u0131tl\u0131 imk\u00e2nlar\u0131 en do\u011fru \u015fekilde kullanmas\u0131 olmu\u015ftur.Bunu ba\u015farabilmek i\u00e7in muharebeler s\u00fcresince sadece t\u00fcmen ve alaylar\u0131n de\u011fil, taburlar\u0131n, hatta bazen b\u00f6l\u00fcklerin bile yerleri de\u011fi\u015ftirilmi\u015f, nerede a\u00e7\u0131lan bir gedik varsa oraya bulunabilen b\u00fct\u00fcn kuvvetler sevk edilmi\u015ftir. \u0130\u015fte, Sakarya Meydan Muharebesi\u2019ne dair bug\u00fcne kadar yaz\u0131lanlar\u0131 zor anla\u015f\u0131l\u0131r k\u0131lan bu askeri zorunluluktur. 22 g\u00fcn ve gece boyunca oradan oraya nakledilen askeri birlikler, de\u011fi\u015fen komutanlar, taktikler, muharebeleri biraz daha ayr\u0131nt\u0131l\u0131 \u00f6\u011frenmek isteyen okuyucunun kafas\u0131n\u0131n kar\u0131\u015fmas\u0131na neden olmaktad\u0131r. Bir harbin \u00f6yk\u00fcs\u00fc, o muharebelerin ge\u00e7ti\u011fi co\u011frafya bilinmeden anlat\u0131lamaz.Harp tarihi sadece ar\u015fivdeki askeri belgelerden ibaret de\u011fildir. Burada kar\u015f\u0131m\u0131za \u201cHarp Co\u011frafyas\u0131\u201d \u015feklinde yeni bir kavram \u00e7\u0131k\u0131yor. Sakarya Meydan Muharebesi\u2019nin co\u011frafyas\u0131n\u0131 herkesin anlayabilece\u011fi \u015fekilde ortaya koymak, muharebenin tarihi ile b\u00fct\u00fcnle\u015ftirmek bu \u00e7al\u0131\u015fman\u0131n temel ama\u00e7lar\u0131ndan birisidir.Ba\u011f\u0131ms\u0131zl\u0131k destan\u0131m\u0131z olan Milli M\u00fccadele\u2019nin d\u00fczenli ordu safhas\u0131nda, cephedeki iki y\u0131l\u0131 ele alan serinin bu ilk kitab\u0131nda, bir milletin son oca\u011f\u0131n\u0131 savunmak i\u00e7in do\u011fru liderin etraf\u0131nda birle\u015fmesi ve verdi\u011fi \u00f6l\u00fcm kal\u0131m sava\u015f\u0131 anlat\u0131l\u0131yor.Sakarya Meydan Muharebesi \u015fimdiye dek g\u00f6r\u00fclmemi\u015f bir ciddiyetle ve titizlikle Selim Erdo\u011fan taraf\u0131ndan yeniden kaleme al\u0131nd\u0131. Sakarya: T\u00fcrk Bitti Demeden Bitmez, i\u00e7erdi\u011fi muharebe atlas\u0131yla ve \u00f6zel foto\u011fraflar\u0131yla Milli M\u00fccadele d\u00f6nemini yeniden ayd\u0131nlat\u0131yor.<\/p>\n","protected":false},"excerpt":{"rendered":"<p>Cepheden Co\u011frafyayaAd\u0131m Ad\u0131m Sakarya\u2026Milli M\u00fccadele\u2019nin d\u00fczenli ordu d\u00f6neminin ba\u015f\u0131ndaki 1921 y\u0131l\u0131 muharebelerinin (1. ve 2. \u0130n\u00f6n\u00fc Muharebeleri, K\u00fctahya-Eski\u015fehir Muharebeleri ve Sakarya Meydan Muharebesi) tamam\u0131 dokuz ay<span class=\"excerpt-hellip\"> [\u2026]<\/span><\/p>\n","protected":false},"featured_media":0,"template":"","meta":{"_monsterinsights_skip_tracking":false,"_monsterinsights_sitenote_active":false,"_monsterinsights_sitenote_note":"","_monsterinsights_sitenote_category":0},"product_brand":[],"product_cat":[12304,13650],"product_tag":[],"class_list":{"0":"post-722615","1":"product","2":"type-product","3":"status-publish","5":"product_cat-tarih","6":"product_cat-turk-tarihi-arastirmalari","7":"pa_cilt-ciltsiz","8":"pa_tur-kitap","9":"pa_yayinevi-kronik-kitap","10":"pa_yazar-selim-erdogan","12":"first","13":"instock","14":"sale","15":"shipping-taxable","16":"purchasable","17":"product-type-simple"},"_links":{"self":[{"href":"https:\/\/roveyayinevi.com.tr\/index.php\/wp-json\/wp\/v2\/product\/722615","targetHints":{"allow":["GET"]}}],"collection":[{"href":"https:\/\/roveyayinevi.com.tr\/index.php\/wp-json\/wp\/v2\/product"}],"about":[{"href":"https:\/\/roveyayinevi.com.tr\/index.php\/wp-json\/wp\/v2\/types\/product"}],"wp:attachment":[{"href":"https:\/\/roveyayinevi.com.tr\/index.php\/wp-json\/wp\/v2\/media?parent=722615"}],"wp:term":[{"taxonomy":"product_brand","embeddable":true,"href":"https:\/\/roveyayinevi.com.tr\/index.php\/wp-json\/wp\/v2\/product_brand?post=722615"},{"taxonomy":"product_cat","embeddable":true,"href":"https:\/\/roveyayinevi.com.tr\/index.php\/wp-json\/wp\/v2\/product_cat?post=722615"},{"taxonomy":"product_tag","embeddable":true,"href":"https:\/\/roveyayinevi.com.tr\/index.php\/wp-json\/wp\/v2\/product_tag?post=722615"}],"curies":[{"name":"wp","href":"https:\/\/api.w.org\/{rel}","templated":true}]}}