{"id":722591,"date":"2025-08-27T19:06:28","date_gmt":"2025-08-27T16:06:28","guid":{"rendered":"https:\/\/roveyayinevi.com.tr\/index.php\/urun\/satuk-bugra-han-ve-ogullari-921-1212\/"},"modified":"2026-04-16T02:30:34","modified_gmt":"2026-04-15T23:30:34","slug":"satuk-bugra-han-ve-ogullari-921-1212","status":"publish","type":"product","link":"https:\/\/roveyayinevi.com.tr\/index.php\/urun\/satuk-bugra-han-ve-ogullari-921-1212\/","title":{"rendered":"Satuk Bu\u011fra Han Ve O\u011fullar\u0131 (921-1212)"},"content":{"rendered":"<p>Kaz\u00e2nl\u0131 Tatar \u0131slahat\u00e7\u0131 ve tarih\u00e7i \u015eeh\u00e2beddin Merc\u00e2n\u00ee (\u00f6. 1889), T\u00fcrklerin ilk M\u00fcsl\u00fcman hakan\u0131 Satuk Bu\u011fra Han ve O\u011fullar\u0131n\u0131n tarihini 1864\u2019te Gurfet\u00fc&#8217;l-Hev\u00e2k\u00een li Urfeti\u2019l-Hav\u00e2k\u00een ad\u0131yla kaleme alm\u0131\u015ft\u0131r. Arap\u00e7a ve Fars\u00e7a kaynaklara v\u00e2k\u0131f olman\u0131n yan\u0131nda n\u00fcmizmatik biliminden de yararlanm\u0131\u015ft\u0131r. Orijinal bilgiler ihtiva eden ve bu sahada ilk m\u00fcstakil \u00e7al\u0131\u015fma olan eser, ara\u015ft\u0131rmac\u0131lara ana materyal te\u015fkil etti\u011fi kadar T\u00fcrklerin nas\u0131l M\u00fcsl\u00fcman oldu\u011funu merak edenlere de pek \u00e7ok \u015fey anlatmaktad\u0131r. <\/p>\n","protected":false},"excerpt":{"rendered":"<p>Kaz\u00e2nl\u0131 Tatar \u0131slahat\u00e7\u0131 ve tarih\u00e7i \u015eeh\u00e2beddin Merc\u00e2n\u00ee (\u00f6. 1889), T\u00fcrklerin ilk M\u00fcsl\u00fcman hakan\u0131 Satuk Bu\u011fra Han ve O\u011fullar\u0131n\u0131n tarihini 1864\u2019te Gurfet\u00fc&#8217;l-Hev\u00e2k\u00een li Urfeti\u2019l-Hav\u00e2k\u00een ad\u0131yla kaleme alm\u0131\u015ft\u0131r.<span class=\"excerpt-hellip\"> [\u2026]<\/span><\/p>\n","protected":false},"featured_media":0,"template":"","meta":{"_monsterinsights_skip_tracking":false,"_monsterinsights_sitenote_active":false,"_monsterinsights_sitenote_note":"","_monsterinsights_sitenote_category":0},"product_brand":[],"product_cat":[12304,13650],"product_tag":[],"class_list":{"0":"post-722591","1":"product","2":"type-product","3":"status-publish","5":"product_cat-tarih","6":"product_cat-turk-tarihi-arastirmalari","7":"pa_cilt-ciltsiz","8":"pa_tur-kitap","9":"pa_yayinevi-bilge-kultur-sanat","10":"pa_yazar-sehabeddin-mercani","12":"first","13":"instock","14":"sale","15":"shipping-taxable","16":"purchasable","17":"product-type-simple"},"_links":{"self":[{"href":"https:\/\/roveyayinevi.com.tr\/index.php\/wp-json\/wp\/v2\/product\/722591","targetHints":{"allow":["GET"]}}],"collection":[{"href":"https:\/\/roveyayinevi.com.tr\/index.php\/wp-json\/wp\/v2\/product"}],"about":[{"href":"https:\/\/roveyayinevi.com.tr\/index.php\/wp-json\/wp\/v2\/types\/product"}],"wp:attachment":[{"href":"https:\/\/roveyayinevi.com.tr\/index.php\/wp-json\/wp\/v2\/media?parent=722591"}],"wp:term":[{"taxonomy":"product_brand","embeddable":true,"href":"https:\/\/roveyayinevi.com.tr\/index.php\/wp-json\/wp\/v2\/product_brand?post=722591"},{"taxonomy":"product_cat","embeddable":true,"href":"https:\/\/roveyayinevi.com.tr\/index.php\/wp-json\/wp\/v2\/product_cat?post=722591"},{"taxonomy":"product_tag","embeddable":true,"href":"https:\/\/roveyayinevi.com.tr\/index.php\/wp-json\/wp\/v2\/product_tag?post=722591"}],"curies":[{"name":"wp","href":"https:\/\/api.w.org\/{rel}","templated":true}]}}