{"id":722534,"date":"2025-08-27T19:05:43","date_gmt":"2025-08-27T16:05:43","guid":{"rendered":"https:\/\/roveyayinevi.com.tr\/index.php\/urun\/zaman-korlugu\/"},"modified":"2025-10-17T05:41:02","modified_gmt":"2025-10-17T02:41:02","slug":"zaman-korlugu","status":"publish","type":"product","link":"https:\/\/roveyayinevi.com.tr\/index.php\/urun\/zaman-korlugu\/","title":{"rendered":"Zaman K\u00f6rl\u00fc\u011f\u00fc"},"content":{"rendered":"<p>Zaman ak\u0131p gider mi? Uluslararas\u0131 k\u00fclt\u00fcrel tahakk\u00fcm odaklar\u0131n\u0131n tektiple\u015ftirdi\u011fi bir kavram m\u0131? Zaman\u0131n farkl\u0131 k\u00fclt\u00fcrlerde nas\u0131l alg\u0131land\u0131\u011f\u0131 konusu, \u015fimdiye kadar b\u00f6ylesi bir \u00e7al\u0131\u015fmayla ele al\u0131nmam\u0131\u015ft\u0131.   Kevin K. Birth, do\u011fa bilimlerince \u00e7ok \u00f6nemsenen zaman kavram\u0131n\u0131, nihayet antropolojinin dairesinde ele al\u0131rken \u00e7e\u015fitlilikleri d\u0131\u015flayan anlay\u0131\u015f\u0131 yerle bir ediyor. Zaman kavram\u0131na bak\u0131\u015fta tarihsel perspektiften yararlan\u0131rken t\u00fcm k\u00fclt\u00fcrleri kucakl\u0131yor.   Zaman K\u00f6rl\u00fc\u011f\u00fc\u2019nde \u201czaman\u201d \u00f6zellikle antropoloji, tarih ve dilbilim \u00e7er\u00e7evesinde \u015fa\u015f\u0131rt\u0131c\u0131 bir zihin a\u00e7\u0131kl\u0131\u011f\u0131yla ele al\u0131n\u0131yor. Birth, bir yandan da farkl\u0131 k\u00fclt\u00fcrlerde zaman kavram\u0131n\u0131n i\u015fgal etti\u011fi k\u00fclt\u00fcrel pozisyonu yine farkl\u0131 disiplinlerin y\u00f6ntemlerinden yararlanarak ele al\u0131yor. B\u00f6ylece kapsay\u0131c\u0131 bir bak\u0131\u015fa ula\u015f\u0131yor.   Zaman, pek \u00e7ok farkl\u0131 disiplinde ele al\u0131n\u0131p \u00f6nemine uygun olarak say\u0131s\u0131z bilimsel ara\u015ft\u0131rmaya konu olurken bu konuda k\u00fclt\u00fcrel ve antropolojik ara\u015ft\u0131rmalar\u0131n yap\u0131lmam\u0131\u015f olmas\u0131 Zaman K\u00f6rl\u00fc\u011f\u00fc\u2019n\u00fcn \u00e7\u0131k\u0131\u015f noktas\u0131n\u0131 olu\u015fturuyor.   Zaman K\u00f6rl\u00fc\u011f\u00fc, modern insan\u0131n zaman kavram\u0131na bak\u0131\u015f\u0131n\u0131 de\u011fi\u015ftirecek harikulade bir inceleme. <\/p>\n","protected":false},"excerpt":{"rendered":"<p>Zaman ak\u0131p gider mi? Uluslararas\u0131 k\u00fclt\u00fcrel tahakk\u00fcm odaklar\u0131n\u0131n tektiple\u015ftirdi\u011fi bir kavram m\u0131? Zaman\u0131n farkl\u0131 k\u00fclt\u00fcrlerde nas\u0131l alg\u0131land\u0131\u011f\u0131 konusu, \u015fimdiye kadar b\u00f6ylesi bir \u00e7al\u0131\u015fmayla ele al\u0131nmam\u0131\u015ft\u0131. Kevin<span class=\"excerpt-hellip\"> [\u2026]<\/span><\/p>\n","protected":false},"featured_media":0,"template":"","meta":{"_monsterinsights_skip_tracking":false,"_monsterinsights_sitenote_active":false,"_monsterinsights_sitenote_note":"","_monsterinsights_sitenote_category":0},"product_brand":[],"product_cat":[15499,13488],"product_tag":[],"class_list":{"0":"post-722534","1":"product","2":"type-product","3":"status-publish","5":"product_cat-antropoloji","6":"product_cat-toplum-ve-insan","7":"pa_cilt-ciltli","8":"pa_tur-kitap","9":"pa_yayinevi-islik-yayinlari","10":"pa_yazar-kevin-k-birth","12":"first","13":"instock","14":"sale","15":"shipping-taxable","16":"purchasable","17":"product-type-simple"},"_links":{"self":[{"href":"https:\/\/roveyayinevi.com.tr\/index.php\/wp-json\/wp\/v2\/product\/722534","targetHints":{"allow":["GET"]}}],"collection":[{"href":"https:\/\/roveyayinevi.com.tr\/index.php\/wp-json\/wp\/v2\/product"}],"about":[{"href":"https:\/\/roveyayinevi.com.tr\/index.php\/wp-json\/wp\/v2\/types\/product"}],"wp:attachment":[{"href":"https:\/\/roveyayinevi.com.tr\/index.php\/wp-json\/wp\/v2\/media?parent=722534"}],"wp:term":[{"taxonomy":"product_brand","embeddable":true,"href":"https:\/\/roveyayinevi.com.tr\/index.php\/wp-json\/wp\/v2\/product_brand?post=722534"},{"taxonomy":"product_cat","embeddable":true,"href":"https:\/\/roveyayinevi.com.tr\/index.php\/wp-json\/wp\/v2\/product_cat?post=722534"},{"taxonomy":"product_tag","embeddable":true,"href":"https:\/\/roveyayinevi.com.tr\/index.php\/wp-json\/wp\/v2\/product_tag?post=722534"}],"curies":[{"name":"wp","href":"https:\/\/api.w.org\/{rel}","templated":true}]}}