{"id":722533,"date":"2025-08-27T19:05:42","date_gmt":"2025-08-27T16:05:42","guid":{"rendered":"https:\/\/roveyayinevi.com.tr\/index.php\/urun\/dogu-bati-dusunce-dergisi-yil-23-sayi-91\/"},"modified":"2026-04-16T02:30:32","modified_gmt":"2026-04-15T23:30:32","slug":"dogu-bati-dusunce-dergisi-yil-23-sayi-91","status":"publish","type":"product","link":"https:\/\/roveyayinevi.com.tr\/index.php\/urun\/dogu-bati-dusunce-dergisi-yil-23-sayi-91\/","title":{"rendered":"Do\u011fu Bat\u0131 D\u00fc\u015f\u00fcnce Dergisi Y\u0131l: 23 Say\u0131: 91"},"content":{"rendered":"<p>M\u00fcteferrika&#8217;ya Sayg\u0131Szonja Emese SchmidtOsmanl\u0131 H\u00e2kimiyetinin Son Y\u0131llar\u0131nda Macaristan\u2019da Kitap K\u00fclt\u00fcr\u00fc ve Do\u011fu\u2019yla \u0130li\u015fkisiBalkanlarLevent Kayap\u0131nar15. ve 16. Y\u00fczy\u0131llarda Yunanistan\u2019dan \u0130stanbul\u2019a Yap\u0131lan \u0130sk\u00e2nlarG\u00fcner Do\u011fanBalkanlarda Bir Osmanl\u0131 Muhaddidi: Mevkuf\u00e2t\u00e7\u0131 Siyahi Hac\u0131 Mehmed Efendi, Mektuplar\u0131 ve Son Osmanl\u0131-Venedik S\u0131n\u0131r\u0131 (1718-1721)H. Se\u00e7kin \u00c7elik1930\u2019larda Bulgaristan \u00dczerine Bir Nazar: Ali Naci Karacan\u2019\u0131n \u201cYa H\u00fcrriyet Ya \u00d6l\u00fcm\u201d\u00fc\u00d6mer BedirRomanya\u2019da T\u00fcrk\u00e7e Matbuat\u0131n Geli\u015fimi ve \u201cT\u00fcrk Birli\u011fi\u201d Gazetesi (1930-1939)Ay\u015fe Kayap\u0131narBulgaristan\u2019da Edebiyat, Sanat ve Tarih Eserlerinin T\u00fcrk Az\u0131nl\u0131k Politikas\u0131na EtkisiErtu\u011frul Karaku\u015fSosyalist Yugoslavya D\u00f6nemi T\u00fcrk \u015eiirinde Kimlik Koruma ve Aktarma Arac\u0131 Olarak Folklor Unsurlar\u0131Eminalp Malko\u00e71930\u2019lu Y\u0131llarda Belgrad T\u00fcrk El\u00e7ili\u011fi\u2019nin Penceresinden YugoslavyaNecmettin TurinayBalkan Birli\u011fi\u2019nin 1930\u2019lar D\u00f6nemi Edebiyat\u0131na Yans\u0131malar\u0131 ve Buradan Do\u011fan Baz\u0131 TesirlerH\u00fcseyin MevsimBulgar Edebiyat\u0131nda \u0130lk Kad\u0131n Seyyah: Evgenia MarsHalis AyhanAvrupa Birli\u011fi\u2019nin Bat\u0131 Balkanlar\u0131 D\u00f6n\u00fc\u015ft\u00fcrme Siyasas\u0131Abd\u00fclmecit NuredinUluslararas\u0131 Hukuk ve \u00dclke Mevzuat\u0131 Ba\u011flam\u0131nda Makedonya\u2019da T\u00fcrk\u00e7e E\u011fitimin Stat\u00fcs\u00fcY\u00fccel Yi\u011fitM\u00fcbadil mi? Casus mu?: Kurnaz ve \u0130\u015fkilli Bir Celep Athanas EmmanuelKemal Ramazan Hayk\u0131ranBalkanlara Korku Salan Bir G\u00fc\u00e7 DelilerErol Karc\u0131\u0130syan ve Sava\u015fla \u00d6zde\u015fle\u015fen Co\u011frafyada Bir Sa\u011fl\u0131k Kurumu: Manast\u0131r Gureba Hastanesi (1894-1911)Metin Seyyar19. Y\u00fczy\u0131lda Balkanlarda Meslek\u00ee E\u011fitim Kurumu Islahh\u00e2neler: Tuna Gazetesi\u2019nde \u00c7ocuk Islah\u0131 ve \u00c7ocuk Eme\u011fiNam\u0131k \u00c7encenBalkan Sava\u015flar\u0131n\u0131n Orta\u00f6\u011fretim Lise Tarih Ders Kitaplar\u0131nda Bilimsel ve Bi\u00e7imsel \u0130\u00e7erik Y\u00f6n\u00fcnden \u0130ncelenmesi (1933\u2019ten G\u00fcn\u00fcm\u00fcze)Neriman Ersoy-Hac\u0131saliho\u011fluBulgaristan Tarih Ders Kitaplar\u0131nda I. D\u00fcnya Sava\u015f\u0131\u2019n\u0131n Nedenleri ve Sonu\u00e7lar\u0131Mevl\u00fct \u00c7amBalkan \u00dclkeleri Vak\u0131flar\u0131<\/p>\n","protected":false},"excerpt":{"rendered":"<p>M\u00fcteferrika&#8217;ya Sayg\u0131Szonja Emese SchmidtOsmanl\u0131 H\u00e2kimiyetinin Son Y\u0131llar\u0131nda Macaristan\u2019da Kitap K\u00fclt\u00fcr\u00fc ve Do\u011fu\u2019yla \u0130li\u015fkisiBalkanlarLevent Kayap\u0131nar15. ve 16. Y\u00fczy\u0131llarda Yunanistan\u2019dan \u0130stanbul\u2019a Yap\u0131lan \u0130sk\u00e2nlarG\u00fcner Do\u011fanBalkanlarda Bir Osmanl\u0131 Muhaddidi: Mevkuf\u00e2t\u00e7\u0131<span class=\"excerpt-hellip\"> [\u2026]<\/span><\/p>\n","protected":false},"featured_media":0,"template":"","meta":{"_monsterinsights_skip_tracking":false,"_monsterinsights_sitenote_active":false,"_monsterinsights_sitenote_note":"","_monsterinsights_sitenote_category":0},"product_brand":[],"product_cat":[13527],"product_tag":[],"class_list":{"0":"post-722533","1":"product","2":"type-product","3":"status-publish","5":"product_cat-sureli-yayinlar","6":"pa_cilt-ciltsiz","7":"pa_tur-kitap","8":"pa_yayinevi-dogu-bati-dergileri","9":"pa_yazar-kolektif","11":"first","12":"instock","13":"sale","14":"shipping-taxable","15":"purchasable","16":"product-type-simple"},"_links":{"self":[{"href":"https:\/\/roveyayinevi.com.tr\/index.php\/wp-json\/wp\/v2\/product\/722533","targetHints":{"allow":["GET"]}}],"collection":[{"href":"https:\/\/roveyayinevi.com.tr\/index.php\/wp-json\/wp\/v2\/product"}],"about":[{"href":"https:\/\/roveyayinevi.com.tr\/index.php\/wp-json\/wp\/v2\/types\/product"}],"wp:attachment":[{"href":"https:\/\/roveyayinevi.com.tr\/index.php\/wp-json\/wp\/v2\/media?parent=722533"}],"wp:term":[{"taxonomy":"product_brand","embeddable":true,"href":"https:\/\/roveyayinevi.com.tr\/index.php\/wp-json\/wp\/v2\/product_brand?post=722533"},{"taxonomy":"product_cat","embeddable":true,"href":"https:\/\/roveyayinevi.com.tr\/index.php\/wp-json\/wp\/v2\/product_cat?post=722533"},{"taxonomy":"product_tag","embeddable":true,"href":"https:\/\/roveyayinevi.com.tr\/index.php\/wp-json\/wp\/v2\/product_tag?post=722533"}],"curies":[{"name":"wp","href":"https:\/\/api.w.org\/{rel}","templated":true}]}}