{"id":722519,"date":"2025-08-27T19:05:32","date_gmt":"2025-08-27T16:05:32","guid":{"rendered":"https:\/\/roveyayinevi.com.tr\/index.php\/urun\/kara-orumcek\/"},"modified":"2026-04-16T02:30:32","modified_gmt":"2026-04-15T23:30:32","slug":"kara-orumcek","status":"publish","type":"product","link":"https:\/\/roveyayinevi.com.tr\/index.php\/urun\/kara-orumcek\/","title":{"rendered":"Kara \u00d6r\u00fcmcek"},"content":{"rendered":"<p>Anlat\u0131lar\u0131na mesken olarak memleketinin k\u0131rsal b\u00f6lgelerini se\u00e7en \u0130svi\u00e7reli yazar Jeremias Gotthelf en tan\u0131nm\u0131\u015f eseri olan Kara \u00d6r\u00fcmcek\u2019te ya\u015fam\u0131n ne \u015fimdiden ne de g\u00fczellikten ibaret oldu\u011funu deh\u015fet vurgusuyla ve bir daha unutulmayacak bi\u00e7imde hat\u0131rlat\u0131r. Yazar\u0131na Almancan\u0131n b\u00fcy\u00fck yazarlar\u0131ndan biri olma onurunu bah\u015feden Kara \u00d6r\u00fcmcek \u015feytanla anla\u015fma kurgusunu destans\u0131 bir \u015fekilde kullanarak erken on dokuzuncu y\u00fczy\u0131l tuhaf kurgular\u0131 aras\u0131nda kendisine sa\u011flam bir yer edinmi\u015ftir. Bir vaftiz t\u00f6reninde bulu\u015fan davetliler, b\u00fcy\u00fckbaban\u0131n anlatt\u0131\u011f\u0131 tats\u0131z ama ibretlik hik\u00e2yeyle ge\u00e7mi\u015fin karanl\u0131k ve korkun\u00e7 y\u00fck\u00fcne ortak olurlar. A\u00e7l\u0131ktan \u00f6lmek \u00fczere olan k\u00f6yl\u00fclerin derebeyin zulm\u00fcnden kurtulmak i\u00e7in daha b\u00fcy\u00fck bir k\u00f6t\u00fcye ba\u015fvurmalar\u0131yla b\u00fct\u00fcn k\u00f6y\u00fcn \u00fczerine k\u0131r\u0131lmas\u0131 zor bir lanet d\u00f6ng\u00fcs\u00fc \u00e7\u00f6km\u00fc\u015ft\u00fcr. \u015eeytan\u0131 hayatlar\u0131ndan kovmak ve refaha ermek i\u00e7in tek se\u00e7enekleri yine Tanr\u0131\u2019ya s\u0131\u011f\u0131nmakt\u0131r fakat bu da zorlu ve hata kald\u0131rmaz bir yolu takip etmeyi gerektirir. En b\u00fcy\u00fck bedeli yine masumlar \u00f6demek zorunda kalacakt\u0131r.     K\u00f6t\u00fcl\u00fckten mi korkmal\u0131, Tanr\u0131\u2019dan m\u0131?     \u201cD\u00fcnya edebiyat\u0131nda daha fazla takdir etti\u011fim bir eser yoktur.\u201d \u2014Thomas Mann <\/p>\n","protected":false},"excerpt":{"rendered":"<p>Anlat\u0131lar\u0131na mesken olarak memleketinin k\u0131rsal b\u00f6lgelerini se\u00e7en \u0130svi\u00e7reli yazar Jeremias Gotthelf en tan\u0131nm\u0131\u015f eseri olan Kara \u00d6r\u00fcmcek\u2019te ya\u015fam\u0131n ne \u015fimdiden ne de g\u00fczellikten ibaret oldu\u011funu deh\u015fet<span class=\"excerpt-hellip\"> [\u2026]<\/span><\/p>\n","protected":false},"featured_media":0,"template":"","meta":{"_monsterinsights_skip_tracking":false,"_monsterinsights_sitenote_active":false,"_monsterinsights_sitenote_note":"","_monsterinsights_sitenote_category":0},"product_brand":[],"product_cat":[12291,17033],"product_tag":[],"class_list":{"0":"post-722519","1":"product","2":"type-product","3":"status-publish","5":"product_cat-edebiyat","6":"product_cat-korku-gerilim","7":"pa_cilt-ciltsiz","8":"pa_tur-kitap","9":"pa_yayinevi-ithaki-yayinlari","10":"pa_yazar-jeremias-gotthelf","12":"first","13":"instock","14":"sale","15":"shipping-taxable","16":"purchasable","17":"product-type-simple"},"_links":{"self":[{"href":"https:\/\/roveyayinevi.com.tr\/index.php\/wp-json\/wp\/v2\/product\/722519","targetHints":{"allow":["GET"]}}],"collection":[{"href":"https:\/\/roveyayinevi.com.tr\/index.php\/wp-json\/wp\/v2\/product"}],"about":[{"href":"https:\/\/roveyayinevi.com.tr\/index.php\/wp-json\/wp\/v2\/types\/product"}],"wp:attachment":[{"href":"https:\/\/roveyayinevi.com.tr\/index.php\/wp-json\/wp\/v2\/media?parent=722519"}],"wp:term":[{"taxonomy":"product_brand","embeddable":true,"href":"https:\/\/roveyayinevi.com.tr\/index.php\/wp-json\/wp\/v2\/product_brand?post=722519"},{"taxonomy":"product_cat","embeddable":true,"href":"https:\/\/roveyayinevi.com.tr\/index.php\/wp-json\/wp\/v2\/product_cat?post=722519"},{"taxonomy":"product_tag","embeddable":true,"href":"https:\/\/roveyayinevi.com.tr\/index.php\/wp-json\/wp\/v2\/product_tag?post=722519"}],"curies":[{"name":"wp","href":"https:\/\/api.w.org\/{rel}","templated":true}]}}