{"id":722462,"date":"2025-08-27T19:04:49","date_gmt":"2025-08-27T16:04:49","guid":{"rendered":"https:\/\/roveyayinevi.com.tr\/index.php\/urun\/tarihe-gecen-itiraflar\/"},"modified":"2026-04-16T02:30:31","modified_gmt":"2026-04-15T23:30:31","slug":"tarihe-gecen-itiraflar","status":"publish","type":"product","link":"https:\/\/roveyayinevi.com.tr\/index.php\/urun\/tarihe-gecen-itiraflar\/","title":{"rendered":"Tarihe Ge\u00e7en \u0130tiraflar"},"content":{"rendered":"<p>Zaman, en b\u00fcy\u00fck g\u00fcnahlar\u0131 affettirir mi? Her itiraf, i\u00e7inde biraz da olsa affedilme umudu ta\u015f\u0131r m\u0131?Neden kimse hatalar\u0131n\u0131 kolayca itiraf edemez?Onlar yapt\u0131klar\u0131yla d\u00fcnya tarihine ad\u0131n\u0131 yazd\u0131rm\u0131\u015f on \u00fc\u00e7 isim. \u0130ster politika ister sanat olsun hepsi kendi alanlar\u0131nda d\u00fcnyaca tan\u0131nan insanlar. Ancak bir an geldi, ba\u015far\u0131s\u0131z oldular. Bir an geldi, geri d\u00f6n\u00fc\u015f\u00fc olmayan hatalar yapt\u0131lar. Bir an geldi, yalan s\u00f6ylediler&#8230; Ve \u00f6yle bir an geldi ki tarihe ge\u00e7ecek hatalar\u0131n\u0131 itiraf ettiler. Bu itiraflar, hayata bak\u0131\u015f a\u00e7\u0131n\u0131z\u0131 ve ba\u015far\u0131 alg\u0131n\u0131z\u0131 b\u00fct\u00fcn\u00fcyle de\u011fi\u015ftirecek.\u201cEn b\u00fcy\u00fck amac\u0131m\u0131z; S\u00fcnnileri ve \u015eiileri kanlar\u0131 kuruyana kadar birbirleriyle sava\u015ft\u0131rmakt\u0131.\u201d- Michael Scheuer\u201cTecr\u00fcbesizdik, o fel\u00e2ketten hi\u00e7bir \u015fey kurtaramad\u0131k. Fidel, hayli azarlad\u0131 bizi.\u201d &#8211; Che Guevara\u201cEn b\u00fcy\u00fck pi\u015fmanl\u0131\u011f\u0131m; Irak konusundaki istihbarat ba\u015far\u0131s\u0131zl\u0131\u011f\u0131md\u0131r.\u201d- George W. Bush\u201cGaza geldim!\u201d- Kenan Evren\u201cAldatt\u0131m kad\u0131nlar\u0131m\u0131!\u201d- N\u00e2z\u0131m Hikmet\u201cSiyonistlere alet olduk ve onlar\u0131n ihanetine u\u011frad\u0131k!\u201d- Enver Pa\u015fa\u201cH\u0131rs\u0131zl\u0131k yapt\u0131m! \u015eeytanca bir hay\u00e2s\u0131zl\u0131kla, su\u00e7u masum bir k\u0131z\u0131n \u00fczerine att\u0131m.\u201d- J. J. Rousseau<\/p>\n","protected":false},"excerpt":{"rendered":"<p>Zaman, en b\u00fcy\u00fck g\u00fcnahlar\u0131 affettirir mi? Her itiraf, i\u00e7inde biraz da olsa affedilme umudu ta\u015f\u0131r m\u0131?Neden kimse hatalar\u0131n\u0131 kolayca itiraf edemez?Onlar yapt\u0131klar\u0131yla d\u00fcnya tarihine ad\u0131n\u0131 yazd\u0131rm\u0131\u015f<span class=\"excerpt-hellip\"> [\u2026]<\/span><\/p>\n","protected":false},"featured_media":0,"template":"","meta":{"_monsterinsights_skip_tracking":false,"_monsterinsights_sitenote_active":false,"_monsterinsights_sitenote_note":"","_monsterinsights_sitenote_category":0},"product_brand":[],"product_cat":[12305,12304],"product_tag":[],"class_list":{"0":"post-722462","1":"product","2":"type-product","3":"status-publish","5":"product_cat-dunya-tarihi","6":"product_cat-tarih","7":"pa_cilt-ciltsiz","8":"pa_tur-kitap","9":"pa_yayinevi-kara-karga-yayinlari","10":"pa_yazar-omur-uzel","12":"first","13":"instock","14":"sale","15":"shipping-taxable","16":"purchasable","17":"product-type-simple"},"_links":{"self":[{"href":"https:\/\/roveyayinevi.com.tr\/index.php\/wp-json\/wp\/v2\/product\/722462","targetHints":{"allow":["GET"]}}],"collection":[{"href":"https:\/\/roveyayinevi.com.tr\/index.php\/wp-json\/wp\/v2\/product"}],"about":[{"href":"https:\/\/roveyayinevi.com.tr\/index.php\/wp-json\/wp\/v2\/types\/product"}],"wp:attachment":[{"href":"https:\/\/roveyayinevi.com.tr\/index.php\/wp-json\/wp\/v2\/media?parent=722462"}],"wp:term":[{"taxonomy":"product_brand","embeddable":true,"href":"https:\/\/roveyayinevi.com.tr\/index.php\/wp-json\/wp\/v2\/product_brand?post=722462"},{"taxonomy":"product_cat","embeddable":true,"href":"https:\/\/roveyayinevi.com.tr\/index.php\/wp-json\/wp\/v2\/product_cat?post=722462"},{"taxonomy":"product_tag","embeddable":true,"href":"https:\/\/roveyayinevi.com.tr\/index.php\/wp-json\/wp\/v2\/product_tag?post=722462"}],"curies":[{"name":"wp","href":"https:\/\/api.w.org\/{rel}","templated":true}]}}