{"id":722421,"date":"2025-08-27T19:04:06","date_gmt":"2025-08-27T16:04:06","guid":{"rendered":"https:\/\/roveyayinevi.com.tr\/index.php\/urun\/ana-hatlariyla-siyasi-kulturel-osmanli-tarihi\/"},"modified":"2026-04-16T02:30:30","modified_gmt":"2026-04-15T23:30:30","slug":"ana-hatlariyla-siyasi-kulturel-osmanli-tarihi","status":"publish","type":"product","link":"https:\/\/roveyayinevi.com.tr\/index.php\/urun\/ana-hatlariyla-siyasi-kulturel-osmanli-tarihi\/","title":{"rendered":"Ana Hatlar\u0131yla Siyasi &#8211; K\u00fclt\u00fcrel Osmanl\u0131 Tarihi"},"content":{"rendered":"<p>\u201cBir milletin tarihi, o milletin haf\u0131zas\u0131d\u0131r.\u201d Bu vecizenin ifade etti\u011fi ger\u00e7e\u011fin yan\u0131 s\u0131ra, toplumumuzun haf\u0131za kayb\u0131na u\u011frat\u0131lmak istendi\u011fi, \u00f6zellikle gen\u00e7 dima\u011flar\u0131n \u015fanl\u0131 tarihimizden kopar\u0131lmak i\u00e7in yo\u011fun ve sistemli bir metot uygulanarak \u00e2deta redd-i miras yoluna gidildi\u011fi bir hakikattir. Meseleyi bir ba\u015fka cephesiyle ele ald\u0131\u011f\u0131m\u0131zda, g\u00fcnl\u00fck hadiselerin d\u0131\u015f\u0131nda, sohbetlerimizin vazge\u00e7ilmez konular\u0131ndan birinin de \u2018Osmanl\u0131 Tarihi\u2019 oldu\u011funu m\u00fc\u015fahede etmekteyiz. Bu noktada akl\u0131m\u0131za hemen \u015fu soru geliveriyor: \u2018Osmanl\u0131 Tarihi\u2019yle ilgili bilgilerimiz, hakikatleri ne derece yans\u0131tmaktad\u0131r? Bu bilgilere net ve \u00f6z olarak sahip olabilmek i\u00e7in hangi kaynaklara ba\u015fvurmak gerekir? Elinizdeki eser; bu ihtiyaca cevap verebilmek maksad\u0131yla haz\u0131rlanm\u0131\u015f olup, en sahih kaynaklardan \u00f6zetlenen \u2018Osmanl\u0131 Siyasi Tarihi (1300-1922)\u2019nin yan\u0131nda \u00f6zellikle \u2018Osmanl\u0131 K\u00fclt\u00fcr ve Medeniyeti\u2019nin \u00f6n plana \u00e7\u0131kar\u0131ld\u0131\u011f\u0131, her kesimden insan\u0131m\u0131z\u0131n rahatl\u0131kla istifade edebilece\u011fi bir kaynak \u00e7al\u0131\u015fma niteli\u011findedir. <\/p>\n","protected":false},"excerpt":{"rendered":"<p>\u201cBir milletin tarihi, o milletin haf\u0131zas\u0131d\u0131r.\u201d Bu vecizenin ifade etti\u011fi ger\u00e7e\u011fin yan\u0131 s\u0131ra, toplumumuzun haf\u0131za kayb\u0131na u\u011frat\u0131lmak istendi\u011fi, \u00f6zellikle gen\u00e7 dima\u011flar\u0131n \u015fanl\u0131 tarihimizden kopar\u0131lmak i\u00e7in yo\u011fun<span class=\"excerpt-hellip\"> [\u2026]<\/span><\/p>\n","protected":false},"featured_media":0,"template":"","meta":{"_monsterinsights_skip_tracking":false,"_monsterinsights_sitenote_active":false,"_monsterinsights_sitenote_note":"","_monsterinsights_sitenote_category":0},"product_brand":[],"product_cat":[13517,12304],"product_tag":[],"class_list":{"0":"post-722421","1":"product","2":"type-product","3":"status-publish","5":"product_cat-osmanli-tarihi","6":"product_cat-tarih","7":"pa_cilt-ciltsiz","8":"pa_tur-kitap","9":"pa_yayinevi-pozitif-yayinlari","10":"pa_yazar-veli-sirin","12":"first","13":"instock","14":"sale","15":"shipping-taxable","16":"purchasable","17":"product-type-simple"},"_links":{"self":[{"href":"https:\/\/roveyayinevi.com.tr\/index.php\/wp-json\/wp\/v2\/product\/722421","targetHints":{"allow":["GET"]}}],"collection":[{"href":"https:\/\/roveyayinevi.com.tr\/index.php\/wp-json\/wp\/v2\/product"}],"about":[{"href":"https:\/\/roveyayinevi.com.tr\/index.php\/wp-json\/wp\/v2\/types\/product"}],"wp:attachment":[{"href":"https:\/\/roveyayinevi.com.tr\/index.php\/wp-json\/wp\/v2\/media?parent=722421"}],"wp:term":[{"taxonomy":"product_brand","embeddable":true,"href":"https:\/\/roveyayinevi.com.tr\/index.php\/wp-json\/wp\/v2\/product_brand?post=722421"},{"taxonomy":"product_cat","embeddable":true,"href":"https:\/\/roveyayinevi.com.tr\/index.php\/wp-json\/wp\/v2\/product_cat?post=722421"},{"taxonomy":"product_tag","embeddable":true,"href":"https:\/\/roveyayinevi.com.tr\/index.php\/wp-json\/wp\/v2\/product_tag?post=722421"}],"curies":[{"name":"wp","href":"https:\/\/api.w.org\/{rel}","templated":true}]}}