{"id":722374,"date":"2025-08-27T19:03:29","date_gmt":"2025-08-27T16:03:29","guid":{"rendered":"https:\/\/roveyayinevi.com.tr\/index.php\/urun\/turk-kulturunde-konar-gocerlik-ve-etnisite-meselesi\/"},"modified":"2026-04-16T02:30:29","modified_gmt":"2026-04-15T23:30:29","slug":"turk-kulturunde-konar-gocerlik-ve-etnisite-meselesi","status":"publish","type":"product","link":"https:\/\/roveyayinevi.com.tr\/index.php\/urun\/turk-kulturunde-konar-gocerlik-ve-etnisite-meselesi\/","title":{"rendered":"T\u00fcrk K\u00fclt\u00fcr\u00fcnde Konar-G\u00f6\u00e7erlik Ve Etnisite Meselesi"},"content":{"rendered":"<p>Konar-g\u00f6\u00e7er T\u00fcrk kavimleri, maddi ve manevi y\u00fcksek bir k\u00fclt\u00fcre sahip olup, sadece ekonomik imk\u00e2n ve faaliyetler a\u00e7\u0131s\u0131ndan de\u011fil din, d\u00fc\u015f\u00fcnce, ahl\u00e2k y\u00f6nlerinden de manevi de\u011ferler birli\u011fi tamamlanm\u0131\u015f bir k\u00fclt\u00fcrd\u00fcr.   Anadolu\u2019nun co\u011fraf\u00ee yap\u0131s\u0131na g\u00f6re ekonomik ve k\u00fclt\u00fcrel hayatlar\u0131 \u015fekillenen konar-g\u00f6\u00e7erler, etnik k\u00f6kenden ziyade bulunduklar\u0131 co\u011frafyaya g\u00f6re adland\u0131r\u0131lm\u0131\u015ft\u0131r. Bu co\u011fraf\u00ee yap\u0131n\u0131n gere\u011fi olarak da konar-g\u00f6\u00e7erlerin tercih ettikleri bir\u00e7ok farkl\u0131 iktisad\u00ee te\u015febb\u00fcslerin do\u011furdu\u011fu k\u00fclt\u00fcrel farkl\u0131l\u0131klar olu\u015fmu\u015ftur. Bu k\u00fclt\u00fcrel farkl\u0131la\u015fmaya paralel olarak dini farkl\u0131la\u015fmalar da ortaya \u00e7\u0131km\u0131\u015ft\u0131r.   T\u00fcrk K\u00fclt\u00fcr\u00fcnde Konar-G\u00f6\u00e7erlik ve Etnisite Meselesi isimli bu eser, Osmanl\u0131 Devletinde, XVI. y\u00fczy\u0131l sonlar\u0131ndan itibaren ba\u015flayan, XVII. ve XVIII. y\u00fczy\u0131llarda da etkisini s\u00fcrd\u00fcren i\u00e7 kar\u0131\u015f\u0131kl\u0131klar neticesinde konar-g\u00f6\u00e7erlere uygulanan isk\u00e2n politikalar\u0131n\u0131, g\u00f6\u00e7lerle ortaya \u00e7\u0131kan k\u00fclt\u00fcrel etkile\u015fimlerini, konar-g\u00f6\u00e7er gruplar\u0131n sosyo-k\u00fclt\u00fcrel ve dini ya\u015famlar\u0131n\u0131 bir b\u00fct\u00fcn olarak ele almaktad\u0131r. <\/p>\n","protected":false},"excerpt":{"rendered":"<p>Konar-g\u00f6\u00e7er T\u00fcrk kavimleri, maddi ve manevi y\u00fcksek bir k\u00fclt\u00fcre sahip olup, sadece ekonomik imk\u00e2n ve faaliyetler a\u00e7\u0131s\u0131ndan de\u011fil din, d\u00fc\u015f\u00fcnce, ahl\u00e2k y\u00f6nlerinden de manevi de\u011ferler birli\u011fi<span class=\"excerpt-hellip\"> [\u2026]<\/span><\/p>\n","protected":false},"featured_media":0,"template":"","meta":{"_monsterinsights_skip_tracking":false,"_monsterinsights_sitenote_active":false,"_monsterinsights_sitenote_note":"","_monsterinsights_sitenote_category":0},"product_brand":[],"product_cat":[12304,13650],"product_tag":[],"class_list":{"0":"post-722374","1":"product","2":"type-product","3":"status-publish","5":"product_cat-tarih","6":"product_cat-turk-tarihi-arastirmalari","7":"pa_cilt-ciltsiz","8":"pa_tur-kitap","9":"pa_yayinevi-ideal-kultur-akademik","10":"pa_yazar-seyda-buyukcan-sayilir","12":"first","13":"instock","14":"sale","15":"shipping-taxable","16":"purchasable","17":"product-type-simple"},"_links":{"self":[{"href":"https:\/\/roveyayinevi.com.tr\/index.php\/wp-json\/wp\/v2\/product\/722374","targetHints":{"allow":["GET"]}}],"collection":[{"href":"https:\/\/roveyayinevi.com.tr\/index.php\/wp-json\/wp\/v2\/product"}],"about":[{"href":"https:\/\/roveyayinevi.com.tr\/index.php\/wp-json\/wp\/v2\/types\/product"}],"wp:attachment":[{"href":"https:\/\/roveyayinevi.com.tr\/index.php\/wp-json\/wp\/v2\/media?parent=722374"}],"wp:term":[{"taxonomy":"product_brand","embeddable":true,"href":"https:\/\/roveyayinevi.com.tr\/index.php\/wp-json\/wp\/v2\/product_brand?post=722374"},{"taxonomy":"product_cat","embeddable":true,"href":"https:\/\/roveyayinevi.com.tr\/index.php\/wp-json\/wp\/v2\/product_cat?post=722374"},{"taxonomy":"product_tag","embeddable":true,"href":"https:\/\/roveyayinevi.com.tr\/index.php\/wp-json\/wp\/v2\/product_tag?post=722374"}],"curies":[{"name":"wp","href":"https:\/\/api.w.org\/{rel}","templated":true}]}}