{"id":722347,"date":"2025-08-27T19:03:07","date_gmt":"2025-08-27T16:03:07","guid":{"rendered":"https:\/\/roveyayinevi.com.tr\/index.php\/urun\/the-asker\/"},"modified":"2026-04-16T02:30:28","modified_gmt":"2026-04-15T23:30:28","slug":"the-asker","status":"publish","type":"product","link":"https:\/\/roveyayinevi.com.tr\/index.php\/urun\/the-asker\/","title":{"rendered":"The Asker"},"content":{"rendered":"<p>De\u011ferli yazar Hasan K\u0131yafet arkada\u015f\u0131m\u0131n \u201cThe Asker Amerikan \u00dcss\u00fcnde Anadolulu Bir Subay\u201d adl\u0131 bu kitab\u0131, Amerikan emperyalizminin \u00fclkemizde izledi\u011fi politikalar\u0131, Amerikan asker ve personelinin yapt\u0131klar\u0131 \u00e7al\u0131\u015fmalar\u0131, halk\u0131m\u0131za kar\u015f\u0131 g\u00f6sterdikleri sayg\u0131s\u0131zl\u0131klar\u0131, hayas\u0131zl\u0131klar\u0131, onlar\u0131n nas\u0131l T\u00fcrkiye insan\u0131n\u0131 bir m\u00fcstemleke insan\u0131 gibi horlad\u0131klar\u0131n\u0131, \u00e7\u0131karc\u0131l\u0131klar\u0131n\u0131, aymazl\u0131klar\u0131n\u0131, Bar\u0131\u015f G\u00f6n\u00fcll\u00fcleri ad\u0131 alt\u0131nda CIA ajanlar\u0131n\u0131n \u00e7al\u0131\u015fmalar\u0131n\u0131 somut bi\u00e7imde g\u00f6zler \u00f6n\u00fcne sermekte ve okuyucuya o tarihten bir kesit sunmaktad\u0131r. \u0130kili Antla\u015fmaya dayan\u0131larak Amerikal\u0131 subay ve erlerin tuvaletlerinin temizlenmesi i\u00e7in T\u00fcrk askerlerine verilen emir kar\u015f\u0131s\u0131nda Astsubay Saral\u2019\u0131n tepkisi kitapta \u015f\u00f6yle aktar\u0131l\u0131yor:\u201cEvet Te\u011fmenim, (Te\u011fmen Hasan K\u0131yafet\u2019tir) hi\u00e7 de yanl\u0131\u015f anlamam\u0131\u015fs\u0131n, tastamam do\u011fru anlam\u0131\u015fs\u0131n\u0131z. Yang\u0131n kovalar\u0131yla birlikte tam on tane Mehmet\u00e7ik istiyorlar. La\u011f\u0131m yine t\u0131kanm\u0131\u015f, ka\u011f\u0131t kulland\u0131klar\u0131ndan lavabolar\u0131, la\u011f\u0131mlar\u0131 tez t\u0131kan\u0131r keferelerin, t\u0131kan\u0131r ve bize de a\u00e7ar, temizleriz?Niye heyecanlan\u0131yorsunuz? Elbette temizleyeceksiniz. \u0130kili Anla\u015fmalar\u0131n alt\u0131na imza basm\u0131\u015fs\u0131n\u0131z. Onlar\u0131n 250 tane eri s\u0131rt \u00fcst\u00fc yatacak ve sen onlar\u0131n bokunu temizleyeceksin&#8230; Evet te\u011fmenim, hi\u00e7 de yanl\u0131\u015f anlamam\u0131\u015fs\u0131n\u0131z. Ne bir eksik ne bir fazla, tastamam anlam\u0131\u015fs\u0131n\u0131z. Yang\u0131n kovalar\u0131yla birlikte tam on asker istiyorlar. Hemen yollayaca\u011f\u0131z. Okey.\u201dEmperyalizmin \u201cYeni D\u00fcnya D\u00fczeni\u201d ad\u0131 alt\u0131nda de\u011fi\u015fik bir yafta ile piyasaya s\u00fcr\u00fcld\u00fc\u011f\u00fc bug\u00fcnlerde onun niteli\u011fini, ama\u00e7lar\u0131n\u0131, ge\u00e7mi\u015fteki icraat\u0131n\u0131 g\u00f6rmek ve tan\u0131makta b\u00fcy\u00fck yarar vard\u0131r.De\u011ferli yazar Hasan K\u0131yafet\u2019in ya\u015fayarak, d\u00fc\u015f\u00fcnerek, yerinde g\u00f6zlem ve de\u011ferlendirmelerle ve ak\u0131c\u0131 bir anlat\u0131mla, insan onurunu ve ba\u011f\u0131ms\u0131zl\u0131\u011f\u0131 temel alan bu \u00f6yk\u00fc-an\u0131lar\u0131n\u0131 herkesin okumas\u0131nda yarar g\u00f6r\u00fcyor, yak\u0131n tarihimize \u0131\u015f\u0131k tutan bu yap\u0131t\u0131ndan \u00f6t\u00fcr\u00fc yazar\u0131 kutluyorum.-Av. Halit \u00c7elenk<\/p>\n","protected":false},"excerpt":{"rendered":"<p>De\u011ferli yazar Hasan K\u0131yafet arkada\u015f\u0131m\u0131n \u201cThe Asker Amerikan \u00dcss\u00fcnde Anadolulu Bir Subay\u201d adl\u0131 bu kitab\u0131, Amerikan emperyalizminin \u00fclkemizde izledi\u011fi politikalar\u0131, Amerikan asker ve personelinin yapt\u0131klar\u0131 \u00e7al\u0131\u015fmalar\u0131,<span class=\"excerpt-hellip\"> [\u2026]<\/span><\/p>\n","protected":false},"featured_media":0,"template":"","meta":{"_monsterinsights_skip_tracking":false,"_monsterinsights_sitenote_active":false,"_monsterinsights_sitenote_note":"","_monsterinsights_sitenote_category":0},"product_brand":[],"product_cat":[13059,12337],"product_tag":[],"class_list":{"0":"post-722347","1":"product","2":"type-product","3":"status-publish","5":"product_cat-diger-politika-siyaset","6":"product_cat-politika-siyaset","7":"pa_cilt-ciltsiz","8":"pa_tur-kitap","9":"pa_yayinevi-la-kitap-yayinlari","10":"pa_yazar-hasan-kiyafet","12":"first","13":"instock","14":"sale","15":"shipping-taxable","16":"purchasable","17":"product-type-simple"},"_links":{"self":[{"href":"https:\/\/roveyayinevi.com.tr\/index.php\/wp-json\/wp\/v2\/product\/722347","targetHints":{"allow":["GET"]}}],"collection":[{"href":"https:\/\/roveyayinevi.com.tr\/index.php\/wp-json\/wp\/v2\/product"}],"about":[{"href":"https:\/\/roveyayinevi.com.tr\/index.php\/wp-json\/wp\/v2\/types\/product"}],"wp:attachment":[{"href":"https:\/\/roveyayinevi.com.tr\/index.php\/wp-json\/wp\/v2\/media?parent=722347"}],"wp:term":[{"taxonomy":"product_brand","embeddable":true,"href":"https:\/\/roveyayinevi.com.tr\/index.php\/wp-json\/wp\/v2\/product_brand?post=722347"},{"taxonomy":"product_cat","embeddable":true,"href":"https:\/\/roveyayinevi.com.tr\/index.php\/wp-json\/wp\/v2\/product_cat?post=722347"},{"taxonomy":"product_tag","embeddable":true,"href":"https:\/\/roveyayinevi.com.tr\/index.php\/wp-json\/wp\/v2\/product_tag?post=722347"}],"curies":[{"name":"wp","href":"https:\/\/api.w.org\/{rel}","templated":true}]}}