{"id":722342,"date":"2025-08-27T19:03:04","date_gmt":"2025-08-27T16:03:04","guid":{"rendered":"https:\/\/roveyayinevi.com.tr\/index.php\/urun\/boyun-egmeyen-insan\/"},"modified":"2026-04-16T02:30:28","modified_gmt":"2026-04-15T23:30:28","slug":"boyun-egmeyen-insan","status":"publish","type":"product","link":"https:\/\/roveyayinevi.com.tr\/index.php\/urun\/boyun-egmeyen-insan\/","title":{"rendered":"Boyun E\u011fmeyen \u0130nsan"},"content":{"rendered":"<p>Boyun e\u011fer mi hi\u00e7 insan? Evet, e\u011fer. Bilin\u00e7sizse insan, korkaksa, \u00f6rg\u00fcts\u00fczse, \u00e7aresizse boyun e\u011fer. Tarih boyun e\u011fen bireylerin de toplumlar\u0131n da nas\u0131l, k\u00f6lele\u015fti\u011finin, s\u00f6m\u00fcrgele\u015fti\u011finin, ki\u015filiksiz, kimliksizle\u015ftirildi\u011finin dahas\u0131 ve ac\u0131 olan\u0131 nas\u0131l onursuzla\u015ft\u0131r\u0131ld\u0131\u011f\u0131n\u0131n \u00f6rnekleriyle dolu.Ama \u00f6te yandan ayn\u0131 tarih bize, insan\u0131n kar\u015f\u0131la\u015ft\u0131\u011f\u0131 her bask\u0131 ve zulme kar\u015f\u0131, her haks\u0131zl\u0131\u011fa kar\u015f\u0131 direndi\u011fini, boyun e\u011fmedi\u011fini de g\u00f6steriyor. \u0130nsanl\u0131k tarihi bir anlamda boyun e\u011fenlerle, e\u011fmeyenlerin de tarihidir. \u0130nsana, insanl\u0131\u011fa boyun e\u011fdirenleri bir tarafa koyarsak, ad\u0131na ister toplum, ister ulus ya da emek\u00e7i halk deyin, tarih boyun e\u011fenlerin nas\u0131l bir dramla kar\u015f\u0131la\u015ft\u0131\u011f\u0131n\u0131, boyun e\u011fmeyenlerin ise kendi geleceklerini nas\u0131l ellerinde tuttu\u011funu ortaya koyuyor.Tarihin gidi\u015fat\u0131n\u0131 de\u011fi\u015ftirenler hep boyun e\u011fmeyenler olmu\u015ftur. Gelecekte de bu b\u00f6yle olacakt\u0131r. \u00d6nemli olan dik durma cesaretini g\u00f6stermek ve bilin\u00e7le boyun e\u011fmeyenler saf\u0131nda yer alabilmektir.\u0130\u015fte tanr\u0131lardan ate\u015fi \u00e7al\u0131p insanl\u0131\u011fa arma\u011fan eden \u00f6zg\u00fcrl\u00fc\u011f\u00fcn ve ayd\u0131nl\u0131\u011f\u0131n simgesi Prometheus\u2026 \u0130nsanc\u0131ll\u0131k ve umudun ad\u0131 G\u0131lgam\u0131\u015f\u2026 T\u00fcrkiye halk\u0131, tarihinin en b\u00fcy\u00fck kalk\u0131\u015fmas\u0131 olan Haziran direni\u015fini ger\u00e7ekle\u015ftirdi. T\u00fcrkiye\u2019nin emek\u00e7ileri, kad\u0131nlar\u0131, gen\u00e7leri ve ayd\u0131nlar\u0131 gerici iktidara kar\u015f\u0131 boyun e\u011fmedi\u011fini ve e\u011fmeyece\u011fini g\u00f6sterdi. Haziran direni\u015fi bu s\u00fcre\u00e7te kendine yak\u0131\u015fan bir slogan\u0131 da kazand\u0131: \u201cBoyun e\u011fme\u201d, \u201cBoyun e\u011fme, memlekete sahip \u00e7\u0131k!\u201d.Bu kitap, insanl\u0131\u011f\u0131n kurtulu\u015fu yolunda ya\u015fam\u0131n\u0131 yitirerek bedel \u00f6deyen boyun e\u011fmeyenlere bir sayg\u0131 duru\u015fudur\u2026<\/p>\n","protected":false},"excerpt":{"rendered":"<p>Boyun e\u011fer mi hi\u00e7 insan? Evet, e\u011fer. Bilin\u00e7sizse insan, korkaksa, \u00f6rg\u00fcts\u00fczse, \u00e7aresizse boyun e\u011fer. Tarih boyun e\u011fen bireylerin de toplumlar\u0131n da nas\u0131l, k\u00f6lele\u015fti\u011finin, s\u00f6m\u00fcrgele\u015fti\u011finin, ki\u015filiksiz, kimliksizle\u015ftirildi\u011finin<span class=\"excerpt-hellip\"> [\u2026]<\/span><\/p>\n","protected":false},"featured_media":0,"template":"","meta":{"_monsterinsights_skip_tracking":false,"_monsterinsights_sitenote_active":false,"_monsterinsights_sitenote_note":"","_monsterinsights_sitenote_category":0},"product_brand":[],"product_cat":[12389,12388],"product_tag":[],"class_list":{"0":"post-722342","1":"product","2":"type-product","3":"status-publish","5":"product_cat-diger-felsefe","6":"product_cat-felsefe","7":"pa_cilt-ciltsiz","8":"pa_tur-kitap","9":"pa_yayinevi-la-kitap-yayinlari","10":"pa_yazar-ugur-pismanlik","12":"first","13":"instock","14":"sale","15":"shipping-taxable","16":"purchasable","17":"product-type-simple"},"_links":{"self":[{"href":"https:\/\/roveyayinevi.com.tr\/index.php\/wp-json\/wp\/v2\/product\/722342","targetHints":{"allow":["GET"]}}],"collection":[{"href":"https:\/\/roveyayinevi.com.tr\/index.php\/wp-json\/wp\/v2\/product"}],"about":[{"href":"https:\/\/roveyayinevi.com.tr\/index.php\/wp-json\/wp\/v2\/types\/product"}],"wp:attachment":[{"href":"https:\/\/roveyayinevi.com.tr\/index.php\/wp-json\/wp\/v2\/media?parent=722342"}],"wp:term":[{"taxonomy":"product_brand","embeddable":true,"href":"https:\/\/roveyayinevi.com.tr\/index.php\/wp-json\/wp\/v2\/product_brand?post=722342"},{"taxonomy":"product_cat","embeddable":true,"href":"https:\/\/roveyayinevi.com.tr\/index.php\/wp-json\/wp\/v2\/product_cat?post=722342"},{"taxonomy":"product_tag","embeddable":true,"href":"https:\/\/roveyayinevi.com.tr\/index.php\/wp-json\/wp\/v2\/product_tag?post=722342"}],"curies":[{"name":"wp","href":"https:\/\/api.w.org\/{rel}","templated":true}]}}