{"id":722336,"date":"2025-08-27T19:03:00","date_gmt":"2025-08-27T16:03:00","guid":{"rendered":"https:\/\/roveyayinevi.com.tr\/index.php\/urun\/deniz-gezmis-firtinali-yillar\/"},"modified":"2026-04-16T02:30:28","modified_gmt":"2026-04-15T23:30:28","slug":"deniz-gezmis-firtinali-yillar","status":"publish","type":"product","link":"https:\/\/roveyayinevi.com.tr\/index.php\/urun\/deniz-gezmis-firtinali-yillar\/","title":{"rendered":"Deniz Gezmi\u015f F\u0131rt\u0131nal\u0131 Y\u0131llar"},"content":{"rendered":"<p>1968 y\u0131l\u0131, d\u00fcnya gen\u00e7lik hareketleri ve dolay\u0131s\u0131yla halk hareketleri i\u00e7in \u00f6nemli bir d\u00f6n\u00fcm noktas\u0131d\u0131r. Bir ku\u015fa\u011f\u0131n ad\u0131n\u0131 ald\u0131\u011f\u0131 bu y\u0131l, Fransa&#8217;da ba\u015flayan ve dalga dalga t\u00fcm d\u00fcnyay\u0131 saran toplumsal f\u0131rt\u0131nan\u0131n milad\u0131 olarak kabul edilmektedir. \u0130ki b\u00fcy\u00fck payla\u015f\u0131m sava\u015f\u0131n\u0131n, y\u0131k\u0131nt\u0131lar\u0131n, a\u00e7l\u0131\u011f\u0131n, yoksullu\u011fun, i\u015fsizli\u011fin ve s\u00fcrmekte olan emperyalist sald\u0131r\u0131lar\u0131n kar\u015f\u0131s\u0131nda bir \u00e7\u0131\u011fa d\u00f6n\u00fc\u015fen k\u00fcresel tepkime, 68&#8217;in en belirleyici \u00f6zelli\u011fi olmu\u015ftur. T\u00fcrkiye&#8217;nin pay\u0131na d\u00fc\u015fen toplumsal tepkimede ise; Deniz Gezmi\u015f, Mahir \u00c7ayan, H\u00fcseyin \u0130nan, Sinan Cemgil ve birlikte yol ald\u0131klar\u0131 yolda\u015flar\u0131, ba\u011f\u0131ms\u0131zl\u0131k ve e\u015fitlik m\u00fccadelelerini sembol\u00fc h\u00e2line gelecektir. Onlar topluma tehlikeli ter\u00f6ristler olarak lanse edilse de g\u00fcn\u00fcm\u00fczde h\u00e2l\u00e2 sokaklardaki afi\u015flerden evlerimizdeki foto\u011fraflara dek an\u0131lar\u0131 t\u00fcm toplumun belle\u011finde ya\u015famaktad\u0131r. \u00d6zellikle de gencecik ya\u015f\u0131n\u0131 dara\u011fac\u0131nda noktalamaktan bir an bile korku duymayan Deniz Gezmi\u015f, bu d\u00f6nemin belki de en ate\u015fli ve tan\u0131nm\u0131\u015f liderlerinden biridir. Bu kitap; Deniz Gezmi\u015f&#8217;in ve beraber yol ald\u0131\u011f\u0131 68 ku\u015fa\u011f\u0131 devrimcilerinin neden ve nas\u0131l ortaya \u00e7\u0131kt\u0131\u011f\u0131n\u0131, eylemlerini ve d\u00fcnya genelinde ya\u015fanmakta olan tarihsel s\u00fcre\u00e7 i\u00e7erisindeki yerini g\u00f6stermek amac\u0131yla haz\u0131rlanm\u0131\u015ft\u0131r. \u201cHaf\u0131za-i be\u015fer nisyan ile mal\u00fbld\u00fcr\u201d (\u0130nsan haf\u0131zas\u0131, unutkanl\u0131kla sakatlanm\u0131\u015ft\u0131r) laf\u0131na inat, haf\u0131zam\u0131z\u0131 daima din\u00e7 tutabilmek i\u00e7in bu insanlar\u0131 her zaman hat\u0131rlamak zorunday\u0131z. Gezmi\u015f, \u0130nan ve Aslan dara\u011fac\u0131na giderken, elbette bu halk\u0131n onlar\u0131 kalbine g\u00f6mece\u011fini ve asla unutmayaca\u011f\u0131n\u0131 bilerek, \u00f6l\u00fcmden korkmadan att\u0131lar ad\u0131mlar\u0131n\u0131&#8230;<\/p>\n","protected":false},"excerpt":{"rendered":"<p>1968 y\u0131l\u0131, d\u00fcnya gen\u00e7lik hareketleri ve dolay\u0131s\u0131yla halk hareketleri i\u00e7in \u00f6nemli bir d\u00f6n\u00fcm noktas\u0131d\u0131r. Bir ku\u015fa\u011f\u0131n ad\u0131n\u0131 ald\u0131\u011f\u0131 bu y\u0131l, Fransa&#8217;da ba\u015flayan ve dalga dalga t\u00fcm<span class=\"excerpt-hellip\"> [\u2026]<\/span><\/p>\n","protected":false},"featured_media":0,"template":"","meta":{"_monsterinsights_skip_tracking":false,"_monsterinsights_sitenote_active":false,"_monsterinsights_sitenote_note":"","_monsterinsights_sitenote_category":0},"product_brand":[],"product_cat":[13946,12304],"product_tag":[],"class_list":{"0":"post-722336","1":"product","2":"type-product","3":"status-publish","5":"product_cat-biyografi-otobiyografi","6":"product_cat-tarih","7":"pa_cilt-ciltsiz","8":"pa_tur-kitap","9":"pa_yayinevi-la-kitap-yayinlari","10":"pa_yazar-tarkan-tufan","12":"first","13":"instock","14":"sale","15":"shipping-taxable","16":"purchasable","17":"product-type-simple"},"_links":{"self":[{"href":"https:\/\/roveyayinevi.com.tr\/index.php\/wp-json\/wp\/v2\/product\/722336","targetHints":{"allow":["GET"]}}],"collection":[{"href":"https:\/\/roveyayinevi.com.tr\/index.php\/wp-json\/wp\/v2\/product"}],"about":[{"href":"https:\/\/roveyayinevi.com.tr\/index.php\/wp-json\/wp\/v2\/types\/product"}],"wp:attachment":[{"href":"https:\/\/roveyayinevi.com.tr\/index.php\/wp-json\/wp\/v2\/media?parent=722336"}],"wp:term":[{"taxonomy":"product_brand","embeddable":true,"href":"https:\/\/roveyayinevi.com.tr\/index.php\/wp-json\/wp\/v2\/product_brand?post=722336"},{"taxonomy":"product_cat","embeddable":true,"href":"https:\/\/roveyayinevi.com.tr\/index.php\/wp-json\/wp\/v2\/product_cat?post=722336"},{"taxonomy":"product_tag","embeddable":true,"href":"https:\/\/roveyayinevi.com.tr\/index.php\/wp-json\/wp\/v2\/product_tag?post=722336"}],"curies":[{"name":"wp","href":"https:\/\/api.w.org\/{rel}","templated":true}]}}