{"id":722302,"date":"2025-08-27T19:02:34","date_gmt":"2025-08-27T16:02:34","guid":{"rendered":"https:\/\/roveyayinevi.com.tr\/index.php\/urun\/umuttan-yalnizliga-turkiye-isci-partisi-1961-1971\/"},"modified":"2026-04-16T02:30:27","modified_gmt":"2026-04-15T23:30:27","slug":"umuttan-yalnizliga-turkiye-isci-partisi-1961-1971","status":"publish","type":"product","link":"https:\/\/roveyayinevi.com.tr\/index.php\/urun\/umuttan-yalnizliga-turkiye-isci-partisi-1961-1971\/","title":{"rendered":"Umuttan Yaln\u0131zl\u0131\u011fa T\u00fcrkiye \u0130\u015f\u00e7i Partisi 1961 &#8211; 1971"},"content":{"rendered":"<p>27 May\u0131s askeri m\u00fcdahalesini izleyen d\u00f6nemin getirdi\u011fi g\u00f6rece \u00f6zg\u00fcrl\u00fck\u00e7\u00fc ortamda, 1961 Anayasas\u0131\u2019n\u0131n sa\u011flad\u0131\u011f\u0131 yeni siyasal g\u00fcvencelerin \u0131\u015f\u0131\u011f\u0131nda kurulan ve Cumhuriyet d\u00f6neminde TBMM\u2019ye ilk kez girebilen sol parti \u00f6zelli\u011fini de ta\u015f\u0131yan T\u00fcrkiye \u0130\u015f\u00e7i Partisi\u2019nin (T\u0130P) 10 y\u0131ll\u0131k ya\u015fam\u0131 ele al\u0131n\u0131yor Umuttan Yaln\u0131zl\u0131\u011fa \u2013 T\u00fcrkiye \u0130\u015f\u00e7i Partisi(1961-1971) kitab\u0131nda. T\u00fcrkiye solunun tarihsel ge\u00e7mi\u015fi y\u00f6n\u00fcnden, T\u0130P kendinden \u00f6nceki solun \u201cmiras\u00e7\u0131\u201ds\u0131 say\u0131lsa bile, organik ve ideolojik ba\u011flar ve ki\u015filer bak\u0131m\u0131ndan bir devam\u0131 de\u011fil, tersine, yepyeni bir partiydi. Kemal T\u00fcrkler, R\u0131za Kuas, \u015eaban Y\u0131ld\u0131z gibi isimlerin bulundu\u011fu kurucular\u0131 bak\u0131m\u0131ndan, T\u0130P, T\u00fcrkiye\u2019de ger\u00e7ek anlamda sosyalist olsun veya olmas\u0131nlar, sendikac\u0131lar taraf\u0131ndan kurulmu\u015f ilk siyasal partiydi. Kurulu\u015funu izleyen y\u0131llarda Mehmet Ali Aybar, Behice Boran ve Sadun Aren gibi ayd\u0131nlar\u0131n da kat\u0131l\u0131m\u0131yla geni\u015f bir alana yay\u0131lma imk\u00e2n\u0131 buldu. Bu kitapta Osmanl\u0131\u2019dan g\u00fcn\u00fcm\u00fcze uzanan sol gelene\u011fin devam\u0131nda T\u0130P\u2019in do\u011fu\u015fu, evrimi, ya\u015fad\u0131\u011f\u0131 g\u00fc\u00e7l\u00fckler, T\u00fcrk demokrasisi i\u00e7indeki yeri ve 12 Mart muht\u0131ras\u0131yla kapat\u0131l\u0131\u015f\u0131na kadar ge\u00e7en d\u00f6nem ele al\u0131n\u0131yor. Artun \u00dcnsal yapt\u0131\u011f\u0131 derinlemesine siyasal yap\u0131 ara\u015ft\u0131rmas\u0131yla T\u0130P ile birlikte T\u00fcrkiye\u2019nin yak\u0131n tarihinin \u00e7ok \u00f6nemli bir d\u00f6nemine \u0131\u015f\u0131k tutuyor. \u201c\u2018Hepimiz Gogol\u2019un Palto\u2019sundan \u00e7\u0131kt\u0131k\u2019 diye bir s\u00f6z vard\u0131r; 1960 sonras\u0131 T\u00fcrkiye solu da T\u0130P\u2019ten \u00e7\u0131km\u0131\u015ft\u0131r. Deniz Gezmi\u015f\u2019ten Sinan Cemgil\u2019e, Ya\u015far Kemal\u2019den Do\u011fu Perin\u00e7ek\u2019e sonraki y\u0131llarda \u00e7ok farkl\u0131 yollara gidecek binlerce sol ayd\u0131n, yazar, bilim insan\u0131, sanat\u00e7\u0131, gen\u00e7ler, sendikac\u0131lar 60\u2019larda hepimiz T\u0130P\u2019liydik.\u201d Oya Baydar <\/p>\n","protected":false},"excerpt":{"rendered":"<p>27 May\u0131s askeri m\u00fcdahalesini izleyen d\u00f6nemin getirdi\u011fi g\u00f6rece \u00f6zg\u00fcrl\u00fck\u00e7\u00fc ortamda, 1961 Anayasas\u0131\u2019n\u0131n sa\u011flad\u0131\u011f\u0131 yeni siyasal g\u00fcvencelerin \u0131\u015f\u0131\u011f\u0131nda kurulan ve Cumhuriyet d\u00f6neminde TBMM\u2019ye ilk kez girebilen sol<span class=\"excerpt-hellip\"> [\u2026]<\/span><\/p>\n","protected":false},"featured_media":0,"template":"","meta":{"_monsterinsights_skip_tracking":false,"_monsterinsights_sitenote_active":false,"_monsterinsights_sitenote_note":"","_monsterinsights_sitenote_category":0},"product_brand":[],"product_cat":[12304,13493],"product_tag":[],"class_list":{"0":"post-722302","1":"product","2":"type-product","3":"status-publish","5":"product_cat-tarih","6":"product_cat-turkiye-ve-cumhuriyet-tarihi","7":"pa_cilt-ciltsiz","8":"pa_tur-kitap","9":"pa_yayinevi-kirmizi-kedi-yayinevi","10":"pa_yazar-artun-unsal","12":"first","13":"instock","14":"sale","15":"shipping-taxable","16":"purchasable","17":"product-type-simple"},"_links":{"self":[{"href":"https:\/\/roveyayinevi.com.tr\/index.php\/wp-json\/wp\/v2\/product\/722302","targetHints":{"allow":["GET"]}}],"collection":[{"href":"https:\/\/roveyayinevi.com.tr\/index.php\/wp-json\/wp\/v2\/product"}],"about":[{"href":"https:\/\/roveyayinevi.com.tr\/index.php\/wp-json\/wp\/v2\/types\/product"}],"wp:attachment":[{"href":"https:\/\/roveyayinevi.com.tr\/index.php\/wp-json\/wp\/v2\/media?parent=722302"}],"wp:term":[{"taxonomy":"product_brand","embeddable":true,"href":"https:\/\/roveyayinevi.com.tr\/index.php\/wp-json\/wp\/v2\/product_brand?post=722302"},{"taxonomy":"product_cat","embeddable":true,"href":"https:\/\/roveyayinevi.com.tr\/index.php\/wp-json\/wp\/v2\/product_cat?post=722302"},{"taxonomy":"product_tag","embeddable":true,"href":"https:\/\/roveyayinevi.com.tr\/index.php\/wp-json\/wp\/v2\/product_tag?post=722302"}],"curies":[{"name":"wp","href":"https:\/\/api.w.org\/{rel}","templated":true}]}}