{"id":722292,"date":"2025-08-27T19:02:26","date_gmt":"2025-08-27T16:02:26","guid":{"rendered":"https:\/\/roveyayinevi.com.tr\/index.php\/urun\/benim-adim-dilaver-mehmet-fatih-oktulmus-kitabi\/"},"modified":"2026-04-16T02:30:27","modified_gmt":"2026-04-15T23:30:27","slug":"benim-adim-dilaver-mehmet-fatih-oktulmus-kitabi","status":"publish","type":"product","link":"https:\/\/roveyayinevi.com.tr\/index.php\/urun\/benim-adim-dilaver-mehmet-fatih-oktulmus-kitabi\/","title":{"rendered":"Benim Ad\u0131m Dilaver &#8211; Mehmet Fatih \u00d6ktu\u0308lmu\u0308\u015f Kitab\u0131"},"content":{"rendered":"<p>Mehmet Fatih \u00d6kt\u00fclm\u00fc\u015f; T\u00fcrkiye\u2019de 1970\u2019lerin ikinci yar\u0131s\u0131ndan itibaren kitleselle\u015fip antifa\u015fist bir karakter edinen siyasal m\u00fccadelede yerini alm\u0131\u015f y\u00fczlerce devrimciden biriydi. 17 Haziran 1984 y\u0131l\u0131nda \u00d6l\u00fcm Orucunda hayat\u0131n\u0131 kaybetti\u011finde arkas\u0131nda \u00f6vg\u00fcyle s\u00f6z edilecek zenginlikte bir ya\u015fam b\u0131rakm\u0131\u015ft\u0131; militan, al\u00e7akg\u00f6n\u00fcll\u00fc, sempatik, kar\u015f\u0131s\u0131ndakiyle s\u0131cak ve kal\u0131c\u0131 ili\u015fkiler kurmas\u0131n\u0131 bilen, hesaps\u0131z bir dava insan\u0131yd\u0131.<\/p>\n","protected":false},"excerpt":{"rendered":"<p>Mehmet Fatih \u00d6kt\u00fclm\u00fc\u015f; T\u00fcrkiye\u2019de 1970\u2019lerin ikinci yar\u0131s\u0131ndan itibaren kitleselle\u015fip antifa\u015fist bir karakter edinen siyasal m\u00fccadelede yerini alm\u0131\u015f y\u00fczlerce devrimciden biriydi. 17 Haziran 1984 y\u0131l\u0131nda \u00d6l\u00fcm Orucunda<span class=\"excerpt-hellip\"> [\u2026]<\/span><\/p>\n","protected":false},"featured_media":0,"template":"","meta":{"_monsterinsights_skip_tracking":false,"_monsterinsights_sitenote_active":false,"_monsterinsights_sitenote_note":"","_monsterinsights_sitenote_category":0},"product_brand":[],"product_cat":[12304,14128],"product_tag":[],"class_list":{"0":"post-722292","1":"product","2":"type-product","3":"status-publish","5":"product_cat-tarih","6":"product_cat-yakin-tarih","7":"pa_cilt-ciltsiz","8":"pa_tur-kitap","9":"pa_yayinevi-ayrinti-yayinlari","10":"pa_yazar-oktay-duman-ufuk-bektas-karakaya","12":"first","13":"instock","14":"sale","15":"shipping-taxable","16":"purchasable","17":"product-type-simple"},"_links":{"self":[{"href":"https:\/\/roveyayinevi.com.tr\/index.php\/wp-json\/wp\/v2\/product\/722292","targetHints":{"allow":["GET"]}}],"collection":[{"href":"https:\/\/roveyayinevi.com.tr\/index.php\/wp-json\/wp\/v2\/product"}],"about":[{"href":"https:\/\/roveyayinevi.com.tr\/index.php\/wp-json\/wp\/v2\/types\/product"}],"wp:attachment":[{"href":"https:\/\/roveyayinevi.com.tr\/index.php\/wp-json\/wp\/v2\/media?parent=722292"}],"wp:term":[{"taxonomy":"product_brand","embeddable":true,"href":"https:\/\/roveyayinevi.com.tr\/index.php\/wp-json\/wp\/v2\/product_brand?post=722292"},{"taxonomy":"product_cat","embeddable":true,"href":"https:\/\/roveyayinevi.com.tr\/index.php\/wp-json\/wp\/v2\/product_cat?post=722292"},{"taxonomy":"product_tag","embeddable":true,"href":"https:\/\/roveyayinevi.com.tr\/index.php\/wp-json\/wp\/v2\/product_tag?post=722292"}],"curies":[{"name":"wp","href":"https:\/\/api.w.org\/{rel}","templated":true}]}}