{"id":722216,"date":"2025-08-27T19:01:20","date_gmt":"2025-08-27T16:01:20","guid":{"rendered":"https:\/\/roveyayinevi.com.tr\/index.php\/urun\/kars-ve-guney-kafkasya-tarihi-yazilari\/"},"modified":"2026-04-16T02:29:55","modified_gmt":"2026-04-15T23:29:55","slug":"kars-ve-guney-kafkasya-tarihi-yazilari","status":"publish","type":"product","link":"https:\/\/roveyayinevi.com.tr\/index.php\/urun\/kars-ve-guney-kafkasya-tarihi-yazilari\/","title":{"rendered":"Kars ve G\u00fcney Kafkasya Tarihi Yaz\u0131lar\u0131"},"content":{"rendered":"<p>Kars, Anadolu\u2019nun Kafkasya&#8217;ya a\u00e7\u0131lan kap\u0131s\u0131d\u0131r. Anadolu ve Kafkasya co\u011frafyas\u0131n\u0131n tarihsel s\u00fcre\u00e7te ya\u015fad\u0131\u011f\u0131 geli\u015fmeler, bu iki co\u011frafyan\u0131n kaderinin ortak bir noktada birle\u015fmesini ka\u00e7\u0131n\u0131lmaz hale getirmi\u015ftir. Kars ise bu ortak noktan\u0131n temelini te\u015fkil etmektedir. Elinizdeki kitap, Kars ve G\u00fcney Kafkasya ile ilgili literat\u00fcre katk\u0131 sa\u011flamak amac\u0131yla haz\u0131rlanm\u0131\u015ft\u0131r. Cen\u00fbbi Garb\u00ee Kafkas H\u00fck\u00fcmeti\u2019nin Kurulu\u015funun 100. Y\u0131l\u0131 M\u00fcnasebetiyle ortaya \u00e7\u0131kan \u00e7al\u0131\u015fmam\u0131zda eski\u00e7a\u011fdan g\u00fcn\u00fcm\u00fcze, Kars ve G\u00fcney Kafkasya co\u011frafyas\u0131nda ya\u015fanan siyasi, askeri, ekonomik ve sosyal geli\u015fmelerden kesitler sunulmu\u015ftur.<\/p>\n","protected":false},"excerpt":{"rendered":"<p>Kars, Anadolu\u2019nun Kafkasya&#8217;ya a\u00e7\u0131lan kap\u0131s\u0131d\u0131r. Anadolu ve Kafkasya co\u011frafyas\u0131n\u0131n tarihsel s\u00fcre\u00e7te ya\u015fad\u0131\u011f\u0131 geli\u015fmeler, bu iki co\u011frafyan\u0131n kaderinin ortak bir noktada birle\u015fmesini ka\u00e7\u0131n\u0131lmaz hale getirmi\u015ftir. Kars ise<span class=\"excerpt-hellip\"> [\u2026]<\/span><\/p>\n","protected":false},"featured_media":0,"template":"","meta":{"_monsterinsights_skip_tracking":false,"_monsterinsights_sitenote_active":false,"_monsterinsights_sitenote_note":"","_monsterinsights_sitenote_category":0},"product_brand":[],"product_cat":[12304,13650],"product_tag":[],"class_list":{"0":"post-722216","1":"product","2":"type-product","3":"status-publish","5":"product_cat-tarih","6":"product_cat-turk-tarihi-arastirmalari","7":"pa_cilt-ciltsiz","8":"pa_tur-kitap","9":"pa_yayinevi-ideal-kultur-akademik","10":"pa_yazar-kolektif","12":"first","13":"instock","14":"sale","15":"shipping-taxable","16":"purchasable","17":"product-type-simple"},"_links":{"self":[{"href":"https:\/\/roveyayinevi.com.tr\/index.php\/wp-json\/wp\/v2\/product\/722216","targetHints":{"allow":["GET"]}}],"collection":[{"href":"https:\/\/roveyayinevi.com.tr\/index.php\/wp-json\/wp\/v2\/product"}],"about":[{"href":"https:\/\/roveyayinevi.com.tr\/index.php\/wp-json\/wp\/v2\/types\/product"}],"wp:attachment":[{"href":"https:\/\/roveyayinevi.com.tr\/index.php\/wp-json\/wp\/v2\/media?parent=722216"}],"wp:term":[{"taxonomy":"product_brand","embeddable":true,"href":"https:\/\/roveyayinevi.com.tr\/index.php\/wp-json\/wp\/v2\/product_brand?post=722216"},{"taxonomy":"product_cat","embeddable":true,"href":"https:\/\/roveyayinevi.com.tr\/index.php\/wp-json\/wp\/v2\/product_cat?post=722216"},{"taxonomy":"product_tag","embeddable":true,"href":"https:\/\/roveyayinevi.com.tr\/index.php\/wp-json\/wp\/v2\/product_tag?post=722216"}],"curies":[{"name":"wp","href":"https:\/\/api.w.org\/{rel}","templated":true}]}}