{"id":722190,"date":"2025-08-27T19:00:59","date_gmt":"2025-08-27T16:00:59","guid":{"rendered":"https:\/\/roveyayinevi.com.tr\/index.php\/urun\/ana-turk-ataturkun-annesi-zubeyde-hanim\/"},"modified":"2026-04-16T02:29:55","modified_gmt":"2026-04-15T23:29:55","slug":"ana-turk-ataturkun-annesi-zubeyde-hanim","status":"publish","type":"product","link":"https:\/\/roveyayinevi.com.tr\/index.php\/urun\/ana-turk-ataturkun-annesi-zubeyde-hanim\/","title":{"rendered":"Ana T\u00fcrk &#8211; Atat\u00fcrk&#8217;\u00fcn Annesi Z\u00fcbeyde Han\u0131m"},"content":{"rendered":"<p>Z\u00fcbeyde Han\u0131m\u2019\u0131n hayat\u0131 Osmanl\u0131 Devleti&#8217;nin son y\u0131llar\u0131na tesad\u00fcf etmi\u015f ve \u00e7ileler i\u00e7inde ge\u00e7mi\u015ftir. Gen\u00e7 ya\u015fta kaybetti\u011fi \u00fc\u00e7 \u00e7ocu\u011funun ac\u0131s\u0131n\u0131n \u00fczerine kocas\u0131 Ali R\u0131za Bey\u2019in vefat etmesi onun hayat\u0131nda derin yaralar a\u00e7m\u0131\u015ft\u0131r. B\u00fct\u00fcn sevgisini verdi\u011fi o\u011flu Mustafa Kemal\u2019in devleti kurtarma arzusu, Z\u00fcbeyde Han\u0131m\u2019\u0131n \u00e7ileli ya\u015fant\u0131s\u0131nda ayr\u0131 bir sayfa a\u00e7m\u0131\u015f, hayat\u0131 boyunca ya\u015fad\u0131\u011f\u0131 zorluklar\u0131n yan\u0131na o\u011flunun ba\u015f\u0131na k\u00f6t\u00fc bir \u015fey gelece\u011fi endi\u015fesi de eklenmi\u015ftir. Bununla beraber Z\u00fcbeyde Han\u0131m o\u011flunun fikirlerine kar\u015f\u0131 \u00e7\u0131kmam\u0131\u015f, \u00f6mr\u00fc boyunca ona inanm\u0131\u015f ve destek olmu\u015ftur. Selanik\u2019in Yunanistan\u2019a ge\u00e7mesiyle do\u011fup b\u00fcy\u00fcd\u00fc\u011f\u00fc topraklar\u0131 terk etmek zorunda kal\u0131p \u0130stanbul\u2019a yerle\u015fen Z\u00fcbeyde Han\u0131m buradaki y\u0131llar\u0131n\u0131 yine evlad\u0131ndan uzak ve \u00e7ileler i\u00e7inde ge\u00e7irecektir. O\u011flu Mustafa\u2019n\u0131n Samsun\u2019a ge\u00e7ip direni\u015f ba\u015flatmas\u0131ndan sonra h\u00fck\u00fbmetin Z\u00fcbeyde Han\u0131m \u00fczerindeki bask\u0131s\u0131 artm\u0131\u015f, defalarca evi aranm\u0131\u015f, o\u011flu hakk\u0131nda \u00e7\u0131kan haberler ve idam karar\u0131 onun \u00fc\u00e7 bu\u00e7uk sene gece g\u00fcnd\u00fcz a\u011flamas\u0131na neden olmu\u015ftur. Z\u00fcbeyde Han\u0131m, Mill\u00ee M\u00fccadele\u2019nin sonlar\u0131na do\u011fru o\u011flunun yan\u0131na \u00c7ankaya\u2019ya geldi\u011finde sa\u011fl\u0131\u011f\u0131n\u0131 tamamen kaybetmi\u015f durumdad\u0131r. Ankara\u2019daki son g\u00fcnleri hastal\u0131klar i\u00e7inde ge\u00e7en Z\u00fcbeyde Han\u0131m, \u0130zmir\u2019e g\u00f6t\u00fcr\u00fclm\u00fc\u015f ve Milli M\u00fccadelenin zaferle noktalanmas\u0131ndan k\u0131sa bir s\u00fcre sonra vefat etmi\u015ftir. <\/p>\n","protected":false},"excerpt":{"rendered":"<p>Z\u00fcbeyde Han\u0131m\u2019\u0131n hayat\u0131 Osmanl\u0131 Devleti&#8217;nin son y\u0131llar\u0131na tesad\u00fcf etmi\u015f ve \u00e7ileler i\u00e7inde ge\u00e7mi\u015ftir. Gen\u00e7 ya\u015fta kaybetti\u011fi \u00fc\u00e7 \u00e7ocu\u011funun ac\u0131s\u0131n\u0131n \u00fczerine kocas\u0131 Ali R\u0131za Bey\u2019in vefat etmesi<span class=\"excerpt-hellip\"> [\u2026]<\/span><\/p>\n","protected":false},"featured_media":0,"template":"","meta":{"_monsterinsights_skip_tracking":false,"_monsterinsights_sitenote_active":false,"_monsterinsights_sitenote_note":"","_monsterinsights_sitenote_category":0},"product_brand":[],"product_cat":[13946,12304],"product_tag":[],"class_list":{"0":"post-722190","1":"product","2":"type-product","3":"status-publish","5":"product_cat-biyografi-otobiyografi","6":"product_cat-tarih","7":"pa_cilt-ciltsiz","8":"pa_tur-kitap","9":"pa_yayinevi-kripto-basim-yayin","10":"pa_yazar-umit-dogan","12":"first","13":"instock","14":"sale","15":"shipping-taxable","16":"purchasable","17":"product-type-simple"},"_links":{"self":[{"href":"https:\/\/roveyayinevi.com.tr\/index.php\/wp-json\/wp\/v2\/product\/722190","targetHints":{"allow":["GET"]}}],"collection":[{"href":"https:\/\/roveyayinevi.com.tr\/index.php\/wp-json\/wp\/v2\/product"}],"about":[{"href":"https:\/\/roveyayinevi.com.tr\/index.php\/wp-json\/wp\/v2\/types\/product"}],"wp:attachment":[{"href":"https:\/\/roveyayinevi.com.tr\/index.php\/wp-json\/wp\/v2\/media?parent=722190"}],"wp:term":[{"taxonomy":"product_brand","embeddable":true,"href":"https:\/\/roveyayinevi.com.tr\/index.php\/wp-json\/wp\/v2\/product_brand?post=722190"},{"taxonomy":"product_cat","embeddable":true,"href":"https:\/\/roveyayinevi.com.tr\/index.php\/wp-json\/wp\/v2\/product_cat?post=722190"},{"taxonomy":"product_tag","embeddable":true,"href":"https:\/\/roveyayinevi.com.tr\/index.php\/wp-json\/wp\/v2\/product_tag?post=722190"}],"curies":[{"name":"wp","href":"https:\/\/api.w.org\/{rel}","templated":true}]}}