{"id":722179,"date":"2025-08-27T19:00:51","date_gmt":"2025-08-27T16:00:51","guid":{"rendered":"https:\/\/roveyayinevi.com.tr\/index.php\/urun\/max-weber\/"},"modified":"2026-04-16T02:29:54","modified_gmt":"2026-04-15T23:29:54","slug":"max-weber","status":"publish","type":"product","link":"https:\/\/roveyayinevi.com.tr\/index.php\/urun\/max-weber\/","title":{"rendered":"Max Weber"},"content":{"rendered":"<p>Max Weber, ku\u015fkusuz modern sosyal teorinin klasikle\u015fmi\u015f isimlerinden biri. Kapitalizmin ve modern toplumun kavramla\u015ft\u0131r\u0131lmas\u0131nda, ele\u015ftirmek veya reddetmek i\u00e7in de olsa, ona u\u011framadan edilemiyor.J\u00fcrgen Kaube\u2019nin titiz bir ara\u015ft\u0131rmaya dayanan \u00e7al\u0131\u015fmas\u0131, \u00f6ncelikle, Max Weber\u2019in entelekt\u00fcel biyografisi niteli\u011finde. Onun, Protestan ahl\u00e2k\u0131n\u0131n kapitalizmin olu\u015fumundaki rol\u00fcne dair \u201cbulgusunu,\u201d demokrasinin ve b\u00fcrokrasinin \u201cmizac\u0131na\u201d dair d\u00fc\u015f\u00fcncelerini, i\u015fledi\u011fi \u201ckarizma\u201d ve di\u011fer kritik kavramlar\u0131, olu\u015fum sanc\u0131lar\u0131 i\u00e7inde anlat\u0131yor. Ba\u015fta \u201ckafa dengi z\u0131tlar\u0131\u201d Werner Sombart ve Georg Simmel olmak \u00fczere, etkile\u015fim i\u00e7inde \u015fekillendi\u011fi d\u00fc\u015f\u00fcnce ortam\u0131na oturtarak yap\u0131yor bunu. Arka planda, 19.-20. y\u00fczy\u0131l \u00e7a\u011f d\u00f6n\u00fcm\u00fcn\u00fcn, Birinci D\u00fcnya Sava\u015f\u0131 ve sava\u015f sonras\u0131 Almanya\u2019s\u0131n\u0131n m\u00fcthi\u015f alt \u00fcst olu\u015funun da\u011fda\u011fas\u0131&#8230;Ayn\u0131 zamanda Weber\u2019in \u201c\u00f6zel\u201d hayat\u0131na e\u011filen ve ki\u015fili\u011fini de ayd\u0131nlatan bir biyografi bu. Dostluklar\u0131; toplumsal ve siyasal ili\u015fkileri, giri\u015fimleri, bunlarda ya\u015fad\u0131\u011f\u0131 derin hayal k\u0131r\u0131kl\u0131klar\u0131; onu h\u0131rpalayan a\u011f\u0131r asap bozukluklar\u0131; e\u015fi \u201cferagatli\u201d Marianne Weber\u2019in hayat\u0131 ve eserlerindeki b\u00fcy\u00fck ve kadri bilinmemi\u015f rol\u00fc&#8230;<\/p>\n","protected":false},"excerpt":{"rendered":"<p>Max Weber, ku\u015fkusuz modern sosyal teorinin klasikle\u015fmi\u015f isimlerinden biri. Kapitalizmin ve modern toplumun kavramla\u015ft\u0131r\u0131lmas\u0131nda, ele\u015ftirmek veya reddetmek i\u00e7in de olsa, ona u\u011framadan edilemiyor.J\u00fcrgen Kaube\u2019nin titiz bir<span class=\"excerpt-hellip\"> [\u2026]<\/span><\/p>\n","protected":false},"featured_media":0,"template":"","meta":{"_monsterinsights_skip_tracking":false,"_monsterinsights_sitenote_active":false,"_monsterinsights_sitenote_note":"","_monsterinsights_sitenote_category":0},"product_brand":[],"product_cat":[13946,12304],"product_tag":[],"class_list":{"0":"post-722179","1":"product","2":"type-product","3":"status-publish","5":"product_cat-biyografi-otobiyografi","6":"product_cat-tarih","7":"pa_cilt-ciltsiz","8":"pa_tur-kitap","9":"pa_yayinevi-iletisim-yayinlari","10":"pa_yazar-jurgen-kaube","12":"first","13":"instock","14":"sale","15":"shipping-taxable","16":"purchasable","17":"product-type-simple"},"_links":{"self":[{"href":"https:\/\/roveyayinevi.com.tr\/index.php\/wp-json\/wp\/v2\/product\/722179","targetHints":{"allow":["GET"]}}],"collection":[{"href":"https:\/\/roveyayinevi.com.tr\/index.php\/wp-json\/wp\/v2\/product"}],"about":[{"href":"https:\/\/roveyayinevi.com.tr\/index.php\/wp-json\/wp\/v2\/types\/product"}],"wp:attachment":[{"href":"https:\/\/roveyayinevi.com.tr\/index.php\/wp-json\/wp\/v2\/media?parent=722179"}],"wp:term":[{"taxonomy":"product_brand","embeddable":true,"href":"https:\/\/roveyayinevi.com.tr\/index.php\/wp-json\/wp\/v2\/product_brand?post=722179"},{"taxonomy":"product_cat","embeddable":true,"href":"https:\/\/roveyayinevi.com.tr\/index.php\/wp-json\/wp\/v2\/product_cat?post=722179"},{"taxonomy":"product_tag","embeddable":true,"href":"https:\/\/roveyayinevi.com.tr\/index.php\/wp-json\/wp\/v2\/product_tag?post=722179"}],"curies":[{"name":"wp","href":"https:\/\/api.w.org\/{rel}","templated":true}]}}