{"id":722159,"date":"2025-08-27T19:00:32","date_gmt":"2025-08-27T16:00:32","guid":{"rendered":"https:\/\/roveyayinevi.com.tr\/index.php\/urun\/turkiyede-ic-guvenlik-yonetimi\/"},"modified":"2026-04-16T02:29:54","modified_gmt":"2026-04-15T23:29:54","slug":"turkiyede-ic-guvenlik-yonetimi","status":"publish","type":"product","link":"https:\/\/roveyayinevi.com.tr\/index.php\/urun\/turkiyede-ic-guvenlik-yonetimi\/","title":{"rendered":"T\u00fcrkiye&#8217;de \u0130\u00e7 G\u00fcvenlik Y\u00f6netimi"},"content":{"rendered":"<p>Bin y\u0131ld\u0131r e\u015fsiz bir vatanda g\u00fc\u00e7le, adaletle ve erdemle ayakta kald\u0131k, hikmet ve bilgelikle y\u00f6nettik. Hata yapt\u0131k, duraklad\u0131k, \u00e7ekildik ancak de\u011ferler, azim, devlet nosyonu ve Gazi Mustafa Kemal Atat\u00fcrk ba\u015fta olmak \u00fczere b\u00fcy\u00fck kahramanlar\u0131m\u0131z\u0131n liderli\u011fi ve aziz milletimizin fedak\u00e2rl\u0131\u011f\u0131yla ayakta kalmay\u0131 ba\u015fard\u0131k. Bundan sonra da ayn\u0131 niyet ve gayretin e\u015fli\u011finde, bizi biz yapan de\u011ferlerimizle, sa\u011f duyuyla, ak\u0131lla, bilimle gelece\u011fe haz\u0131rlamam\u0131z gerekti\u011fini biliyoruz&#8230; \u00e7al\u0131\u015fkan olmal\u0131, daha \u00e7ok \u00e7al\u0131\u015fmal\u0131y\u0131z. Nihayet \u00e7al\u0131\u015fmalar\u0131m\u0131zla g\u00f6sterdi\u011fimiz niyet ve gayrete okur bu y\u00f6nde de\u011fer bi\u00e7melidir.<\/p>\n","protected":false},"excerpt":{"rendered":"<p>Bin y\u0131ld\u0131r e\u015fsiz bir vatanda g\u00fc\u00e7le, adaletle ve erdemle ayakta kald\u0131k, hikmet ve bilgelikle y\u00f6nettik. Hata yapt\u0131k, duraklad\u0131k, \u00e7ekildik ancak de\u011ferler, azim, devlet nosyonu ve Gazi<span class=\"excerpt-hellip\"> [\u2026]<\/span><\/p>\n","protected":false},"featured_media":0,"template":"","meta":{"_monsterinsights_skip_tracking":false,"_monsterinsights_sitenote_active":false,"_monsterinsights_sitenote_note":"","_monsterinsights_sitenote_category":0},"product_brand":[],"product_cat":[13043,19008],"product_tag":[],"class_list":{"0":"post-722159","1":"product","2":"type-product","3":"status-publish","5":"product_cat-ekonomi","6":"product_cat-yonetim","7":"pa_cilt-ciltsiz","8":"pa_tur-kitap","9":"pa_yayinevi-gazi-kitabevi","10":"pa_yazar-tekin-avaner-ozan-zengin","12":"first","13":"instock","14":"sale","15":"shipping-taxable","16":"purchasable","17":"product-type-simple"},"_links":{"self":[{"href":"https:\/\/roveyayinevi.com.tr\/index.php\/wp-json\/wp\/v2\/product\/722159","targetHints":{"allow":["GET"]}}],"collection":[{"href":"https:\/\/roveyayinevi.com.tr\/index.php\/wp-json\/wp\/v2\/product"}],"about":[{"href":"https:\/\/roveyayinevi.com.tr\/index.php\/wp-json\/wp\/v2\/types\/product"}],"wp:attachment":[{"href":"https:\/\/roveyayinevi.com.tr\/index.php\/wp-json\/wp\/v2\/media?parent=722159"}],"wp:term":[{"taxonomy":"product_brand","embeddable":true,"href":"https:\/\/roveyayinevi.com.tr\/index.php\/wp-json\/wp\/v2\/product_brand?post=722159"},{"taxonomy":"product_cat","embeddable":true,"href":"https:\/\/roveyayinevi.com.tr\/index.php\/wp-json\/wp\/v2\/product_cat?post=722159"},{"taxonomy":"product_tag","embeddable":true,"href":"https:\/\/roveyayinevi.com.tr\/index.php\/wp-json\/wp\/v2\/product_tag?post=722159"}],"curies":[{"name":"wp","href":"https:\/\/api.w.org\/{rel}","templated":true}]}}