{"id":722143,"date":"2025-08-27T19:00:20","date_gmt":"2025-08-27T16:00:20","guid":{"rendered":"https:\/\/roveyayinevi.com.tr\/index.php\/urun\/hayir-burasi-orman-degil\/"},"modified":"2026-04-16T02:29:54","modified_gmt":"2026-04-15T23:29:54","slug":"hayir-burasi-orman-degil","status":"publish","type":"product","link":"https:\/\/roveyayinevi.com.tr\/index.php\/urun\/hayir-burasi-orman-degil\/","title":{"rendered":"Hay\u0131r! Buras\u0131 Orman De\u011fil!"},"content":{"rendered":"<p>K\u00fcvette suayg\u0131r\u0131, mutfakta goril&#8230;\u0130\u015fte ormandas\u0131n!\u00d6du\u0308llu\u0308 I\u0307spanyol yazar Susanna Isern&#8217;den, minik okurlar\u0131 du\u0308s\u0327le gerc\u0327ek aras\u0131nda gezdiren s\u0131cac\u0131k bir hika\u0302ye. O\u0308pu\u0308cu\u0308k Ne Renktir? ve Du\u0308nyan\u0131n En Yu\u0308ksek Kitap Dag\u0306\u0131 gibi resimli o\u0308yku\u0308leriyle u\u0308lkemizde de c\u0327ok sevilen sanatc\u0327\u0131 Rocio Bonilla&#8217;n\u0131n benzersiz desenleriyle renklenen kitap, g\u00f6rsel okumaya f\u0131rsat veren yal\u0131n anlat\u0131m\u0131 ve evrensel temalar\u0131yla dikkati \u00e7ekiyor. Ev yas\u0327am\u0131ndaki sorumluluklar\u0131 ve aile i\u00e7i iletis\u0327imin o\u0308nemini hat\u0131rlatan eg\u0306lenceli o\u0308yku\u0308yu\u0308, ku\u0308c\u0327u\u0308kler de bu\u0308yu\u0308kler de gu\u0308lu\u0308mseyerek okuyacak.Ku\u0308c\u0327u\u0308k Pola, her s\u0327eye &#8220;hay\u0131r&#8221; diyordu. Odas\u0131n\u0131 toplamaya, dis\u0327lerini f\u0131rc\u0327alamaya, banyo yapmaya&#8230; hep &#8220;hay\u0131r&#8221; diye kars\u0327\u0131l\u0131k veriyordu. Bir gece kendini ormanda buluverdi. Odas\u0131, vahs\u0327i hayvanlar taraf\u0131ndan ele gec\u0327irilmis\u0327; bu\u0308tu\u0308n es\u0327yas\u0131 aslan, suayg\u0131r\u0131, s\u0327empanze ve dig\u0306erlerinin olmus\u0327tu. &#8220;Hay\u0131r&#8221; demeyi su\u0308rdu\u0308rmek, Pola&#8217;n\u0131n bu balta girmemis\u0327 ormandan kurtulmas\u0131na yarayacak m\u0131yd\u0131?..<\/p>\n","protected":false},"excerpt":{"rendered":"<p>K\u00fcvette suayg\u0131r\u0131, mutfakta goril&#8230;\u0130\u015fte ormandas\u0131n!\u00d6du\u0308llu\u0308 I\u0307spanyol yazar Susanna Isern&#8217;den, minik okurlar\u0131 du\u0308s\u0327le gerc\u0327ek aras\u0131nda gezdiren s\u0131cac\u0131k bir hika\u0302ye. O\u0308pu\u0308cu\u0308k Ne Renktir? ve Du\u0308nyan\u0131n En Yu\u0308ksek Kitap<span class=\"excerpt-hellip\"> [\u2026]<\/span><\/p>\n","protected":false},"featured_media":0,"template":"","meta":{"_monsterinsights_skip_tracking":false,"_monsterinsights_sitenote_active":false,"_monsterinsights_sitenote_note":"","_monsterinsights_sitenote_category":0},"product_brand":[],"product_cat":[12274,12518],"product_tag":[],"class_list":{"0":"post-722143","1":"product","2":"type-product","3":"status-publish","5":"product_cat-cocuk-ve-genclik-kitaplari","6":"product_cat-okul-oncesi-kitaplar","7":"pa_cilt-ciltsiz","8":"pa_tur-kitap","9":"pa_yayinevi-gunisigi-kitapligi","10":"pa_yazar-susanna-isern","12":"first","13":"instock","14":"sale","15":"shipping-taxable","16":"purchasable","17":"product-type-simple"},"_links":{"self":[{"href":"https:\/\/roveyayinevi.com.tr\/index.php\/wp-json\/wp\/v2\/product\/722143","targetHints":{"allow":["GET"]}}],"collection":[{"href":"https:\/\/roveyayinevi.com.tr\/index.php\/wp-json\/wp\/v2\/product"}],"about":[{"href":"https:\/\/roveyayinevi.com.tr\/index.php\/wp-json\/wp\/v2\/types\/product"}],"wp:attachment":[{"href":"https:\/\/roveyayinevi.com.tr\/index.php\/wp-json\/wp\/v2\/media?parent=722143"}],"wp:term":[{"taxonomy":"product_brand","embeddable":true,"href":"https:\/\/roveyayinevi.com.tr\/index.php\/wp-json\/wp\/v2\/product_brand?post=722143"},{"taxonomy":"product_cat","embeddable":true,"href":"https:\/\/roveyayinevi.com.tr\/index.php\/wp-json\/wp\/v2\/product_cat?post=722143"},{"taxonomy":"product_tag","embeddable":true,"href":"https:\/\/roveyayinevi.com.tr\/index.php\/wp-json\/wp\/v2\/product_tag?post=722143"}],"curies":[{"name":"wp","href":"https:\/\/api.w.org\/{rel}","templated":true}]}}