{"id":721957,"date":"2025-08-27T18:57:05","date_gmt":"2025-08-27T15:57:05","guid":{"rendered":"https:\/\/roveyayinevi.com.tr\/index.php\/urun\/15-temmuz-sonrasi-toplumsal-guvenlik-ve-huzur\/"},"modified":"2026-04-16T02:29:49","modified_gmt":"2026-04-15T23:29:49","slug":"15-temmuz-sonrasi-toplumsal-guvenlik-ve-huzur","status":"publish","type":"product","link":"https:\/\/roveyayinevi.com.tr\/index.php\/urun\/15-temmuz-sonrasi-toplumsal-guvenlik-ve-huzur\/","title":{"rendered":"15 Temmuz Sonras\u0131 Toplumsal G\u00fcvenlik ve Huzur"},"content":{"rendered":"<p>15 Temmuz Sonras\u0131 Toplumsal G\u00fcvenlik ve Huzur G\u00fcvenlik, insano\u011flunun varolu\u015funa ili\u015fkin en temel unsurlardan biridir. G\u00fcvenlik kavram\u0131 sosyal bilimler alan\u0131nda genel \u00e7er\u00e7eve ve boyutlara kar\u015f\u0131l\u0131k gelen, bireylere, konulara, toplumsal gelenek ve g\u00f6renekler ile de\u011fi\u015fen tarihsel \u015fartlara ve durumlar ile dinamiklere uyarlanan temel bir kavramd\u0131r. Bu kavram uzunca bir s\u00fcre ulusal g\u00fcvenlikle e\u015f anlaml\u0131 bir \u015fekilde, devletin unsurlar\u0131ndan ba\u011f\u0131ms\u0131z olarak siyasal otoritenin s\u00fcreklili\u011fi \u015feklinde de\u011ferlendirilmi\u015ftir. Bu \u00e7al\u0131\u015fmada g\u00fcvenlik kavram\u0131na ili\u015fkin tan\u0131mlara, bu kavram\u0131n tarihsel geli\u015fimine ve bu kavrama y\u00f6nelik geleneksek ve modern yakla\u015f\u0131mlar ile bu yakla\u015f\u0131mlara y\u00f6nelik ele\u015ftirilere ve son d\u00f6nemlerde dikkatlerin \u00fczerinde yo\u011funla\u015ft\u0131\u011f\u0131 toplumsal g\u00fcvenli\u011fe ve toplumsal g\u00fcvenli\u011fin sa\u011flanmas\u0131 noktas\u0131nda 15 Temmuz hain darbe giri\u015fimi sonras\u0131nda yap\u0131lan faaliyetlere ili\u015fkin a\u00e7\u0131klamalarve de\u011ferlendirmeler yap\u0131lm\u0131\u015ft\u0131r. <\/p>\n","protected":false},"excerpt":{"rendered":"<p>15 Temmuz Sonras\u0131 Toplumsal G\u00fcvenlik ve Huzur G\u00fcvenlik, insano\u011flunun varolu\u015funa ili\u015fkin en temel unsurlardan biridir. G\u00fcvenlik kavram\u0131 sosyal bilimler alan\u0131nda genel \u00e7er\u00e7eve ve boyutlara kar\u015f\u0131l\u0131k gelen,<span class=\"excerpt-hellip\"> [\u2026]<\/span><\/p>\n","protected":false},"featured_media":0,"template":"","meta":{"_monsterinsights_skip_tracking":false,"_monsterinsights_sitenote_active":false,"_monsterinsights_sitenote_note":"","_monsterinsights_sitenote_category":0},"product_brand":[],"product_cat":[12370,12304],"product_tag":[],"class_list":{"0":"post-721957","1":"product","2":"type-product","3":"status-publish","5":"product_cat-arastirma-inceleme","6":"product_cat-tarih","7":"pa_cilt-ciltsiz","8":"pa_tur-kitap","9":"pa_yayinevi-tiav","10":"pa_yazar-mehmet-koca","12":"first","13":"instock","14":"sale","15":"shipping-taxable","16":"purchasable","17":"product-type-simple"},"_links":{"self":[{"href":"https:\/\/roveyayinevi.com.tr\/index.php\/wp-json\/wp\/v2\/product\/721957","targetHints":{"allow":["GET"]}}],"collection":[{"href":"https:\/\/roveyayinevi.com.tr\/index.php\/wp-json\/wp\/v2\/product"}],"about":[{"href":"https:\/\/roveyayinevi.com.tr\/index.php\/wp-json\/wp\/v2\/types\/product"}],"wp:attachment":[{"href":"https:\/\/roveyayinevi.com.tr\/index.php\/wp-json\/wp\/v2\/media?parent=721957"}],"wp:term":[{"taxonomy":"product_brand","embeddable":true,"href":"https:\/\/roveyayinevi.com.tr\/index.php\/wp-json\/wp\/v2\/product_brand?post=721957"},{"taxonomy":"product_cat","embeddable":true,"href":"https:\/\/roveyayinevi.com.tr\/index.php\/wp-json\/wp\/v2\/product_cat?post=721957"},{"taxonomy":"product_tag","embeddable":true,"href":"https:\/\/roveyayinevi.com.tr\/index.php\/wp-json\/wp\/v2\/product_tag?post=721957"}],"curies":[{"name":"wp","href":"https:\/\/api.w.org\/{rel}","templated":true}]}}