{"id":721896,"date":"2025-08-27T18:56:21","date_gmt":"2025-08-27T15:56:21","guid":{"rendered":"https:\/\/roveyayinevi.com.tr\/index.php\/urun\/kocgiri\/"},"modified":"2026-04-16T02:29:48","modified_gmt":"2026-04-15T23:29:48","slug":"kocgiri","status":"publish","type":"product","link":"https:\/\/roveyayinevi.com.tr\/index.php\/urun\/kocgiri\/","title":{"rendered":"Ko\u00e7giri"},"content":{"rendered":"<p>Bu \u00e7al\u0131\u015fma, \u201ca\u015firet\u201d kavram\u0131n\u0131n Ortado\u011fu\u2019daki etno-dinsel topluluklar\u0131 tan\u0131mlamakta yetersiz oldu\u011funu \u00f6ne s\u00fcrmekte ve kavram\u0131 bile\u015fenlerine ay\u0131rarak ele almaktad\u0131r. Kitapta \u201ca\u015firet\u201d olarak tan\u0131mlanan halk topluluklar\u0131 \u201cetnos\u201d, topluluklar\u0131n i\u00e7inden ortaya \u00e7\u0131kan y\u00f6netsel mekanizma \u201ca\u015firet\u201d olarak tan\u0131mlanmakta. \u201cAsabiyye\u201dnin kayna\u011f\u0131n\u0131n ise toplulu\u011fun kanda\u015fl\u0131\u011f\u0131 de\u011fil, asl\u0131nda s\u0131n\u0131fsal-siyasal bir yap\u0131la\u015fman\u0131n n\u00fcvesi olan \u201ca\u015firet\u201d mekanizmas\u0131 oldu\u011fu \u00f6ne s\u00fcr\u00fclmektedir.\u201cA\u015firet\u201din yerel, ancak merkez\/devlet eliyle siyasal muhatap olarak kabul edildi\u011finde var olabilen, me\u015frula\u015ft\u0131r\u0131larak varl\u0131\u011f\u0131n\u0131 s\u00fcrd\u00fcrebilen y\u00f6netsel bir mekanizma oldu\u011funu \u00f6ne s\u00fcren bu kitap, K\u0131z\u0131lba\u015f\/Alevi K\u00fcrt topluluklar\u0131n\u0131 da bu perspektifle ele almakta; K\u0131z\u0131lba\u015f\/Alevi K\u00fcrt a\u015firetlerin \u015fekillendi\u011fi tarihi \u00c7emi\u015fgezek co\u011frafyas\u0131n\u0131 tarihsel-sosyal \u00f6zg\u00fcn bir habitus olarak kabul edip b\u00f6ylesi bir habitusun zorunlu k\u0131ld\u0131\u011f\u0131 klan, kabile, cemaat gibi formasyonlar\u0131n hem inan\u00e7 hem de kimlik in\u015fas\u0131ndaki etkisini merkezle ili\u015fki ba\u011flam\u0131nda tart\u0131\u015fmaya \u00e7al\u0131\u015fmaktad\u0131r. Kitapta, \u00c7emi\u015fgezek ve Dersim co\u011frafyas\u0131ndan ta\u015fan topluluklar\u0131n Ko\u00e7giri\u2019ye da\u011f\u0131lmalar\u0131, Osmanl\u0131\u2019n\u0131n merkezile\u015fme politikalar\u0131na paralel olarak merkezle ili\u015fkilenmeleri ve \u201ca\u015firet\u201d mekanizmas\u0131n\u0131n olu\u015fumu enine boyuna tart\u0131\u015f\u0131lmaktad\u0131r.Bu mekanizman\u0131n yaratt\u0131\u011f\u0131 K\u00fcrtl\u00fck \u201casabiyye\u201dsi, buna ba\u011fl\u0131 olarak Ko\u00e7giri \u201chadisesi\u201d ve bunun Cumhuriyet sonras\u0131na etkisi, kentle\u015fme ve g\u00f6\u00e7 s\u00fcrecinde \u201ca\u015firet\u201din da\u011f\u0131lmas\u0131, kentte d\u00f6n\u00fc\u015f\u00fcm ve yeniden \u015fekillenmesi ise ar\u015fiv belgeleri, somut n\u00fcfus verileri ve saha g\u00f6r\u00fc\u015fmeleri temelinde ortaya konmaktad\u0131r. Kavramsal ve y\u00f6ntemsel yakla\u015f\u0131m\u0131yla \u00f6zg\u00fcn bir \u00f6rnek oldu\u011funu d\u00fc\u015f\u00fcnd\u00fc\u011f\u00fcm\u00fcz bu \u00e7al\u0131\u015fman\u0131n a\u015firet incelemelerine de bir katk\u0131 olmas\u0131n\u0131 \u00fcmit ediyoruz&#8230; <\/p>\n","protected":false},"excerpt":{"rendered":"<p>Bu \u00e7al\u0131\u015fma, \u201ca\u015firet\u201d kavram\u0131n\u0131n Ortado\u011fu\u2019daki etno-dinsel topluluklar\u0131 tan\u0131mlamakta yetersiz oldu\u011funu \u00f6ne s\u00fcrmekte ve kavram\u0131 bile\u015fenlerine ay\u0131rarak ele almaktad\u0131r. Kitapta \u201ca\u015firet\u201d olarak tan\u0131mlanan halk topluluklar\u0131 \u201cetnos\u201d, topluluklar\u0131n<span class=\"excerpt-hellip\"> [\u2026]<\/span><\/p>\n","protected":false},"featured_media":0,"template":"","meta":{"_monsterinsights_skip_tracking":false,"_monsterinsights_sitenote_active":false,"_monsterinsights_sitenote_note":"","_monsterinsights_sitenote_category":0},"product_brand":[],"product_cat":[12312,12304],"product_tag":[],"class_list":{"0":"post-721896","1":"product","2":"type-product","3":"status-publish","5":"product_cat-diger","6":"product_cat-tarih","7":"pa_cilt-ciltsiz","8":"pa_tur-kitap","9":"pa_yayinevi-ayrinti-yayinlari","10":"pa_yazar-gultekin-ucar","12":"first","13":"instock","14":"sale","15":"shipping-taxable","16":"purchasable","17":"product-type-simple"},"_links":{"self":[{"href":"https:\/\/roveyayinevi.com.tr\/index.php\/wp-json\/wp\/v2\/product\/721896","targetHints":{"allow":["GET"]}}],"collection":[{"href":"https:\/\/roveyayinevi.com.tr\/index.php\/wp-json\/wp\/v2\/product"}],"about":[{"href":"https:\/\/roveyayinevi.com.tr\/index.php\/wp-json\/wp\/v2\/types\/product"}],"wp:attachment":[{"href":"https:\/\/roveyayinevi.com.tr\/index.php\/wp-json\/wp\/v2\/media?parent=721896"}],"wp:term":[{"taxonomy":"product_brand","embeddable":true,"href":"https:\/\/roveyayinevi.com.tr\/index.php\/wp-json\/wp\/v2\/product_brand?post=721896"},{"taxonomy":"product_cat","embeddable":true,"href":"https:\/\/roveyayinevi.com.tr\/index.php\/wp-json\/wp\/v2\/product_cat?post=721896"},{"taxonomy":"product_tag","embeddable":true,"href":"https:\/\/roveyayinevi.com.tr\/index.php\/wp-json\/wp\/v2\/product_tag?post=721896"}],"curies":[{"name":"wp","href":"https:\/\/api.w.org\/{rel}","templated":true}]}}