{"id":721823,"date":"2025-08-27T18:55:19","date_gmt":"2025-08-27T15:55:19","guid":{"rendered":"https:\/\/roveyayinevi.com.tr\/index.php\/urun\/yuzdinlerin-surgunu-kirimda-turk-soykirimi\/"},"modified":"2026-04-16T02:29:46","modified_gmt":"2026-04-15T23:29:46","slug":"yuzdinlerin-surgunu-kirimda-turk-soykirimi","status":"publish","type":"product","link":"https:\/\/roveyayinevi.com.tr\/index.php\/urun\/yuzdinlerin-surgunu-kirimda-turk-soykirimi\/","title":{"rendered":"Y\u00fczdinlerin S\u00fcrg\u00fcn\u00fc &#8211; K\u0131r\u0131m&#8217;da T\u00fcrk Soyk\u0131r\u0131m\u0131"},"content":{"rendered":"<p>\u201cY\u00fczbinlerin S\u00fcrg\u00fcn\u00fc\u201d 1972\u2019de \u201cK\u0131r\u0131m Facias\u0131n\u0131n \u0130\u00e7y\u00fcz\u00fc\u201d ba\u015fl\u0131\u011f\u0131yla tefrika edilmi\u015f, 1974\u2019te de \u201cT\u00fcrks\u00fcz K\u0131r\u0131m: Y\u00fczbinlerin S\u00fcrg\u00fcn\u00fc\u201d ad\u0131yla kitapla\u015ft\u0131r\u0131lm\u0131\u015ft\u0131. K\u0131r\u0131m T\u00fcrklerinin 1944-1974 y\u0131llar\u0131 aras\u0131ndaki vatana d\u00f6n\u00fc\u015f m\u00fccadelesini anlatan bu \u00e7al\u0131\u015fma, bu konuda T\u00fcrk\u00e7edeki ilk kitapt\u0131r.Hablemito\u011flu kitab\u0131n \u00f6yk\u00fcs\u00fcn\u00fc \u015fu s\u00f6zlerle \u00f6zetliyor:   \u201cDedeleri K\u0131r\u0131m\u2019dan ve Rumeli\u2019den anavatana g\u00f6\u00e7 etmi\u015f Kemalist bir lise \u00f6\u011frencisi olarak, K\u0131r\u0131m T\u00fcrklerinin ac\u0131larla dolu tarihi ile ilgilenmi\u015f, uygar d\u00fcnyan\u0131n g\u00f6zleri \u00f6n\u00fcnde devam etmekte olan bu vah\u015fete kar\u015f\u0131 hi\u00e7 de\u011filse kendi insan\u0131m\u0131z\u0131 bilgilendirmenin gereklili\u011fine inanm\u0131\u015ft\u0131m. Kitap, 18 May\u0131s 1944\u2019te, Stalin\u2019in ac\u0131mas\u0131z emriyle bir g\u00fcnde binlerce y\u0131ll\u0131k vatanlar\u0131n\u0131 -geride her \u015feylerini b\u0131rakarak- kundaktaki bebe\u011finden ya\u015fl\u0131s\u0131na kadar, bilinmeyen bir y\u00f6ne g\u00f6t\u00fcr\u00fclen K\u0131r\u0131m T\u00fcrk halk\u0131n\u0131n \u00e7ileli yolculu\u011funu, kay\u0131plar\u0131n\u0131, s\u00fcrg\u00fcnde kar\u015f\u0131la\u015ft\u0131klar\u0131 zorluklar\u0131 ve 1974\u2019e kadarki yurda d\u00f6n\u00fc\u015f m\u00fccadelesini anlat\u0131yor&#8230;Bu \u00e7al\u0131\u015fmaya lise birinci s\u0131n\u0131fta ba\u015flad\u0131m, lise sonda bitirdim.\u201d\u201cY\u00fczbinlerin S\u00fcrg\u00fcn\u00fc-K\u0131r\u0131m\u2019da T\u00fcrk Soyk\u0131r\u0131m\u0131\u201d yak\u0131n tarihin en ac\u0131 olaylar\u0131ndan birini, ger\u00e7ek bir tan\u0131\u011f\u0131n kaleminden aktar\u0131yor.<\/p>\n","protected":false},"excerpt":{"rendered":"<p>\u201cY\u00fczbinlerin S\u00fcrg\u00fcn\u00fc\u201d 1972\u2019de \u201cK\u0131r\u0131m Facias\u0131n\u0131n \u0130\u00e7y\u00fcz\u00fc\u201d ba\u015fl\u0131\u011f\u0131yla tefrika edilmi\u015f, 1974\u2019te de \u201cT\u00fcrks\u00fcz K\u0131r\u0131m: Y\u00fczbinlerin S\u00fcrg\u00fcn\u00fc\u201d ad\u0131yla kitapla\u015ft\u0131r\u0131lm\u0131\u015ft\u0131. K\u0131r\u0131m T\u00fcrklerinin 1944-1974 y\u0131llar\u0131 aras\u0131ndaki vatana d\u00f6n\u00fc\u015f m\u00fccadelesini anlatan<span class=\"excerpt-hellip\"> [\u2026]<\/span><\/p>\n","protected":false},"featured_media":0,"template":"","meta":{"_monsterinsights_skip_tracking":false,"_monsterinsights_sitenote_active":false,"_monsterinsights_sitenote_note":"","_monsterinsights_sitenote_category":0},"product_brand":[],"product_cat":[12304,13650],"product_tag":[],"class_list":{"0":"post-721823","1":"product","2":"type-product","3":"status-publish","5":"product_cat-tarih","6":"product_cat-turk-tarihi-arastirmalari","7":"pa_cilt-ciltsiz","8":"pa_tur-kitap","9":"pa_yayinevi-pozitif-yayinlari","10":"pa_yazar-necip-hablemitoglu","12":"first","13":"instock","14":"sale","15":"shipping-taxable","16":"purchasable","17":"product-type-simple"},"_links":{"self":[{"href":"https:\/\/roveyayinevi.com.tr\/index.php\/wp-json\/wp\/v2\/product\/721823","targetHints":{"allow":["GET"]}}],"collection":[{"href":"https:\/\/roveyayinevi.com.tr\/index.php\/wp-json\/wp\/v2\/product"}],"about":[{"href":"https:\/\/roveyayinevi.com.tr\/index.php\/wp-json\/wp\/v2\/types\/product"}],"wp:attachment":[{"href":"https:\/\/roveyayinevi.com.tr\/index.php\/wp-json\/wp\/v2\/media?parent=721823"}],"wp:term":[{"taxonomy":"product_brand","embeddable":true,"href":"https:\/\/roveyayinevi.com.tr\/index.php\/wp-json\/wp\/v2\/product_brand?post=721823"},{"taxonomy":"product_cat","embeddable":true,"href":"https:\/\/roveyayinevi.com.tr\/index.php\/wp-json\/wp\/v2\/product_cat?post=721823"},{"taxonomy":"product_tag","embeddable":true,"href":"https:\/\/roveyayinevi.com.tr\/index.php\/wp-json\/wp\/v2\/product_tag?post=721823"}],"curies":[{"name":"wp","href":"https:\/\/api.w.org\/{rel}","templated":true}]}}