{"id":721762,"date":"2025-08-27T18:54:33","date_gmt":"2025-08-27T15:54:33","guid":{"rendered":"https:\/\/roveyayinevi.com.tr\/index.php\/urun\/milli-mecmua-sayi-9-temmuz-agustos-2019\/"},"modified":"2026-04-16T02:29:45","modified_gmt":"2026-04-15T23:29:45","slug":"milli-mecmua-sayi-9-temmuz-agustos-2019","status":"publish","type":"product","link":"https:\/\/roveyayinevi.com.tr\/index.php\/urun\/milli-mecmua-sayi-9-temmuz-agustos-2019\/","title":{"rendered":"Milli Mecmua Say\u0131 9 \/ Temmuz &#8211; A\u011fustos 2019"},"content":{"rendered":"<p>\u0130\u00c7\u0130NDEK\u0130LER:\u0130ttihat ve Terakki Cemiyeti\u00d6\u011fr. G\u00f6r. Dr. Emine A\u015f\u00e7\u0131 Hat\u0131ratlarda Enver Pa\u015fa Alg\u0131s\u0131O\u011fuzhan Murat \u00d6zt\u00fcrk Cemal Bey\u2019in \u0130ttihat ve Terakki Cemiyeti ile Osmanl\u0131 H\u00fcrriyet Cemiyeti\u2019ne Giri\u015fi ve FaaliyetleriNevzat Artu\u00e7 Atat\u00fcrk &#8211; \u0130ttihat ve TerakkiDr. Feth\u00ee Teveto\u011flu Bir Ermeni Gazetesinin Penceresinden \u0130ttihat ve Terakki Program\u0131Dr. \u0130smail Y\u0131ld\u0131z \u0130ttihat ve Terakki Cemiyeti\u2019nin Tek Kad\u0131n \u00dcyesi: Selma R\u0131za FeraceliCeren Akg\u00fcn H\u00fcseyin C\u00e2hid Yal\u00e7\u0131nG\u00f6kt\u00fcrk \u00d6mer \u00c7ak\u0131r Babanz\u00e2de \u0130smail Hakk\u0131 Bey\u2019in Penceresinden \u0130ttihad ve Terakki\u2019nin Demokrasi KarnesiH\u00fcseyin \u00d6zdemir J\u00f6n T\u00fcrkler\u2019den \u0130ttihat ve Terakki\u2019ye Osmanl\u0131 Bas\u0131n\u0131Dr. \u00d6\u011fr. \u00dcyesi Necati \u00c7avdar Yeni Osmanl\u0131lar Hareketinin Do\u011fu\u015fu ve Bas\u0131n\u0131n Rol\u00fcDo\u00e7. Dr. U\u011fur G\u00fcnd\u00fcz \u0130sl\u00e2mc\u0131larda Me\u015frutiyet D\u00fc\u015f\u00fcncesiAhmet Alperen Can I. Me\u015frutiyet\u2019ten II. Me\u015frutiyet\u2019e D\u00fc\u015f\u00fcnce Hayat\u0131ndaki D\u00f6n\u00fc\u015f\u00fcm\u00fcn Temel Dinamikleri ve \u0130ttihat TerakkiDr. \u00d6\u011fr. \u00dc. M. Necip Y\u0131lmaz Te\u015fkilat-\u0131 Mahsusa\u2019n\u0131n Osmanl\u0131 Orta Do\u011fu\u2019sunda Operasyon Kapasitesi ve Etki Alanlar\u0131na Dair Bir De\u011ferlendirmeSelim Han Yeniacun \u0130ttihat Terakki ve SomaliMustafa \u015eahin Bir Ermeni Gazetesinin Penceresinden \u0130ttihat ve Terakki Program\u0131Dr. \u0130smail Y\u0131ld\u0131z \u0130ttihad\u00e7\u0131lar\u0131n Kuzeydo\u011fu Anadolu\u2019dan Yakt\u0131\u011f\u0131 Me\u015fale: Ardahan KongreleriAr\u015f. G\u00f6r. Volkan \u00d6zkan 20. Asr\u0131n Ruhuna \u0130syan Eden Ayk\u0131r\u0131 Adamlar: Fedailer ve Silah\u015forlar\u0130lyas Kara T\u00fcrk Romanlar\u0131nda \u0130ttihad Terakki ve D\u00f6neminin Yans\u0131malar\u0131 \u00dczerine Bir Tahlil DenemesiMuhammedB\u00fcy\u00fckk\u00f6ro\u011flu \/ MehmetDo\u011fan \u00dclk\u00fcc\u00fc D\u00fc\u015f\u00fcncenin Temelinde \u0130ttihat ve TerakkiYasin Usta \u0130ttihat ve Terakki Cemiyeti\u2019nin \u00d6\u011fretim Programlar\u0131ndaki Yeri\u00d6m\u00fcr K\u0131z\u0131l Bir D\u00f6nemin Propaganda &#8211; Motivasyon \u00c7emberinde \u015eiirin Tesiri\u0130brahim Da\u015f Ebed-M\u00fcdded \u0130ttihat\u00e7\u0131l\u0131kTan\u0131l Bora Kitap: Komitenin Ruhu Talat Pa\u015faU\u011fur U\u00e7ar Kitap: \u015eehit Enver Pa\u015faZafer Sara\u00e7 Kitap: \u0130ttihat ve Terakki CemiyetiSamet \u00c7\u0131ldan \u201cEnver\u201de Dair Bir Tahlil DenemesiMetehan Hepvar Kitap: Payitahtta Nutuklar\u0131mAhmet \u015eahin Prof. Dr. Mustafa \u00c7al\u0131k ile R\u00f6portajDo\u011fukan Oru\u00e7<\/p>\n","protected":false},"excerpt":{"rendered":"<p>\u0130\u00c7\u0130NDEK\u0130LER:\u0130ttihat ve Terakki Cemiyeti\u00d6\u011fr. G\u00f6r. Dr. Emine A\u015f\u00e7\u0131 Hat\u0131ratlarda Enver Pa\u015fa Alg\u0131s\u0131O\u011fuzhan Murat \u00d6zt\u00fcrk Cemal Bey\u2019in \u0130ttihat ve Terakki Cemiyeti ile Osmanl\u0131 H\u00fcrriyet Cemiyeti\u2019ne Giri\u015fi ve<span class=\"excerpt-hellip\"> [\u2026]<\/span><\/p>\n","protected":false},"featured_media":0,"template":"","meta":{"_monsterinsights_skip_tracking":false,"_monsterinsights_sitenote_active":false,"_monsterinsights_sitenote_note":"","_monsterinsights_sitenote_category":0},"product_brand":[],"product_cat":[13527,14356],"product_tag":[],"class_list":{"0":"post-721762","1":"product","2":"type-product","3":"status-publish","5":"product_cat-sureli-yayinlar","6":"product_cat-tarih-sureli-yayinlar","7":"pa_cilt-ciltsiz","8":"pa_tur-dergi","9":"pa_yayinevi-otuken-nesriyat","10":"pa_yazar-kolektif","12":"first","13":"instock","14":"sale","15":"shipping-taxable","16":"purchasable","17":"product-type-simple"},"_links":{"self":[{"href":"https:\/\/roveyayinevi.com.tr\/index.php\/wp-json\/wp\/v2\/product\/721762","targetHints":{"allow":["GET"]}}],"collection":[{"href":"https:\/\/roveyayinevi.com.tr\/index.php\/wp-json\/wp\/v2\/product"}],"about":[{"href":"https:\/\/roveyayinevi.com.tr\/index.php\/wp-json\/wp\/v2\/types\/product"}],"wp:attachment":[{"href":"https:\/\/roveyayinevi.com.tr\/index.php\/wp-json\/wp\/v2\/media?parent=721762"}],"wp:term":[{"taxonomy":"product_brand","embeddable":true,"href":"https:\/\/roveyayinevi.com.tr\/index.php\/wp-json\/wp\/v2\/product_brand?post=721762"},{"taxonomy":"product_cat","embeddable":true,"href":"https:\/\/roveyayinevi.com.tr\/index.php\/wp-json\/wp\/v2\/product_cat?post=721762"},{"taxonomy":"product_tag","embeddable":true,"href":"https:\/\/roveyayinevi.com.tr\/index.php\/wp-json\/wp\/v2\/product_tag?post=721762"}],"curies":[{"name":"wp","href":"https:\/\/api.w.org\/{rel}","templated":true}]}}