{"id":721702,"date":"2025-08-27T18:53:47","date_gmt":"2025-08-27T15:53:47","guid":{"rendered":"https:\/\/roveyayinevi.com.tr\/index.php\/urun\/5-12-yas-grubu-cocuk-kitaplarinda-olum-temasi-uzerine-bir-arastirma\/"},"modified":"2026-04-16T02:29:43","modified_gmt":"2026-04-15T23:29:43","slug":"5-12-yas-grubu-cocuk-kitaplarinda-olum-temasi-uzerine-bir-arastirma","status":"publish","type":"product","link":"https:\/\/roveyayinevi.com.tr\/index.php\/urun\/5-12-yas-grubu-cocuk-kitaplarinda-olum-temasi-uzerine-bir-arastirma\/","title":{"rendered":"5-12 Ya\u015f Grubu \u00c7ocuk Kitaplar\u0131nda \u00d6l\u00fcm Temas\u0131 \u00dczerine Bir Ara\u015ft\u0131rma"},"content":{"rendered":"<p>\u00c7ocuklar\u0131n \u00f6l\u00fcm kavram\u0131n\u0131 \u00f6\u011frenme, anlama, kavrama s\u00fcreci, ya\u015f\u0131 ve geli\u015fim d\u00f6nemiyle ba\u011flant\u0131l\u0131d\u0131r.  \u00c7ocu\u011fun ya\u015f\u0131 b\u00fcy\u00fcd\u00fck\u00e7e ya da yak\u0131n \u00e7evresinde \u00f6l\u00fcmle kar\u015f\u0131la\u015ft\u0131k\u00e7a, \u00f6len ki\u015finin geri gelmeyece\u011fini, \u00f6l\u00fcm\u00fcn bir sona erme oldu\u011funu, bir g\u00fcn herkesin \u00f6lece\u011fini ve \u00f6l\u00fcm i\u00e7in bir neden bulundu\u011funu \u00f6\u011frenmeye ba\u015flar. Yani \u00f6l\u00fcm\u00fcn d\u00f6rt temel bile\u015feni ile kar\u015f\u0131la\u015f\u0131r. Okul \u00f6ncesi d\u00f6nemdeki \u00e7ocuklardan farkl\u0131 olarak, okul \u00e7a\u011f\u0131 \u00e7ocuklar\u0131 \u00f6l\u00fcm\u00fcn geri d\u00f6n\u00fc\u015f\u00fc olmayan bir son oldu\u011funu bilirler ve \u00f6len ki\u015finin geri d\u00f6nmesini beklemezler.Anne babalar ve \u00f6\u011fretmenler \u00e7ocuklara ya\u015fam\u0131n ac\u0131 ger\u00e7eklerini de \u00f6\u011fretmek zorundad\u0131r, ama \u00f6l\u00fcm\u00fc \u00f6\u011fretmeyi d\u00fc\u015f\u00fcnen \u00e7ok azd\u0131r. \u00d6l\u00fcm konusunun bir tabu olmad\u0131\u011f\u0131, sorulara ger\u00e7ek\u00e7i yan\u0131tlar verildi\u011fi, k\u0131sa bir hastal\u0131\u011f\u0131n ya da ayr\u0131l\u0131\u011f\u0131n a\u00e7\u0131k\u00e7a anlat\u0131ld\u0131\u011f\u0131 okullarda ve evlerde ailenin t\u00fcm\u00fc ciddi bir kay\u0131p i\u00e7in \u00e7ok daha iyi haz\u0131rlanm\u0131\u015f olacakt\u0131r. Hi\u00e7bir \u015fey ya\u015fanacak \u015foku ve \u00fcz\u00fcnt\u00fcy\u00fc engelleyemez ama bir \u00e7ocuk e\u011fer ya\u015fam\u0131nda yer alan yeti\u015fkinlerle kolayca konu\u015fabiliyorsa, onlara s\u0131rlar\u0131n\u0131 ve sorunlar\u0131n\u0131 a\u00e7abilece\u011fini biliyorsa b\u00fcy\u00fck bir ac\u0131n\u0131n ya\u015fanmas\u0131 durumunda yaln\u0131z bu bile \u00e7ocu\u011fu rahatlatacakt\u0131r.Yay\u0131nlad\u0131\u011f\u0131m\u0131z \u201c5-12 Ya\u015f Grubu \u00c7ocuk Kitaplar\u0131nda \u00d6l\u00fcm \u00dczerine Bir Ara\u015ft\u0131rma\u201d bu alanda \u00e7ocuk ger\u00e7ekli\u011fi ve ruhsall\u0131\u011f\u0131n\u0131 temel alan yol g\u00f6sterici bir inceleme ve \u00e7ocuk kitaplar\u0131nda \u00f6l\u00fcm sunumlar\u0131 \u00fczerine ayr\u0131nt\u0131l\u0131 bir de\u011ferlendirmedir. Travmatik ya\u015fant\u0131lar\u0131 i\u00e7eren \u00e7ocuk kitaplar\u0131 \u00fczerine \u00f6rnek bir incelemedir. Anne babalara, \u00f6\u011fretmenlere ve uzmanlara yararl\u0131 olmas\u0131 temennimizle\u2026 <\/p>\n","protected":false},"excerpt":{"rendered":"<p>\u00c7ocuklar\u0131n \u00f6l\u00fcm kavram\u0131n\u0131 \u00f6\u011frenme, anlama, kavrama s\u00fcreci, ya\u015f\u0131 ve geli\u015fim d\u00f6nemiyle ba\u011flant\u0131l\u0131d\u0131r. \u00c7ocu\u011fun ya\u015f\u0131 b\u00fcy\u00fcd\u00fck\u00e7e ya da yak\u0131n \u00e7evresinde \u00f6l\u00fcmle kar\u015f\u0131la\u015ft\u0131k\u00e7a, \u00f6len ki\u015finin geri gelmeyece\u011fini, \u00f6l\u00fcm\u00fcn<span class=\"excerpt-hellip\"> [\u2026]<\/span><\/p>\n","protected":false},"featured_media":0,"template":"","meta":{"_monsterinsights_skip_tracking":false,"_monsterinsights_sitenote_active":false,"_monsterinsights_sitenote_note":"","_monsterinsights_sitenote_category":0},"product_brand":[],"product_cat":[12573,12566],"product_tag":[],"class_list":{"0":"post-721702","1":"product","2":"type-product","3":"status-publish","5":"product_cat-akademik-kitaplar","6":"product_cat-egitim","7":"pa_cilt-ciltsiz","8":"pa_tur-kitap","9":"pa_yayinevi-egiten-kitap","10":"pa_yazar-nil-deniz-hos","12":"first","13":"instock","14":"sale","15":"shipping-taxable","16":"purchasable","17":"product-type-simple"},"_links":{"self":[{"href":"https:\/\/roveyayinevi.com.tr\/index.php\/wp-json\/wp\/v2\/product\/721702","targetHints":{"allow":["GET"]}}],"collection":[{"href":"https:\/\/roveyayinevi.com.tr\/index.php\/wp-json\/wp\/v2\/product"}],"about":[{"href":"https:\/\/roveyayinevi.com.tr\/index.php\/wp-json\/wp\/v2\/types\/product"}],"wp:attachment":[{"href":"https:\/\/roveyayinevi.com.tr\/index.php\/wp-json\/wp\/v2\/media?parent=721702"}],"wp:term":[{"taxonomy":"product_brand","embeddable":true,"href":"https:\/\/roveyayinevi.com.tr\/index.php\/wp-json\/wp\/v2\/product_brand?post=721702"},{"taxonomy":"product_cat","embeddable":true,"href":"https:\/\/roveyayinevi.com.tr\/index.php\/wp-json\/wp\/v2\/product_cat?post=721702"},{"taxonomy":"product_tag","embeddable":true,"href":"https:\/\/roveyayinevi.com.tr\/index.php\/wp-json\/wp\/v2\/product_tag?post=721702"}],"curies":[{"name":"wp","href":"https:\/\/api.w.org\/{rel}","templated":true}]}}