{"id":721630,"date":"2025-08-27T18:52:51","date_gmt":"2025-08-27T15:52:51","guid":{"rendered":"https:\/\/roveyayinevi.com.tr\/index.php\/urun\/sultanin-kizilbaslari\/"},"modified":"2026-04-16T02:29:27","modified_gmt":"2026-04-15T23:29:27","slug":"sultanin-kizilbaslari","status":"publish","type":"product","link":"https:\/\/roveyayinevi.com.tr\/index.php\/urun\/sultanin-kizilbaslari\/","title":{"rendered":"Sultan\u0131n K\u0131z\u0131lba\u015flar\u0131"},"content":{"rendered":"<p>Osmanl\u0131\u2019da devlet zihniyetine kay\u0131tl\u0131 K\u0131z\u0131lba\u015f\/Alevi alg\u0131s\u0131 devlet politikalar\u0131na yans\u0131m\u0131\u015f m\u0131d\u0131r? Uzun s\u00fcren bir mutlak iktidar d\u00f6neminde K\u0131z\u0131lba\u015flar\/Aleviler hakk\u0131ndaki belgeler, kurumlar aras\u0131 yaz\u0131\u015fmalar, uygulamalar genel bir siyaset izle\u011fi sunabilir mi? Yal\u00e7\u0131n \u00c7akmak, Sultan\u0131n K\u0131z\u0131lba\u015flar\u0131\u2019nda, II. Abd\u00fclhamid d\u00f6neminin ve rejiminin kendi siyaset anlay\u0131\u015f\u0131 ve ara\u00e7lar\u0131 ile devletin genel Alevi politikas\u0131 aras\u0131ndaki paralelliklerle de\u011fi\u015fimlere yo\u011funla\u015f\u0131yor. Birincil kaynaklar, Osmanl\u0131 ar\u015fivleri ile misyonerlerin ar\u015fivleri, faaliyet raporlar\u0131, Alevi cemaatinin i\u00e7indeki menk\u0131be ve anlat\u0131lar, cemaat i\u00e7i gerilimlerle dayan\u0131\u015fma pratikleri, II. Abd\u00fclhamid rejiminin merkez y\u00f6neticileri ile ta\u015fra idarecileri aras\u0131ndaki yaz\u0131\u015fmalar\u0131n g\u00f6sterdi\u011fi farkl\u0131 uygulamalar ve alg\u0131lar aras\u0131nda Alevi n\u00fcfusa y\u00f6nelik politikalar\u0131 inceliyor.\u201cYal\u00e7\u0131n \u00c7akmak\u2019\u0131n \u00e7al\u0131\u015fmas\u0131 Alevilik ve Bekta\u015filik incelemelerine \u00f6nemli ve orijinal bir katk\u0131 ve tarih\u00e7ili\u011fimizin yeni neslinin bir ba\u015fka parlak \u00f6rne\u011fi.\u201d-Oktay \u00d6zel\u201c\u00c7akmak\u2019\u0131n \u00e7al\u0131\u015fmas\u0131, devletin izlemeden tedibe kadar \u00e7e\u015fitlenen \u00f6nlemler paketine altl\u0131k te\u015fkil eden K\u0131z\u0131lba\u015f\/ Alevi bilgisinin niteli\u011fine de v\u00e2k\u0131f oldu\u011fumuz K\u0131z\u0131lba\u015f\/Alevi tarihi alan\u0131nda \u00f6nc\u00fc \u00e7al\u0131\u015fmalar aras\u0131nda yerini alm\u0131\u015ft\u0131r.\u201d-Suavi Ayd\u0131n\u201c\u00d6nyarg\u0131larla veya ideolojik pozisyonlarla \u00fcretilmi\u015f onca yay\u0131n\u0131n oldu\u011fu, \u00fczerine \u00e7ok konu\u015fup az bildi\u011fimiz \u00f6nemli bir konuda yetkinli\u011fi ve ciddiyetiyle \u00f6ne \u00e7\u0131kan bir kitapla kar\u015f\u0131 kar\u015f\u0131yay\u0131z.\u201d &#8211;Ferden Ergut\u201cHem Abd\u00fclhamid d\u00f6nemi hem de Alevi\/K\u0131z\u0131lba\u015f tarihi literat\u00fcr\u00fcne \u00f6nemli ve hi\u00e7 eskimeyecek bir katk\u0131da bulunuyor.\u201d-G\u00f6khan \u00c7etinsaya<\/p>\n","protected":false},"excerpt":{"rendered":"<p>Osmanl\u0131\u2019da devlet zihniyetine kay\u0131tl\u0131 K\u0131z\u0131lba\u015f\/Alevi alg\u0131s\u0131 devlet politikalar\u0131na yans\u0131m\u0131\u015f m\u0131d\u0131r? Uzun s\u00fcren bir mutlak iktidar d\u00f6neminde K\u0131z\u0131lba\u015flar\/Aleviler hakk\u0131ndaki belgeler, kurumlar aras\u0131 yaz\u0131\u015fmalar, uygulamalar genel bir siyaset<span class=\"excerpt-hellip\"> [\u2026]<\/span><\/p>\n","protected":false},"featured_media":0,"template":"","meta":{"_monsterinsights_skip_tracking":false,"_monsterinsights_sitenote_active":false,"_monsterinsights_sitenote_note":"","_monsterinsights_sitenote_category":0},"product_brand":[],"product_cat":[13517,12304],"product_tag":[],"class_list":{"0":"post-721630","1":"product","2":"type-product","3":"status-publish","5":"product_cat-osmanli-tarihi","6":"product_cat-tarih","7":"pa_cilt-ciltsiz","8":"pa_tur-kitap","9":"pa_yayinevi-iletisim-yayinlari","10":"pa_yazar-imran-gurtas","11":"pa_yazar-yalcin-cakmak","13":"first","14":"instock","15":"sale","16":"shipping-taxable","17":"purchasable","18":"product-type-simple"},"_links":{"self":[{"href":"https:\/\/roveyayinevi.com.tr\/index.php\/wp-json\/wp\/v2\/product\/721630","targetHints":{"allow":["GET"]}}],"collection":[{"href":"https:\/\/roveyayinevi.com.tr\/index.php\/wp-json\/wp\/v2\/product"}],"about":[{"href":"https:\/\/roveyayinevi.com.tr\/index.php\/wp-json\/wp\/v2\/types\/product"}],"wp:attachment":[{"href":"https:\/\/roveyayinevi.com.tr\/index.php\/wp-json\/wp\/v2\/media?parent=721630"}],"wp:term":[{"taxonomy":"product_brand","embeddable":true,"href":"https:\/\/roveyayinevi.com.tr\/index.php\/wp-json\/wp\/v2\/product_brand?post=721630"},{"taxonomy":"product_cat","embeddable":true,"href":"https:\/\/roveyayinevi.com.tr\/index.php\/wp-json\/wp\/v2\/product_cat?post=721630"},{"taxonomy":"product_tag","embeddable":true,"href":"https:\/\/roveyayinevi.com.tr\/index.php\/wp-json\/wp\/v2\/product_tag?post=721630"}],"curies":[{"name":"wp","href":"https:\/\/api.w.org\/{rel}","templated":true}]}}