{"id":721619,"date":"2025-08-27T18:52:37","date_gmt":"2025-08-27T15:52:37","guid":{"rendered":"https:\/\/roveyayinevi.com.tr\/index.php\/urun\/imparatorluklar-cagina-veda\/"},"modified":"2026-04-16T02:29:26","modified_gmt":"2026-04-15T23:29:26","slug":"imparatorluklar-cagina-veda","status":"publish","type":"product","link":"https:\/\/roveyayinevi.com.tr\/index.php\/urun\/imparatorluklar-cagina-veda\/","title":{"rendered":"\u0130mparatorluklar \u00c7a\u011f\u0131na Veda"},"content":{"rendered":"<p>Birinci D\u00fcnya Sava\u015f\u0131 d\u00f6rt y\u0131l s\u00fcrm\u00fc\u015f, Balkanlarda ba\u015flayan sava\u015f yine Balkanlarda bitmi\u015f, Bulgaristan\u2019\u0131n m\u00fctareke imzalamas\u0131 zincirleme m\u00fcnferit m\u00fctarekelerin ortaya \u00e7\u0131kmas\u0131n\u0131 tetiklemi\u015ftir. Sel\u00e2nik M\u00fctarekesi\u2019yle Bulgaristan\u2019\u0131n sava\u015f d\u0131\u015f\u0131 kalmas\u0131, esas\u0131nda \u0130til\u00e2f Devletleri i\u00e7in yeterli g\u00f6r\u00fclm\u00fc\u015ft\u00fcr. Nitekim Bulgaristan en \u00e7ok S\u0131rbistan ve Yunanistan taraf\u0131ndan i\u015fgal edilece\u011fi ve bu \u00fclkelerin kendisinden intikam alaca\u011f\u0131ndan endi\u015fe ederken \u0130til\u00e2f Devletleri b\u00f6yle bir geli\u015fmeye izin vermemi\u015ftir.Macaristan\u2019la imzalanan Belgrad M\u00fctarekesi\u2019nin de di\u011fer m\u00fctarekelere k\u0131yasla a\u011f\u0131r bir ate\u015fkes oldu\u011funu s\u00f6ylemek zordur. Avusturya-Macaristan \u0130mparatorlu\u011fu ad\u0131na asl\u0131nda Avusturya heyetiyle imzalanan Villa Giusti M\u00fctarekesi\u2019nde, Habsburg \u0130mparatorlu\u011fu\u2019nun sonunu getirmek i\u00e7in siyas\u00ee ve asker\u00ee baz\u0131 ad\u0131mlar\u0131n at\u0131ld\u0131\u011f\u0131 a\u00e7\u0131k\u00e7a g\u00f6r\u00fclmektedir.Bununla birlikte \u0130ttifak Devletleri \u00fclkeleri i\u00e7in de en a\u011f\u0131r \u015fartlar\u0131 ta\u015f\u0131yan m\u00fctareke Rethondes -baz\u0131 kaynaklarda Compiegne olarak da ge\u00e7mektedir- M\u00fctarekesi\u2019dir. Almanya, asker\u00ee ve mal\u00ee olarak adeta \u00e7\u00f6kertilmek istenmi\u015ftir. A\u011f\u0131r \u015fartlar ve yapt\u0131r\u0131mlarla dolu bu m\u00fctareke, asl\u0131nda Almanya\u2019ya nas\u0131l bir bar\u0131\u015f antla\u015fmas\u0131 \u00f6nerilece\u011finin de habercisidir. T\u00fcrk bas\u0131n\u0131ndaki ve baz\u0131 devlet adamlar\u0131ndaki iyimser olma \u00e7abalar\u0131na kar\u015f\u0131n Mondros M\u00fctarekesi\u2019nin de a\u011f\u0131r bir metin oldu\u011funu ifade etmek yanl\u0131\u015f de\u011fildir. K\u00e2\u011f\u0131t \u00fczerinde de\u011ferlendirildi\u011finde \u00f6zellikle Rethondes ve Villa Giusti M\u00fctarekelerinden hafif oldu\u011fu d\u00fc\u015f\u00fcn\u00fclebilir. Bununla birlikte di\u011fer m\u00fctarekelerde hafif veya a\u011f\u0131r olmakla beraber hemen t\u00fcm maddeler a\u00e7\u0131k ve net olarak tespit edilmi\u015ftir. Mondros M\u00fctarekesi\u2019nde ise \u00f6zellikle 7. madde ve 24. madde zaman i\u00e7inde tamamen \u0130til\u00e2f Devletleri\u2019nin yorumuna a\u00e7\u0131k, tehlikeli bir vaziyette kalm\u0131\u015ft\u0131r. Nitekim Mondros M\u00fctarekesi\u2019nin imzas\u0131ndan hemen sonra ba\u015flayan i\u015fgaller 7. madde i\u015faret edilerek ger\u00e7ekle\u015ftirilmi\u015ftir.<\/p>\n","protected":false},"excerpt":{"rendered":"<p>Birinci D\u00fcnya Sava\u015f\u0131 d\u00f6rt y\u0131l s\u00fcrm\u00fc\u015f, Balkanlarda ba\u015flayan sava\u015f yine Balkanlarda bitmi\u015f, Bulgaristan\u2019\u0131n m\u00fctareke imzalamas\u0131 zincirleme m\u00fcnferit m\u00fctarekelerin ortaya \u00e7\u0131kmas\u0131n\u0131 tetiklemi\u015ftir. Sel\u00e2nik M\u00fctarekesi\u2019yle Bulgaristan\u2019\u0131n sava\u015f d\u0131\u015f\u0131<span class=\"excerpt-hellip\"> [\u2026]<\/span><\/p>\n","protected":false},"featured_media":0,"template":"","meta":{"_monsterinsights_skip_tracking":false,"_monsterinsights_sitenote_active":false,"_monsterinsights_sitenote_note":"","_monsterinsights_sitenote_category":0},"product_brand":[],"product_cat":[12304,14128],"product_tag":[],"class_list":{"0":"post-721619","1":"product","2":"type-product","3":"status-publish","5":"product_cat-tarih","6":"product_cat-yakin-tarih","7":"pa_cilt-ciltsiz","8":"pa_tur-kitap","9":"pa_yayinevi-otuken-nesriyat","10":"pa_yazar-kolektif","12":"first","13":"instock","14":"sale","15":"shipping-taxable","16":"purchasable","17":"product-type-simple"},"_links":{"self":[{"href":"https:\/\/roveyayinevi.com.tr\/index.php\/wp-json\/wp\/v2\/product\/721619","targetHints":{"allow":["GET"]}}],"collection":[{"href":"https:\/\/roveyayinevi.com.tr\/index.php\/wp-json\/wp\/v2\/product"}],"about":[{"href":"https:\/\/roveyayinevi.com.tr\/index.php\/wp-json\/wp\/v2\/types\/product"}],"wp:attachment":[{"href":"https:\/\/roveyayinevi.com.tr\/index.php\/wp-json\/wp\/v2\/media?parent=721619"}],"wp:term":[{"taxonomy":"product_brand","embeddable":true,"href":"https:\/\/roveyayinevi.com.tr\/index.php\/wp-json\/wp\/v2\/product_brand?post=721619"},{"taxonomy":"product_cat","embeddable":true,"href":"https:\/\/roveyayinevi.com.tr\/index.php\/wp-json\/wp\/v2\/product_cat?post=721619"},{"taxonomy":"product_tag","embeddable":true,"href":"https:\/\/roveyayinevi.com.tr\/index.php\/wp-json\/wp\/v2\/product_tag?post=721619"}],"curies":[{"name":"wp","href":"https:\/\/api.w.org\/{rel}","templated":true}]}}