{"id":721611,"date":"2025-08-27T18:52:31","date_gmt":"2025-08-27T15:52:31","guid":{"rendered":"https:\/\/roveyayinevi.com.tr\/index.php\/urun\/gelibolu-muharebeleri-1915\/"},"modified":"2026-04-16T02:29:26","modified_gmt":"2026-04-15T23:29:26","slug":"gelibolu-muharebeleri-1915","status":"publish","type":"product","link":"https:\/\/roveyayinevi.com.tr\/index.php\/urun\/gelibolu-muharebeleri-1915\/","title":{"rendered":"Gelibolu Muharebeleri 1915"},"content":{"rendered":"<p>1915&#8217;te \u00c7anakkale Bo\u011faz\u0131&#8217;ndan ge\u00e7erek \u0130stanbul&#8217;u i\u015fgal etmek isteyen \u0130tilaf Devletleri&#8217;ne kar\u015f\u0131, sekiz aydan daha fazla s\u00fcren ve \u00e7ok a\u011f\u0131r ko\u015fullarda cereyan eden Gelibolu Yar\u0131madas\u0131&#8217;ndaki sava\u015f\u0131, \u00e7ok az Alman bilir.B\u00fcy\u00fck T\u00fcrk Ordusu i\u00e7erisine da\u011f\u0131lm\u0131\u015f yakla\u015f\u0131k 500 Alman, parlak ve yak\u0131c\u0131 g\u00fcne\u015f alt\u0131nda, \u00fclkesinden uzaklarda, yetersiz cephaneyle, g\u00fc\u00e7l\u00fc \u0130ngiliz ve Frans\u0131z \u00e7\u0131karma kuvvetlerine kar\u015f\u0131, s\u00fcrekli gemi bombard\u0131man\u0131 alt\u0131nda, Alman ad\u0131n\u0131n \u015ferefine ve takdirine uygun bir \u015fekilde \u00e7arp\u0131\u015ft\u0131lar!1915&#8217;te ba\u015flayan Alman Askeri Misyonlu\u011fu \u00fczerinden yakla\u015f\u0131k 12 y\u0131l ge\u00e7tikten sonra, 500 Alman arkada\u015f\u0131n her birinin, cesurca ve sil\u00e2hlar\u0131na sar\u0131lm\u0131\u015f olarak, T\u00fcrk-Alman \u0130ttifak Atla\u015fmas\u0131 \u00e7er\u00e7evesinde sava\u015fmas\u0131, tek kelimeyle, d\u00fcnya tarihinde ems\u00e2li g\u00f6r\u00fclmeyen bir olayd\u0131. Bu olaylar\u0131 yaln\u0131z, bizzat ya\u015fayanlar ile tarihi ara\u015ft\u0131rmac\u0131lar ve halk\u0131n i\u00e7erisinde sevilen yazarlar a\u00e7\u0131kl\u0131\u011fa kavu\u015fturabilirler.  Bunun yolu da, Alman kalbine do\u011fru inerek onu bulmakt\u0131r.<\/p>\n","protected":false},"excerpt":{"rendered":"<p>1915&#8217;te \u00c7anakkale Bo\u011faz\u0131&#8217;ndan ge\u00e7erek \u0130stanbul&#8217;u i\u015fgal etmek isteyen \u0130tilaf Devletleri&#8217;ne kar\u015f\u0131, sekiz aydan daha fazla s\u00fcren ve \u00e7ok a\u011f\u0131r ko\u015fullarda cereyan eden Gelibolu Yar\u0131madas\u0131&#8217;ndaki sava\u015f\u0131, \u00e7ok<span class=\"excerpt-hellip\"> [\u2026]<\/span><\/p>\n","protected":false},"featured_media":0,"template":"","meta":{"_monsterinsights_skip_tracking":false,"_monsterinsights_sitenote_active":false,"_monsterinsights_sitenote_note":"","_monsterinsights_sitenote_category":0},"product_brand":[],"product_cat":[12312,12304],"product_tag":[],"class_list":{"0":"post-721611","1":"product","2":"type-product","3":"status-publish","5":"product_cat-diger","6":"product_cat-tarih","7":"pa_cilt-ciltsiz","8":"pa_tur-kitap","9":"pa_yayinevi-berikan-yayinlari","10":"pa_yazar-mehmet-serez","12":"first","13":"instock","14":"sale","15":"shipping-taxable","16":"purchasable","17":"product-type-simple"},"_links":{"self":[{"href":"https:\/\/roveyayinevi.com.tr\/index.php\/wp-json\/wp\/v2\/product\/721611","targetHints":{"allow":["GET"]}}],"collection":[{"href":"https:\/\/roveyayinevi.com.tr\/index.php\/wp-json\/wp\/v2\/product"}],"about":[{"href":"https:\/\/roveyayinevi.com.tr\/index.php\/wp-json\/wp\/v2\/types\/product"}],"wp:attachment":[{"href":"https:\/\/roveyayinevi.com.tr\/index.php\/wp-json\/wp\/v2\/media?parent=721611"}],"wp:term":[{"taxonomy":"product_brand","embeddable":true,"href":"https:\/\/roveyayinevi.com.tr\/index.php\/wp-json\/wp\/v2\/product_brand?post=721611"},{"taxonomy":"product_cat","embeddable":true,"href":"https:\/\/roveyayinevi.com.tr\/index.php\/wp-json\/wp\/v2\/product_cat?post=721611"},{"taxonomy":"product_tag","embeddable":true,"href":"https:\/\/roveyayinevi.com.tr\/index.php\/wp-json\/wp\/v2\/product_tag?post=721611"}],"curies":[{"name":"wp","href":"https:\/\/api.w.org\/{rel}","templated":true}]}}